{"id":1111,"date":"2015-10-26T21:31:18","date_gmt":"2015-10-26T19:31:18","guid":{"rendered":"http:\/\/jf-landkreis-vulkaneifel.de\/?page_id=1111"},"modified":"2015-10-26T21:44:31","modified_gmt":"2015-10-26T19:44:31","slug":"jugendflamme-stufe-3-neroth-24-10-2015","status":"publish","type":"page","link":"https:\/\/jf-landkreis-vulkaneifel.de\/?page_id=1111","title":{"rendered":"Jugendflamme Stufe 3 &#8211; Neroth 24.10.2015"},"content":{"rendered":"<p>Abnahme der Jugendflamme Stufe 3 am 24.10.2015 in Neroth. Mit dabei die Jugendfeuerwehren Neroth und Bongard-Bodenbach.<\/p>\n<p><a href=\"https:\/\/jf-landkreis-vulkaneifel.de\/?p=1115\">[hier geht&#8217;s zum Bericht]<\/a><\/p>\n<div id=\"attachment_1080\" style=\"width: 560px\" class=\"wp-caption alignnone\"><a href=\"https:\/\/jf-landkreis-vulkaneifel.de\/wp-content\/uploads\/2015\/10\/DSCF7469.jpg\"><img loading=\"lazy\" decoding=\"async\" aria-describedby=\"caption-attachment-1080\" class=\"size-thumbnail wp-image-1080\" src=\"https:\/\/jf-landkreis-vulkaneifel.de\/wp-content\/uploads\/2015\/10\/DSCF7469-550x367.jpg\" alt=\"Ansprache von Harald Schmitz zur Jugendflamme Stufe 3\" width=\"550\" height=\"367\" srcset=\"https:\/\/jf-landkreis-vulkaneifel.de\/wp-content\/uploads\/2015\/10\/DSCF7469-550x367.jpg 550w, https:\/\/jf-landkreis-vulkaneifel.de\/wp-content\/uploads\/2015\/10\/DSCF7469.jpg 1024w, https:\/\/jf-landkreis-vulkaneifel.de\/wp-content\/uploads\/2015\/10\/DSCF7469-624x416.jpg 624w\" sizes=\"auto, (max-width: 550px) 100vw, 550px\" \/><\/a><p id=\"caption-attachment-1080\" class=\"wp-caption-text\">Ansprache von Harald Schmitz zur Jugendflamme Stufe 3<\/p><\/div>\n<div id=\"attachment_1081\" style=\"width: 560px\" class=\"wp-caption alignnone\"><a href=\"https:\/\/jf-landkreis-vulkaneifel.de\/wp-content\/uploads\/2015\/10\/DSCF7472.jpg\"><img loading=\"lazy\" decoding=\"async\" aria-describedby=\"caption-attachment-1081\" class=\"size-thumbnail wp-image-1081\" src=\"https:\/\/jf-landkreis-vulkaneifel.de\/wp-content\/uploads\/2015\/10\/DSCF7472-550x367.jpg\" alt=\"L\u00f6schgruppe mit Gruppenf\u00fchrer\" width=\"550\" height=\"367\" srcset=\"https:\/\/jf-landkreis-vulkaneifel.de\/wp-content\/uploads\/2015\/10\/DSCF7472-550x367.jpg 550w, https:\/\/jf-landkreis-vulkaneifel.de\/wp-content\/uploads\/2015\/10\/DSCF7472.jpg 1024w, https:\/\/jf-landkreis-vulkaneifel.de\/wp-content\/uploads\/2015\/10\/DSCF7472-624x416.jpg 624w\" sizes=\"auto, (max-width: 550px) 100vw, 550px\" \/><\/a><p id=\"caption-attachment-1081\" class=\"wp-caption-text\">L\u00f6schgruppe mit Gruppenf\u00fchrer<\/p><\/div>\n<div id=\"attachment_1083\" style=\"width: 560px\" class=\"wp-caption alignnone\"><a href=\"https:\/\/jf-landkreis-vulkaneifel.de\/wp-content\/uploads\/2015\/10\/DSCF7477.jpg\"><img loading=\"lazy\" decoding=\"async\" aria-describedby=\"caption-attachment-1083\" class=\"size-thumbnail wp-image-1083\" src=\"https:\/\/jf-landkreis-vulkaneifel.de\/wp-content\/uploads\/2015\/10\/DSCF7477-550x367.jpg\" alt=\"TS8\/8 und Maschinist\" width=\"550\" height=\"367\" srcset=\"https:\/\/jf-landkreis-vulkaneifel.de\/wp-content\/uploads\/2015\/10\/DSCF7477-550x367.jpg 550w, https:\/\/jf-landkreis-vulkaneifel.de\/wp-content\/uploads\/2015\/10\/DSCF7477.jpg 1024w, https:\/\/jf-landkreis-vulkaneifel.de\/wp-content\/uploads\/2015\/10\/DSCF7477-624x416.jpg 624w\" sizes=\"auto, (max-width: 550px) 100vw, 550px\" \/><\/a><p id=\"caption-attachment-1083\" class=\"wp-caption-text\">TS8\/8 und Maschinist<\/p><\/div>\n<div id=\"attachment_1082\" style=\"width: 560px\" class=\"wp-caption alignnone\"><a href=\"https:\/\/jf-landkreis-vulkaneifel.de\/wp-content\/uploads\/2015\/10\/DSCF7473.jpg\"><img loading=\"lazy\" decoding=\"async\" aria-describedby=\"caption-attachment-1082\" class=\"size-thumbnail wp-image-1082\" src=\"https:\/\/jf-landkreis-vulkaneifel.de\/wp-content\/uploads\/2015\/10\/DSCF7473-550x367.jpg\" alt=\"Aufbau der Wasserversorgung\" width=\"550\" height=\"367\" srcset=\"https:\/\/jf-landkreis-vulkaneifel.de\/wp-content\/uploads\/2015\/10\/DSCF7473-550x367.jpg 550w, https:\/\/jf-landkreis-vulkaneifel.de\/wp-content\/uploads\/2015\/10\/DSCF7473.jpg 1024w, https:\/\/jf-landkreis-vulkaneifel.de\/wp-content\/uploads\/2015\/10\/DSCF7473-624x416.jpg 624w\" sizes=\"auto, (max-width: 550px) 100vw, 550px\" \/><\/a><p id=\"caption-attachment-1082\" class=\"wp-caption-text\">Aufbau der Wasserversorgung<\/p><\/div>\n<div id=\"attachment_1084\" style=\"width: 560px\" class=\"wp-caption alignnone\"><a href=\"https:\/\/jf-landkreis-vulkaneifel.de\/wp-content\/uploads\/2015\/10\/DSCF7478.jpg\"><img loading=\"lazy\" decoding=\"async\" aria-describedby=\"caption-attachment-1084\" class=\"size-thumbnail wp-image-1084\" src=\"https:\/\/jf-landkreis-vulkaneifel.de\/wp-content\/uploads\/2015\/10\/DSCF7478-550x367.jpg\" alt=\"TS8\/8 und Maschinist\" width=\"550\" height=\"367\" srcset=\"https:\/\/jf-landkreis-vulkaneifel.de\/wp-content\/uploads\/2015\/10\/DSCF7478-550x367.jpg 550w, https:\/\/jf-landkreis-vulkaneifel.de\/wp-content\/uploads\/2015\/10\/DSCF7478.jpg 1024w, https:\/\/jf-landkreis-vulkaneifel.de\/wp-content\/uploads\/2015\/10\/DSCF7478-624x416.jpg 624w\" sizes=\"auto, (max-width: 550px) 100vw, 550px\" \/><\/a><p id=\"caption-attachment-1084\" class=\"wp-caption-text\">TS8\/8 und Maschinist<\/p><\/div>\n<div id=\"attachment_1085\" style=\"width: 560px\" class=\"wp-caption alignnone\"><a href=\"https:\/\/jf-landkreis-vulkaneifel.de\/wp-content\/uploads\/2015\/10\/DSCF7480.jpg\"><img loading=\"lazy\" decoding=\"async\" aria-describedby=\"caption-attachment-1085\" class=\"size-thumbnail wp-image-1085\" src=\"https:\/\/jf-landkreis-vulkaneifel.de\/wp-content\/uploads\/2015\/10\/DSCF7480-550x367.jpg\" alt=\"TS8\/8 und Maschinist\" width=\"550\" height=\"367\" srcset=\"https:\/\/jf-landkreis-vulkaneifel.de\/wp-content\/uploads\/2015\/10\/DSCF7480-550x367.jpg 550w, https:\/\/jf-landkreis-vulkaneifel.de\/wp-content\/uploads\/2015\/10\/DSCF7480.jpg 1024w, https:\/\/jf-landkreis-vulkaneifel.de\/wp-content\/uploads\/2015\/10\/DSCF7480-624x416.jpg 624w\" sizes=\"auto, (max-width: 550px) 100vw, 550px\" \/><\/a><p id=\"caption-attachment-1085\" class=\"wp-caption-text\">TS8\/8 und Maschinist<\/p><\/div>\n<div id=\"attachment_1092\" style=\"width: 560px\" class=\"wp-caption alignnone\"><a href=\"https:\/\/jf-landkreis-vulkaneifel.de\/wp-content\/uploads\/2015\/10\/DSCF7505.jpg\"><img loading=\"lazy\" decoding=\"async\" aria-describedby=\"caption-attachment-1092\" class=\"size-thumbnail wp-image-1092\" src=\"https:\/\/jf-landkreis-vulkaneifel.de\/wp-content\/uploads\/2015\/10\/DSCF7505-550x367.jpg\" alt=\"Wasserentnahme Unterflurhydrant\" width=\"550\" height=\"367\" srcset=\"https:\/\/jf-landkreis-vulkaneifel.de\/wp-content\/uploads\/2015\/10\/DSCF7505-550x367.jpg 550w, https:\/\/jf-landkreis-vulkaneifel.de\/wp-content\/uploads\/2015\/10\/DSCF7505.jpg 1024w, https:\/\/jf-landkreis-vulkaneifel.de\/wp-content\/uploads\/2015\/10\/DSCF7505-624x416.jpg 624w\" sizes=\"auto, (max-width: 550px) 100vw, 550px\" \/><\/a><p id=\"caption-attachment-1092\" class=\"wp-caption-text\">Wasserentnahme Unterflurhydrant<\/p><\/div>\n<div id=\"attachment_1091\" style=\"width: 560px\" class=\"wp-caption alignnone\"><a href=\"https:\/\/jf-landkreis-vulkaneifel.de\/wp-content\/uploads\/2015\/10\/DSCF7501.jpg\"><img loading=\"lazy\" decoding=\"async\" aria-describedby=\"caption-attachment-1091\" class=\"size-thumbnail wp-image-1091\" src=\"https:\/\/jf-landkreis-vulkaneifel.de\/wp-content\/uploads\/2015\/10\/DSCF7501-550x367.jpg\" alt=\"Schlauchwickeln\" width=\"550\" height=\"367\" srcset=\"https:\/\/jf-landkreis-vulkaneifel.de\/wp-content\/uploads\/2015\/10\/DSCF7501-550x367.jpg 550w, https:\/\/jf-landkreis-vulkaneifel.de\/wp-content\/uploads\/2015\/10\/DSCF7501.jpg 1024w, https:\/\/jf-landkreis-vulkaneifel.de\/wp-content\/uploads\/2015\/10\/DSCF7501-624x416.jpg 624w\" sizes=\"auto, (max-width: 550px) 100vw, 550px\" \/><\/a><p id=\"caption-attachment-1091\" class=\"wp-caption-text\">Schlauchwickeln<\/p><\/div>\n<div id=\"attachment_1090\" style=\"width: 560px\" class=\"wp-caption alignnone\"><a href=\"https:\/\/jf-landkreis-vulkaneifel.de\/wp-content\/uploads\/2015\/10\/DSCF7500.jpg\"><img loading=\"lazy\" decoding=\"async\" aria-describedby=\"caption-attachment-1090\" class=\"size-thumbnail wp-image-1090\" src=\"https:\/\/jf-landkreis-vulkaneifel.de\/wp-content\/uploads\/2015\/10\/DSCF7500-550x367.jpg\" alt=\"Beratung der Wertungsrichter\" width=\"550\" height=\"367\" srcset=\"https:\/\/jf-landkreis-vulkaneifel.de\/wp-content\/uploads\/2015\/10\/DSCF7500-550x367.jpg 550w, https:\/\/jf-landkreis-vulkaneifel.de\/wp-content\/uploads\/2015\/10\/DSCF7500.jpg 1024w, https:\/\/jf-landkreis-vulkaneifel.de\/wp-content\/uploads\/2015\/10\/DSCF7500-624x416.jpg 624w\" sizes=\"auto, (max-width: 550px) 100vw, 550px\" \/><\/a><p id=\"caption-attachment-1090\" class=\"wp-caption-text\">Beratung der Wertungsrichter<\/p><\/div>\n<div id=\"attachment_1089\" style=\"width: 560px\" class=\"wp-caption alignnone\"><a href=\"https:\/\/jf-landkreis-vulkaneifel.de\/wp-content\/uploads\/2015\/10\/DSCF7493.jpg\"><img loading=\"lazy\" decoding=\"async\" aria-describedby=\"caption-attachment-1089\" class=\"size-thumbnail wp-image-1089\" src=\"https:\/\/jf-landkreis-vulkaneifel.de\/wp-content\/uploads\/2015\/10\/DSCF7493-550x367.jpg\" alt=\"Verteiler\" width=\"550\" height=\"367\" srcset=\"https:\/\/jf-landkreis-vulkaneifel.de\/wp-content\/uploads\/2015\/10\/DSCF7493-550x367.jpg 550w, https:\/\/jf-landkreis-vulkaneifel.de\/wp-content\/uploads\/2015\/10\/DSCF7493.jpg 1024w, https:\/\/jf-landkreis-vulkaneifel.de\/wp-content\/uploads\/2015\/10\/DSCF7493-624x416.jpg 624w\" sizes=\"auto, (max-width: 550px) 100vw, 550px\" \/><\/a><p id=\"caption-attachment-1089\" class=\"wp-caption-text\">Verteiler<\/p><\/div>\n<div id=\"attachment_1088\" style=\"width: 560px\" class=\"wp-caption alignnone\"><a href=\"https:\/\/jf-landkreis-vulkaneifel.de\/wp-content\/uploads\/2015\/10\/DSCF7490.jpg\"><img loading=\"lazy\" decoding=\"async\" aria-describedby=\"caption-attachment-1088\" class=\"size-thumbnail wp-image-1088\" src=\"https:\/\/jf-landkreis-vulkaneifel.de\/wp-content\/uploads\/2015\/10\/DSCF7490-550x367.jpg\" alt=\"Abmeldung der Gruppe beim Wertunugsrichter\" width=\"550\" height=\"367\" srcset=\"https:\/\/jf-landkreis-vulkaneifel.de\/wp-content\/uploads\/2015\/10\/DSCF7490-550x367.jpg 550w, https:\/\/jf-landkreis-vulkaneifel.de\/wp-content\/uploads\/2015\/10\/DSCF7490.jpg 1024w, https:\/\/jf-landkreis-vulkaneifel.de\/wp-content\/uploads\/2015\/10\/DSCF7490-624x416.jpg 624w\" sizes=\"auto, (max-width: 550px) 100vw, 550px\" \/><\/a><p id=\"caption-attachment-1088\" class=\"wp-caption-text\">Abmeldung der Gruppe beim Wertungsrichter<\/p><\/div>\n<div id=\"attachment_1087\" style=\"width: 560px\" class=\"wp-caption alignnone\"><a href=\"https:\/\/jf-landkreis-vulkaneifel.de\/wp-content\/uploads\/2015\/10\/DSCF7486.jpg\"><img loading=\"lazy\" decoding=\"async\" aria-describedby=\"caption-attachment-1087\" class=\"size-thumbnail wp-image-1087\" src=\"https:\/\/jf-landkreis-vulkaneifel.de\/wp-content\/uploads\/2015\/10\/DSCF7486-550x367.jpg\" alt=\"Angriffstrupp\" width=\"550\" height=\"367\" srcset=\"https:\/\/jf-landkreis-vulkaneifel.de\/wp-content\/uploads\/2015\/10\/DSCF7486-550x367.jpg 550w, https:\/\/jf-landkreis-vulkaneifel.de\/wp-content\/uploads\/2015\/10\/DSCF7486.jpg 1024w, https:\/\/jf-landkreis-vulkaneifel.de\/wp-content\/uploads\/2015\/10\/DSCF7486-624x416.jpg 624w\" sizes=\"auto, (max-width: 550px) 100vw, 550px\" \/><\/a><p id=\"caption-attachment-1087\" class=\"wp-caption-text\">Angriffstrupp<\/p><\/div>\n<div id=\"attachment_1086\" style=\"width: 560px\" class=\"wp-caption alignnone\"><a href=\"https:\/\/jf-landkreis-vulkaneifel.de\/wp-content\/uploads\/2015\/10\/DSCF7485.jpg\"><img loading=\"lazy\" decoding=\"async\" aria-describedby=\"caption-attachment-1086\" class=\"size-thumbnail wp-image-1086\" src=\"https:\/\/jf-landkreis-vulkaneifel.de\/wp-content\/uploads\/2015\/10\/DSCF7485-550x367.jpg\" alt=\"Angriffstrupp\" width=\"550\" height=\"367\" srcset=\"https:\/\/jf-landkreis-vulkaneifel.de\/wp-content\/uploads\/2015\/10\/DSCF7485-550x367.jpg 550w, https:\/\/jf-landkreis-vulkaneifel.de\/wp-content\/uploads\/2015\/10\/DSCF7485.jpg 1024w, https:\/\/jf-landkreis-vulkaneifel.de\/wp-content\/uploads\/2015\/10\/DSCF7485-624x416.jpg 624w\" sizes=\"auto, (max-width: 550px) 100vw, 550px\" \/><\/a><p id=\"caption-attachment-1086\" class=\"wp-caption-text\">Angriffstrupp<\/p><\/div>\n<div id=\"attachment_1101\" style=\"width: 560px\" class=\"wp-caption alignnone\"><a href=\"https:\/\/jf-landkreis-vulkaneifel.de\/wp-content\/uploads\/2015\/10\/DSCF7546.jpg\"><img loading=\"lazy\" decoding=\"async\" aria-describedby=\"caption-attachment-1101\" class=\"size-thumbnail wp-image-1101\" src=\"https:\/\/jf-landkreis-vulkaneifel.de\/wp-content\/uploads\/2015\/10\/DSCF7546-550x367.jpg\" alt=\"Harald erkl\u00e4rt die Welt\" width=\"550\" height=\"367\" srcset=\"https:\/\/jf-landkreis-vulkaneifel.de\/wp-content\/uploads\/2015\/10\/DSCF7546-550x367.jpg 550w, https:\/\/jf-landkreis-vulkaneifel.de\/wp-content\/uploads\/2015\/10\/DSCF7546.jpg 1024w, https:\/\/jf-landkreis-vulkaneifel.de\/wp-content\/uploads\/2015\/10\/DSCF7546-624x416.jpg 624w\" sizes=\"auto, (max-width: 550px) 100vw, 550px\" \/><\/a><p id=\"caption-attachment-1101\" class=\"wp-caption-text\">Harald erkl\u00e4rt die Welt<\/p><\/div>\n<div id=\"attachment_1100\" style=\"width: 560px\" class=\"wp-caption alignnone\"><a href=\"https:\/\/jf-landkreis-vulkaneifel.de\/wp-content\/uploads\/2015\/10\/DSCF7534.jpg\"><img loading=\"lazy\" decoding=\"async\" aria-describedby=\"caption-attachment-1100\" class=\"size-thumbnail wp-image-1100\" src=\"https:\/\/jf-landkreis-vulkaneifel.de\/wp-content\/uploads\/2015\/10\/DSCF7534-550x367.jpg\" alt=\"Angriffstrupp und Wassertrupp\" width=\"550\" height=\"367\" srcset=\"https:\/\/jf-landkreis-vulkaneifel.de\/wp-content\/uploads\/2015\/10\/DSCF7534-550x367.jpg 550w, https:\/\/jf-landkreis-vulkaneifel.de\/wp-content\/uploads\/2015\/10\/DSCF7534.jpg 1024w, https:\/\/jf-landkreis-vulkaneifel.de\/wp-content\/uploads\/2015\/10\/DSCF7534-624x416.jpg 624w\" sizes=\"auto, (max-width: 550px) 100vw, 550px\" \/><\/a><p id=\"caption-attachment-1100\" class=\"wp-caption-text\">Angriffstrupp und Wassertrupp<\/p><\/div>\n<div id=\"attachment_1099\" style=\"width: 560px\" class=\"wp-caption alignnone\"><a href=\"https:\/\/jf-landkreis-vulkaneifel.de\/wp-content\/uploads\/2015\/10\/DSCF7527.jpg\"><img loading=\"lazy\" decoding=\"async\" aria-describedby=\"caption-attachment-1099\" class=\"size-thumbnail wp-image-1099\" src=\"https:\/\/jf-landkreis-vulkaneifel.de\/wp-content\/uploads\/2015\/10\/DSCF7527-550x367.jpg\" alt=\"Wasserversorgung \u00fcber Graben\" width=\"550\" height=\"367\" srcset=\"https:\/\/jf-landkreis-vulkaneifel.de\/wp-content\/uploads\/2015\/10\/DSCF7527-550x367.jpg 550w, https:\/\/jf-landkreis-vulkaneifel.de\/wp-content\/uploads\/2015\/10\/DSCF7527.jpg 1024w, https:\/\/jf-landkreis-vulkaneifel.de\/wp-content\/uploads\/2015\/10\/DSCF7527-624x416.jpg 624w\" sizes=\"auto, (max-width: 550px) 100vw, 550px\" \/><\/a><p id=\"caption-attachment-1099\" class=\"wp-caption-text\">Wasserversorgung \u00fcber Graben<\/p><\/div>\n<div id=\"attachment_1098\" style=\"width: 560px\" class=\"wp-caption alignnone\"><a href=\"https:\/\/jf-landkreis-vulkaneifel.de\/wp-content\/uploads\/2015\/10\/DSCF7526.jpg\"><img loading=\"lazy\" decoding=\"async\" aria-describedby=\"caption-attachment-1098\" class=\"size-thumbnail wp-image-1098\" src=\"https:\/\/jf-landkreis-vulkaneifel.de\/wp-content\/uploads\/2015\/10\/DSCF7526-550x367.jpg\" alt=\"Sicherung der Schlauchleitung an der Steckleiter\" width=\"550\" height=\"367\" srcset=\"https:\/\/jf-landkreis-vulkaneifel.de\/wp-content\/uploads\/2015\/10\/DSCF7526-550x367.jpg 550w, https:\/\/jf-landkreis-vulkaneifel.de\/wp-content\/uploads\/2015\/10\/DSCF7526.jpg 1024w, https:\/\/jf-landkreis-vulkaneifel.de\/wp-content\/uploads\/2015\/10\/DSCF7526-624x416.jpg 624w\" sizes=\"auto, (max-width: 550px) 100vw, 550px\" \/><\/a><p id=\"caption-attachment-1098\" class=\"wp-caption-text\">Sicherung der Schlauchleitung an der Steckleiter<\/p><\/div>\n<div id=\"attachment_1097\" style=\"width: 560px\" class=\"wp-caption alignnone\"><a href=\"https:\/\/jf-landkreis-vulkaneifel.de\/wp-content\/uploads\/2015\/10\/DSCF7525.jpg\"><img loading=\"lazy\" decoding=\"async\" aria-describedby=\"caption-attachment-1097\" class=\"size-thumbnail wp-image-1097\" src=\"https:\/\/jf-landkreis-vulkaneifel.de\/wp-content\/uploads\/2015\/10\/DSCF7525-550x367.jpg\" alt=\"Sicherung der Schlauchleitung an der Steckleiter\" width=\"550\" height=\"367\" srcset=\"https:\/\/jf-landkreis-vulkaneifel.de\/wp-content\/uploads\/2015\/10\/DSCF7525-550x367.jpg 550w, https:\/\/jf-landkreis-vulkaneifel.de\/wp-content\/uploads\/2015\/10\/DSCF7525.jpg 1024w, https:\/\/jf-landkreis-vulkaneifel.de\/wp-content\/uploads\/2015\/10\/DSCF7525-624x416.jpg 624w\" sizes=\"auto, (max-width: 550px) 100vw, 550px\" \/><\/a><p id=\"caption-attachment-1097\" class=\"wp-caption-text\">Sicherung der Schlauchleitung an der Steckleiter<\/p><\/div>\n<div id=\"attachment_1096\" style=\"width: 560px\" class=\"wp-caption alignnone\"><a href=\"https:\/\/jf-landkreis-vulkaneifel.de\/wp-content\/uploads\/2015\/10\/DSCF7524.jpg\"><img loading=\"lazy\" decoding=\"async\" aria-describedby=\"caption-attachment-1096\" class=\"size-thumbnail wp-image-1096\" src=\"https:\/\/jf-landkreis-vulkaneifel.de\/wp-content\/uploads\/2015\/10\/DSCF7524-550x367.jpg\" alt=\"Wasserversorgung Unterflurhydrant\" width=\"550\" height=\"367\" srcset=\"https:\/\/jf-landkreis-vulkaneifel.de\/wp-content\/uploads\/2015\/10\/DSCF7524-550x367.jpg 550w, https:\/\/jf-landkreis-vulkaneifel.de\/wp-content\/uploads\/2015\/10\/DSCF7524.jpg 1024w, https:\/\/jf-landkreis-vulkaneifel.de\/wp-content\/uploads\/2015\/10\/DSCF7524-624x416.jpg 624w\" sizes=\"auto, (max-width: 550px) 100vw, 550px\" \/><\/a><p id=\"caption-attachment-1096\" class=\"wp-caption-text\">Wasserversorgung Unterflurhydrant<\/p><\/div>\n<div id=\"attachment_1095\" style=\"width: 560px\" class=\"wp-caption alignnone\"><a href=\"https:\/\/jf-landkreis-vulkaneifel.de\/wp-content\/uploads\/2015\/10\/DSCF7514.jpg\"><img loading=\"lazy\" decoding=\"async\" aria-describedby=\"caption-attachment-1095\" class=\"size-thumbnail wp-image-1095\" src=\"https:\/\/jf-landkreis-vulkaneifel.de\/wp-content\/uploads\/2015\/10\/DSCF7514-550x367.jpg\" alt=\"Leitertransport\" width=\"550\" height=\"367\" srcset=\"https:\/\/jf-landkreis-vulkaneifel.de\/wp-content\/uploads\/2015\/10\/DSCF7514-550x367.jpg 550w, https:\/\/jf-landkreis-vulkaneifel.de\/wp-content\/uploads\/2015\/10\/DSCF7514.jpg 1024w, https:\/\/jf-landkreis-vulkaneifel.de\/wp-content\/uploads\/2015\/10\/DSCF7514-624x416.jpg 624w\" sizes=\"auto, (max-width: 550px) 100vw, 550px\" \/><\/a><p id=\"caption-attachment-1095\" class=\"wp-caption-text\">Leitertransport<\/p><\/div>\n<div id=\"attachment_1094\" style=\"width: 560px\" class=\"wp-caption alignnone\"><a href=\"https:\/\/jf-landkreis-vulkaneifel.de\/wp-content\/uploads\/2015\/10\/DSCF7509.jpg\"><img loading=\"lazy\" decoding=\"async\" aria-describedby=\"caption-attachment-1094\" class=\"size-thumbnail wp-image-1094\" src=\"https:\/\/jf-landkreis-vulkaneifel.de\/wp-content\/uploads\/2015\/10\/DSCF7509-550x367.jpg\" alt=\"L\u00f6schgruppe mit Gruppenf\u00fchrer\" width=\"550\" height=\"367\" srcset=\"https:\/\/jf-landkreis-vulkaneifel.de\/wp-content\/uploads\/2015\/10\/DSCF7509-550x367.jpg 550w, https:\/\/jf-landkreis-vulkaneifel.de\/wp-content\/uploads\/2015\/10\/DSCF7509.jpg 1024w, https:\/\/jf-landkreis-vulkaneifel.de\/wp-content\/uploads\/2015\/10\/DSCF7509-624x416.jpg 624w\" sizes=\"auto, (max-width: 550px) 100vw, 550px\" \/><\/a><p id=\"caption-attachment-1094\" class=\"wp-caption-text\">L\u00f6schgruppe mit Gruppenf\u00fchrer<\/p><\/div>\n<div id=\"attachment_1093\" style=\"width: 560px\" class=\"wp-caption alignnone\"><a href=\"https:\/\/jf-landkreis-vulkaneifel.de\/wp-content\/uploads\/2015\/10\/DSCF7506.jpg\"><img loading=\"lazy\" decoding=\"async\" aria-describedby=\"caption-attachment-1093\" class=\"size-thumbnail wp-image-1093\" src=\"https:\/\/jf-landkreis-vulkaneifel.de\/wp-content\/uploads\/2015\/10\/DSCF7506-550x367.jpg\" alt=\"Anmeldung der Gruppe beim Wertungsrichter\" width=\"550\" height=\"367\" srcset=\"https:\/\/jf-landkreis-vulkaneifel.de\/wp-content\/uploads\/2015\/10\/DSCF7506-550x367.jpg 550w, https:\/\/jf-landkreis-vulkaneifel.de\/wp-content\/uploads\/2015\/10\/DSCF7506.jpg 1024w, https:\/\/jf-landkreis-vulkaneifel.de\/wp-content\/uploads\/2015\/10\/DSCF7506-624x416.jpg 624w\" sizes=\"auto, (max-width: 550px) 100vw, 550px\" \/><\/a><p id=\"caption-attachment-1093\" class=\"wp-caption-text\">Anmeldung der Gruppe beim Wertungsrichter<\/p><\/div>\n<div id=\"attachment_1107\" style=\"width: 560px\" class=\"wp-caption alignnone\"><a href=\"https:\/\/jf-landkreis-vulkaneifel.de\/wp-content\/uploads\/2015\/10\/DSCF7580.jpg\"><img loading=\"lazy\" decoding=\"async\" aria-describedby=\"caption-attachment-1107\" class=\"size-thumbnail wp-image-1107\" src=\"https:\/\/jf-landkreis-vulkaneifel.de\/wp-content\/uploads\/2015\/10\/DSCF7580-550x367.jpg\" alt=\"Sp\u00fclen des Standrohr bei L\u00f6schangriff\" width=\"550\" height=\"367\" srcset=\"https:\/\/jf-landkreis-vulkaneifel.de\/wp-content\/uploads\/2015\/10\/DSCF7580-550x367.jpg 550w, https:\/\/jf-landkreis-vulkaneifel.de\/wp-content\/uploads\/2015\/10\/DSCF7580.jpg 1024w, https:\/\/jf-landkreis-vulkaneifel.de\/wp-content\/uploads\/2015\/10\/DSCF7580-624x416.jpg 624w\" sizes=\"auto, (max-width: 550px) 100vw, 550px\" \/><\/a><p id=\"caption-attachment-1107\" class=\"wp-caption-text\">Sp\u00fclen des Standrohr bei L\u00f6schangriff<\/p><\/div>\n<div id=\"attachment_1106\" style=\"width: 560px\" class=\"wp-caption alignnone\"><a href=\"https:\/\/jf-landkreis-vulkaneifel.de\/wp-content\/uploads\/2015\/10\/DSCF7568.jpg\"><img loading=\"lazy\" decoding=\"async\" aria-describedby=\"caption-attachment-1106\" class=\"size-thumbnail wp-image-1106\" src=\"https:\/\/jf-landkreis-vulkaneifel.de\/wp-content\/uploads\/2015\/10\/DSCF7568-550x367.jpg\" alt=\"Schaumrohr\" width=\"550\" height=\"367\" srcset=\"https:\/\/jf-landkreis-vulkaneifel.de\/wp-content\/uploads\/2015\/10\/DSCF7568-550x367.jpg 550w, https:\/\/jf-landkreis-vulkaneifel.de\/wp-content\/uploads\/2015\/10\/DSCF7568.jpg 1024w, https:\/\/jf-landkreis-vulkaneifel.de\/wp-content\/uploads\/2015\/10\/DSCF7568-624x416.jpg 624w\" sizes=\"auto, (max-width: 550px) 100vw, 550px\" \/><\/a><p id=\"caption-attachment-1106\" class=\"wp-caption-text\">Schaumrohr<\/p><\/div>\n<div id=\"attachment_1105\" style=\"width: 560px\" class=\"wp-caption alignnone\"><a href=\"https:\/\/jf-landkreis-vulkaneifel.de\/wp-content\/uploads\/2015\/10\/DSCF7567.jpg\"><img loading=\"lazy\" decoding=\"async\" aria-describedby=\"caption-attachment-1105\" class=\"size-thumbnail wp-image-1105\" src=\"https:\/\/jf-landkreis-vulkaneifel.de\/wp-content\/uploads\/2015\/10\/DSCF7567-550x367.jpg\" alt=\"Jugendliche mit Schaumrohr\" width=\"550\" height=\"367\" srcset=\"https:\/\/jf-landkreis-vulkaneifel.de\/wp-content\/uploads\/2015\/10\/DSCF7567-550x367.jpg 550w, https:\/\/jf-landkreis-vulkaneifel.de\/wp-content\/uploads\/2015\/10\/DSCF7567.jpg 1024w, https:\/\/jf-landkreis-vulkaneifel.de\/wp-content\/uploads\/2015\/10\/DSCF7567-624x416.jpg 624w\" sizes=\"auto, (max-width: 550px) 100vw, 550px\" \/><\/a><p id=\"caption-attachment-1105\" class=\"wp-caption-text\">Jugendliche mit Schaumrohr<\/p><\/div>\n<div id=\"attachment_1104\" style=\"width: 560px\" class=\"wp-caption alignnone\"><a href=\"https:\/\/jf-landkreis-vulkaneifel.de\/wp-content\/uploads\/2015\/10\/DSCF7563.jpg\"><img loading=\"lazy\" decoding=\"async\" aria-describedby=\"caption-attachment-1104\" class=\"size-thumbnail wp-image-1104\" src=\"https:\/\/jf-landkreis-vulkaneifel.de\/wp-content\/uploads\/2015\/10\/DSCF7563-550x367.jpg\" alt=\"Jugendliche am Zumischer mit Schaummittel\" width=\"550\" height=\"367\" srcset=\"https:\/\/jf-landkreis-vulkaneifel.de\/wp-content\/uploads\/2015\/10\/DSCF7563-550x367.jpg 550w, https:\/\/jf-landkreis-vulkaneifel.de\/wp-content\/uploads\/2015\/10\/DSCF7563.jpg 1024w, https:\/\/jf-landkreis-vulkaneifel.de\/wp-content\/uploads\/2015\/10\/DSCF7563-624x416.jpg 624w\" sizes=\"auto, (max-width: 550px) 100vw, 550px\" \/><\/a><p id=\"caption-attachment-1104\" class=\"wp-caption-text\">Jugendliche am Zumischer mit Schaummittel<\/p><\/div>\n<div id=\"attachment_1103\" style=\"width: 560px\" class=\"wp-caption alignnone\"><a href=\"https:\/\/jf-landkreis-vulkaneifel.de\/wp-content\/uploads\/2015\/10\/DSCF7561.jpg\"><img loading=\"lazy\" decoding=\"async\" aria-describedby=\"caption-attachment-1103\" class=\"size-thumbnail wp-image-1103\" src=\"https:\/\/jf-landkreis-vulkaneifel.de\/wp-content\/uploads\/2015\/10\/DSCF7561-550x367.jpg\" alt=\"Sonderrohr Wasser marsch\" width=\"550\" height=\"367\" srcset=\"https:\/\/jf-landkreis-vulkaneifel.de\/wp-content\/uploads\/2015\/10\/DSCF7561-550x367.jpg 550w, https:\/\/jf-landkreis-vulkaneifel.de\/wp-content\/uploads\/2015\/10\/DSCF7561.jpg 1024w, https:\/\/jf-landkreis-vulkaneifel.de\/wp-content\/uploads\/2015\/10\/DSCF7561-624x416.jpg 624w\" sizes=\"auto, (max-width: 550px) 100vw, 550px\" \/><\/a><p id=\"caption-attachment-1103\" class=\"wp-caption-text\">Sonderrohr Wasser marsch<\/p><\/div>\n<div id=\"attachment_1102\" style=\"width: 560px\" class=\"wp-caption alignnone\"><a href=\"https:\/\/jf-landkreis-vulkaneifel.de\/wp-content\/uploads\/2015\/10\/DSCF7549.jpg\"><img loading=\"lazy\" decoding=\"async\" aria-describedby=\"caption-attachment-1102\" class=\"size-thumbnail wp-image-1102\" src=\"https:\/\/jf-landkreis-vulkaneifel.de\/wp-content\/uploads\/2015\/10\/DSCF7549-550x367.jpg\" alt=\"Aufrrollen der Schl\u00e4uche\" width=\"550\" height=\"367\" srcset=\"https:\/\/jf-landkreis-vulkaneifel.de\/wp-content\/uploads\/2015\/10\/DSCF7549-550x367.jpg 550w, https:\/\/jf-landkreis-vulkaneifel.de\/wp-content\/uploads\/2015\/10\/DSCF7549.jpg 1024w, https:\/\/jf-landkreis-vulkaneifel.de\/wp-content\/uploads\/2015\/10\/DSCF7549-624x416.jpg 624w\" sizes=\"auto, (max-width: 550px) 100vw, 550px\" \/><\/a><p id=\"caption-attachment-1102\" class=\"wp-caption-text\">Aufrrollen der Schl\u00e4uche<\/p><\/div>\n<div id=\"attachment_1108\" style=\"width: 560px\" class=\"wp-caption alignnone\"><a href=\"https:\/\/jf-landkreis-vulkaneifel.de\/wp-content\/uploads\/2015\/10\/DSCF7602.jpg\"><img loading=\"lazy\" decoding=\"async\" aria-describedby=\"caption-attachment-1108\" class=\"size-thumbnail wp-image-1108\" src=\"https:\/\/jf-landkreis-vulkaneifel.de\/wp-content\/uploads\/2015\/10\/DSCF7602-550x367.jpg\" alt=\"Ausf\u00fcllen der P\u00e4\u00dfe f\u00fcr die Jugendflamme Stufe 3\" width=\"550\" height=\"367\" srcset=\"https:\/\/jf-landkreis-vulkaneifel.de\/wp-content\/uploads\/2015\/10\/DSCF7602-550x367.jpg 550w, https:\/\/jf-landkreis-vulkaneifel.de\/wp-content\/uploads\/2015\/10\/DSCF7602.jpg 1024w, https:\/\/jf-landkreis-vulkaneifel.de\/wp-content\/uploads\/2015\/10\/DSCF7602-624x416.jpg 624w\" sizes=\"auto, (max-width: 550px) 100vw, 550px\" \/><\/a><p id=\"caption-attachment-1108\" class=\"wp-caption-text\">Ausf\u00fcllen der P\u00e4\u00dfe f\u00fcr die Jugendflamme Stufe 3<\/p><\/div>\n<div id=\"attachment_1109\" style=\"width: 560px\" class=\"wp-caption alignnone\"><a href=\"https:\/\/jf-landkreis-vulkaneifel.de\/wp-content\/uploads\/2015\/10\/DSCF7610.jpg\"><img loading=\"lazy\" decoding=\"async\" aria-describedby=\"caption-attachment-1109\" class=\"size-thumbnail wp-image-1109\" src=\"https:\/\/jf-landkreis-vulkaneifel.de\/wp-content\/uploads\/2015\/10\/DSCF7610-550x367.jpg\" alt=\"Verleihung Jugendflamme Stufe 3\" width=\"550\" height=\"367\" srcset=\"https:\/\/jf-landkreis-vulkaneifel.de\/wp-content\/uploads\/2015\/10\/DSCF7610-550x367.jpg 550w, https:\/\/jf-landkreis-vulkaneifel.de\/wp-content\/uploads\/2015\/10\/DSCF7610.jpg 1024w, https:\/\/jf-landkreis-vulkaneifel.de\/wp-content\/uploads\/2015\/10\/DSCF7610-624x416.jpg 624w\" sizes=\"auto, (max-width: 550px) 100vw, 550px\" \/><\/a><p id=\"caption-attachment-1109\" class=\"wp-caption-text\">Verleihung Jugendflamme Stufe 3<\/p><\/div>\n<div id=\"attachment_1110\" style=\"width: 560px\" class=\"wp-caption alignnone\"><a href=\"https:\/\/jf-landkreis-vulkaneifel.de\/wp-content\/uploads\/2015\/10\/DSCF7611.jpg\"><img loading=\"lazy\" decoding=\"async\" aria-describedby=\"caption-attachment-1110\" class=\"size-thumbnail wp-image-1110\" src=\"https:\/\/jf-landkreis-vulkaneifel.de\/wp-content\/uploads\/2015\/10\/DSCF7611-550x367.jpg\" alt=\"Verleihung Jugendflamme Stufe 3\" width=\"550\" height=\"367\" srcset=\"https:\/\/jf-landkreis-vulkaneifel.de\/wp-content\/uploads\/2015\/10\/DSCF7611-550x367.jpg 550w, https:\/\/jf-landkreis-vulkaneifel.de\/wp-content\/uploads\/2015\/10\/DSCF7611.jpg 1024w, https:\/\/jf-landkreis-vulkaneifel.de\/wp-content\/uploads\/2015\/10\/DSCF7611-624x416.jpg 624w\" sizes=\"auto, (max-width: 550px) 100vw, 550px\" \/><\/a><p id=\"caption-attachment-1110\" class=\"wp-caption-text\">Verleihung Jugendflamme Stufe 3<\/p><\/div>\n","protected":false},"excerpt":{"rendered":"<p>Abnahme der Jugendflamme Stufe 3 am 24.10.2015 in Neroth. Mit dabei die Jugendfeuerwehren Neroth und Bongard-Bodenbach. [hier geht&#8217;s zum Bericht]<\/p>\n","protected":false},"author":5,"featured_media":1105,"parent":119,"menu_order":0,"comment_status":"closed","ping_status":"closed","template":"","meta":{"footnotes":""},"class_list":["post-1111","page","type-page","status-publish","has-post-thumbnail","hentry"],"_links":{"self":[{"href":"https:\/\/jf-landkreis-vulkaneifel.de\/index.php?rest_route=\/wp\/v2\/pages\/1111","targetHints":{"allow":["GET"]}}],"collection":[{"href":"https:\/\/jf-landkreis-vulkaneifel.de\/index.php?rest_route=\/wp\/v2\/pages"}],"about":[{"href":"https:\/\/jf-landkreis-vulkaneifel.de\/index.php?rest_route=\/wp\/v2\/types\/page"}],"author":[{"embeddable":true,"href":"https:\/\/jf-landkreis-vulkaneifel.de\/index.php?rest_route=\/wp\/v2\/users\/5"}],"replies":[{"embeddable":true,"href":"https:\/\/jf-landkreis-vulkaneifel.de\/index.php?rest_route=%2Fwp%2Fv2%2Fcomments&post=1111"}],"version-history":[{"count":4,"href":"https:\/\/jf-landkreis-vulkaneifel.de\/index.php?rest_route=\/wp\/v2\/pages\/1111\/revisions"}],"predecessor-version":[{"id":1118,"href":"https:\/\/jf-landkreis-vulkaneifel.de\/index.php?rest_route=\/wp\/v2\/pages\/1111\/revisions\/1118"}],"up":[{"embeddable":true,"href":"https:\/\/jf-landkreis-vulkaneifel.de\/index.php?rest_route=\/wp\/v2\/pages\/119"}],"wp:featuredmedia":[{"embeddable":true,"href":"https:\/\/jf-landkreis-vulkaneifel.de\/index.php?rest_route=\/wp\/v2\/media\/1105"}],"wp:attachment":[{"href":"https:\/\/jf-landkreis-vulkaneifel.de\/index.php?rest_route=%2Fwp%2Fv2%2Fmedia&parent=1111"}],"curies":[{"name":"wp","href":"https:\/\/api.w.org\/{rel}","templated":true}]}}