{"id":1368,"date":"2016-06-22T21:29:55","date_gmt":"2016-06-22T19:29:55","guid":{"rendered":"http:\/\/jf-landkreis-vulkaneifel.de\/?page_id=1368"},"modified":"2016-06-22T21:32:33","modified_gmt":"2016-06-22T19:32:33","slug":"wandertag-2016-juenkerath","status":"publish","type":"page","link":"https:\/\/jf-landkreis-vulkaneifel.de\/?page_id=1368","title":{"rendered":"Wandertag 2016 J\u00fcnkerath"},"content":{"rendered":"<p>Wandertag der Jugendfeuerwehren des Landkreis Vulkaneifel am 19.06.2016 in J\u00fcnkerath<\/p>\n<p><a href=\"https:\/\/jf-landkreis-vulkaneifel.de\/?p=1330&amp;preview=true\">[zum Beitrag]<\/a><\/p>\n<div id=\"attachment_1332\" style=\"width: 560px\" class=\"wp-caption alignnone\"><a href=\"https:\/\/jf-landkreis-vulkaneifel.de\/wp-content\/uploads\/2016\/06\/16-06-19-Wandertag-Juenkerath-2016_007.jpg\"><img loading=\"lazy\" decoding=\"async\" aria-describedby=\"caption-attachment-1332\" class=\"size-thumbnail wp-image-1332\" src=\"https:\/\/jf-landkreis-vulkaneifel.de\/wp-content\/uploads\/2016\/06\/16-06-19-Wandertag-Juenkerath-2016_007-550x367.jpg\" alt=\"Saftey-Car\" width=\"550\" height=\"367\" srcset=\"https:\/\/jf-landkreis-vulkaneifel.de\/wp-content\/uploads\/2016\/06\/16-06-19-Wandertag-Juenkerath-2016_007-550x367.jpg 550w, https:\/\/jf-landkreis-vulkaneifel.de\/wp-content\/uploads\/2016\/06\/16-06-19-Wandertag-Juenkerath-2016_007.jpg 1024w, https:\/\/jf-landkreis-vulkaneifel.de\/wp-content\/uploads\/2016\/06\/16-06-19-Wandertag-Juenkerath-2016_007-768x512.jpg 768w, https:\/\/jf-landkreis-vulkaneifel.de\/wp-content\/uploads\/2016\/06\/16-06-19-Wandertag-Juenkerath-2016_007-624x416.jpg 624w\" sizes=\"auto, (max-width: 550px) 100vw, 550px\" \/><\/a><p id=\"caption-attachment-1332\" class=\"wp-caption-text\">Saftey-Car<\/p><\/div>\n<div id=\"attachment_1366\" style=\"width: 560px\" class=\"wp-caption alignnone\"><a href=\"https:\/\/jf-landkreis-vulkaneifel.de\/wp-content\/uploads\/2016\/06\/16-06-19-Wandertag-Juenkerath-2016_192.jpg\"><img loading=\"lazy\" decoding=\"async\" aria-describedby=\"caption-attachment-1366\" class=\"size-thumbnail wp-image-1366\" src=\"https:\/\/jf-landkreis-vulkaneifel.de\/wp-content\/uploads\/2016\/06\/16-06-19-Wandertag-Juenkerath-2016_192-550x367.jpg\" alt=\"Siegerehrung Platz 1 bis 3\" width=\"550\" height=\"367\" srcset=\"https:\/\/jf-landkreis-vulkaneifel.de\/wp-content\/uploads\/2016\/06\/16-06-19-Wandertag-Juenkerath-2016_192-550x367.jpg 550w, https:\/\/jf-landkreis-vulkaneifel.de\/wp-content\/uploads\/2016\/06\/16-06-19-Wandertag-Juenkerath-2016_192.jpg 1024w, https:\/\/jf-landkreis-vulkaneifel.de\/wp-content\/uploads\/2016\/06\/16-06-19-Wandertag-Juenkerath-2016_192-768x512.jpg 768w, https:\/\/jf-landkreis-vulkaneifel.de\/wp-content\/uploads\/2016\/06\/16-06-19-Wandertag-Juenkerath-2016_192-624x416.jpg 624w\" sizes=\"auto, (max-width: 550px) 100vw, 550px\" \/><\/a><p id=\"caption-attachment-1366\" class=\"wp-caption-text\">Siegerehrung Platz 1 bis 3<\/p><\/div>\n<div id=\"attachment_1365\" style=\"width: 560px\" class=\"wp-caption alignnone\"><a href=\"https:\/\/jf-landkreis-vulkaneifel.de\/wp-content\/uploads\/2016\/06\/16-06-19-Wandertag-Juenkerath-2016_186.jpg\"><img loading=\"lazy\" decoding=\"async\" aria-describedby=\"caption-attachment-1365\" class=\"size-thumbnail wp-image-1365\" src=\"https:\/\/jf-landkreis-vulkaneifel.de\/wp-content\/uploads\/2016\/06\/16-06-19-Wandertag-Juenkerath-2016_186-550x367.jpg\" alt=\"Siegerehrung\" width=\"550\" height=\"367\" srcset=\"https:\/\/jf-landkreis-vulkaneifel.de\/wp-content\/uploads\/2016\/06\/16-06-19-Wandertag-Juenkerath-2016_186-550x367.jpg 550w, https:\/\/jf-landkreis-vulkaneifel.de\/wp-content\/uploads\/2016\/06\/16-06-19-Wandertag-Juenkerath-2016_186.jpg 1024w, https:\/\/jf-landkreis-vulkaneifel.de\/wp-content\/uploads\/2016\/06\/16-06-19-Wandertag-Juenkerath-2016_186-768x512.jpg 768w, https:\/\/jf-landkreis-vulkaneifel.de\/wp-content\/uploads\/2016\/06\/16-06-19-Wandertag-Juenkerath-2016_186-624x416.jpg 624w\" sizes=\"auto, (max-width: 550px) 100vw, 550px\" \/><\/a><p id=\"caption-attachment-1365\" class=\"wp-caption-text\">Siegerehrung<\/p><\/div>\n<div id=\"attachment_1364\" style=\"width: 560px\" class=\"wp-caption alignnone\"><a href=\"https:\/\/jf-landkreis-vulkaneifel.de\/wp-content\/uploads\/2016\/06\/16-06-19-Wandertag-Juenkerath-2016_173.jpg\"><img loading=\"lazy\" decoding=\"async\" aria-describedby=\"caption-attachment-1364\" class=\"size-thumbnail wp-image-1364\" src=\"https:\/\/jf-landkreis-vulkaneifel.de\/wp-content\/uploads\/2016\/06\/16-06-19-Wandertag-Juenkerath-2016_173-550x367.jpg\" alt=\"Siegerehrung\" width=\"550\" height=\"367\" srcset=\"https:\/\/jf-landkreis-vulkaneifel.de\/wp-content\/uploads\/2016\/06\/16-06-19-Wandertag-Juenkerath-2016_173-550x367.jpg 550w, https:\/\/jf-landkreis-vulkaneifel.de\/wp-content\/uploads\/2016\/06\/16-06-19-Wandertag-Juenkerath-2016_173.jpg 1024w, https:\/\/jf-landkreis-vulkaneifel.de\/wp-content\/uploads\/2016\/06\/16-06-19-Wandertag-Juenkerath-2016_173-768x512.jpg 768w, https:\/\/jf-landkreis-vulkaneifel.de\/wp-content\/uploads\/2016\/06\/16-06-19-Wandertag-Juenkerath-2016_173-624x416.jpg 624w\" sizes=\"auto, (max-width: 550px) 100vw, 550px\" \/><\/a><p id=\"caption-attachment-1364\" class=\"wp-caption-text\">Siegerehrung<\/p><\/div>\n<div id=\"attachment_1363\" style=\"width: 560px\" class=\"wp-caption alignnone\"><a href=\"https:\/\/jf-landkreis-vulkaneifel.de\/wp-content\/uploads\/2016\/06\/16-06-19-Wandertag-Juenkerath-2016_165.jpg\"><img loading=\"lazy\" decoding=\"async\" aria-describedby=\"caption-attachment-1363\" class=\"size-thumbnail wp-image-1363\" src=\"https:\/\/jf-landkreis-vulkaneifel.de\/wp-content\/uploads\/2016\/06\/16-06-19-Wandertag-Juenkerath-2016_165-550x367.jpg\" alt=\"Siegerehrung\" width=\"550\" height=\"367\" srcset=\"https:\/\/jf-landkreis-vulkaneifel.de\/wp-content\/uploads\/2016\/06\/16-06-19-Wandertag-Juenkerath-2016_165-550x367.jpg 550w, https:\/\/jf-landkreis-vulkaneifel.de\/wp-content\/uploads\/2016\/06\/16-06-19-Wandertag-Juenkerath-2016_165.jpg 1024w, https:\/\/jf-landkreis-vulkaneifel.de\/wp-content\/uploads\/2016\/06\/16-06-19-Wandertag-Juenkerath-2016_165-768x512.jpg 768w, https:\/\/jf-landkreis-vulkaneifel.de\/wp-content\/uploads\/2016\/06\/16-06-19-Wandertag-Juenkerath-2016_165-624x416.jpg 624w\" sizes=\"auto, (max-width: 550px) 100vw, 550px\" \/><\/a><p id=\"caption-attachment-1363\" class=\"wp-caption-text\">Siegerehrung<\/p><\/div>\n<div id=\"attachment_1362\" style=\"width: 560px\" class=\"wp-caption alignnone\"><a href=\"https:\/\/jf-landkreis-vulkaneifel.de\/wp-content\/uploads\/2016\/06\/16-06-19-Wandertag-Juenkerath-2016_154.jpg\"><img loading=\"lazy\" decoding=\"async\" aria-describedby=\"caption-attachment-1362\" class=\"size-thumbnail wp-image-1362\" src=\"https:\/\/jf-landkreis-vulkaneifel.de\/wp-content\/uploads\/2016\/06\/16-06-19-Wandertag-Juenkerath-2016_154-550x367.jpg\" alt=\"VG B\u00fcrgermeisterin Diane Schmitz bei der Siegerehrung\" width=\"550\" height=\"367\" srcset=\"https:\/\/jf-landkreis-vulkaneifel.de\/wp-content\/uploads\/2016\/06\/16-06-19-Wandertag-Juenkerath-2016_154-550x367.jpg 550w, https:\/\/jf-landkreis-vulkaneifel.de\/wp-content\/uploads\/2016\/06\/16-06-19-Wandertag-Juenkerath-2016_154.jpg 1024w, https:\/\/jf-landkreis-vulkaneifel.de\/wp-content\/uploads\/2016\/06\/16-06-19-Wandertag-Juenkerath-2016_154-768x512.jpg 768w, https:\/\/jf-landkreis-vulkaneifel.de\/wp-content\/uploads\/2016\/06\/16-06-19-Wandertag-Juenkerath-2016_154-624x416.jpg 624w\" sizes=\"auto, (max-width: 550px) 100vw, 550px\" \/><\/a><p id=\"caption-attachment-1362\" class=\"wp-caption-text\">VG B\u00fcrgermeisterin Diane Schmitz bei der Siegerehrung<\/p><\/div>\n<div id=\"attachment_1361\" style=\"width: 560px\" class=\"wp-caption alignnone\"><a href=\"https:\/\/jf-landkreis-vulkaneifel.de\/wp-content\/uploads\/2016\/06\/16-06-19-Wandertag-Juenkerath-2016_147.jpg\"><img loading=\"lazy\" decoding=\"async\" aria-describedby=\"caption-attachment-1361\" class=\"size-thumbnail wp-image-1361\" src=\"https:\/\/jf-landkreis-vulkaneifel.de\/wp-content\/uploads\/2016\/06\/16-06-19-Wandertag-Juenkerath-2016_147-550x367.jpg\" alt=\"Siegerehrung\" width=\"550\" height=\"367\" srcset=\"https:\/\/jf-landkreis-vulkaneifel.de\/wp-content\/uploads\/2016\/06\/16-06-19-Wandertag-Juenkerath-2016_147-550x367.jpg 550w, https:\/\/jf-landkreis-vulkaneifel.de\/wp-content\/uploads\/2016\/06\/16-06-19-Wandertag-Juenkerath-2016_147.jpg 1024w, https:\/\/jf-landkreis-vulkaneifel.de\/wp-content\/uploads\/2016\/06\/16-06-19-Wandertag-Juenkerath-2016_147-768x512.jpg 768w, https:\/\/jf-landkreis-vulkaneifel.de\/wp-content\/uploads\/2016\/06\/16-06-19-Wandertag-Juenkerath-2016_147-624x416.jpg 624w\" sizes=\"auto, (max-width: 550px) 100vw, 550px\" \/><\/a><p id=\"caption-attachment-1361\" class=\"wp-caption-text\">Siegerehrung<\/p><\/div>\n<div id=\"attachment_1360\" style=\"width: 560px\" class=\"wp-caption alignnone\"><a href=\"https:\/\/jf-landkreis-vulkaneifel.de\/wp-content\/uploads\/2016\/06\/16-06-19-Wandertag-Juenkerath-2016_145.jpg\"><img loading=\"lazy\" decoding=\"async\" aria-describedby=\"caption-attachment-1360\" class=\"size-thumbnail wp-image-1360\" src=\"https:\/\/jf-landkreis-vulkaneifel.de\/wp-content\/uploads\/2016\/06\/16-06-19-Wandertag-Juenkerath-2016_145-550x367.jpg\" alt=\"Siegerehrung\" width=\"550\" height=\"367\" srcset=\"https:\/\/jf-landkreis-vulkaneifel.de\/wp-content\/uploads\/2016\/06\/16-06-19-Wandertag-Juenkerath-2016_145-550x367.jpg 550w, https:\/\/jf-landkreis-vulkaneifel.de\/wp-content\/uploads\/2016\/06\/16-06-19-Wandertag-Juenkerath-2016_145.jpg 1024w, https:\/\/jf-landkreis-vulkaneifel.de\/wp-content\/uploads\/2016\/06\/16-06-19-Wandertag-Juenkerath-2016_145-768x512.jpg 768w, https:\/\/jf-landkreis-vulkaneifel.de\/wp-content\/uploads\/2016\/06\/16-06-19-Wandertag-Juenkerath-2016_145-624x416.jpg 624w\" sizes=\"auto, (max-width: 550px) 100vw, 550px\" \/><\/a><p id=\"caption-attachment-1360\" class=\"wp-caption-text\">Siegerehrung<\/p><\/div>\n<div id=\"attachment_1359\" style=\"width: 560px\" class=\"wp-caption alignnone\"><a href=\"https:\/\/jf-landkreis-vulkaneifel.de\/wp-content\/uploads\/2016\/06\/16-06-19-Wandertag-Juenkerath-2016_135.jpg\"><img loading=\"lazy\" decoding=\"async\" aria-describedby=\"caption-attachment-1359\" class=\"size-thumbnail wp-image-1359\" src=\"https:\/\/jf-landkreis-vulkaneifel.de\/wp-content\/uploads\/2016\/06\/16-06-19-Wandertag-Juenkerath-2016_135-550x367.jpg\" alt=\"Siegerehrung\" width=\"550\" height=\"367\" srcset=\"https:\/\/jf-landkreis-vulkaneifel.de\/wp-content\/uploads\/2016\/06\/16-06-19-Wandertag-Juenkerath-2016_135-550x367.jpg 550w, https:\/\/jf-landkreis-vulkaneifel.de\/wp-content\/uploads\/2016\/06\/16-06-19-Wandertag-Juenkerath-2016_135.jpg 1024w, https:\/\/jf-landkreis-vulkaneifel.de\/wp-content\/uploads\/2016\/06\/16-06-19-Wandertag-Juenkerath-2016_135-768x512.jpg 768w, https:\/\/jf-landkreis-vulkaneifel.de\/wp-content\/uploads\/2016\/06\/16-06-19-Wandertag-Juenkerath-2016_135-624x416.jpg 624w\" sizes=\"auto, (max-width: 550px) 100vw, 550px\" \/><\/a><p id=\"caption-attachment-1359\" class=\"wp-caption-text\">Siegerehrung<\/p><\/div>\n<div id=\"attachment_1358\" style=\"width: 560px\" class=\"wp-caption alignnone\"><a href=\"https:\/\/jf-landkreis-vulkaneifel.de\/wp-content\/uploads\/2016\/06\/16-06-19-Wandertag-Juenkerath-2016_133.jpg\"><img loading=\"lazy\" decoding=\"async\" aria-describedby=\"caption-attachment-1358\" class=\"size-thumbnail wp-image-1358\" src=\"https:\/\/jf-landkreis-vulkaneifel.de\/wp-content\/uploads\/2016\/06\/16-06-19-Wandertag-Juenkerath-2016_133-550x367.jpg\" alt=\"Kreisjugendfeuerwehrwart Harald Schmitz\" width=\"550\" height=\"367\" srcset=\"https:\/\/jf-landkreis-vulkaneifel.de\/wp-content\/uploads\/2016\/06\/16-06-19-Wandertag-Juenkerath-2016_133-550x367.jpg 550w, https:\/\/jf-landkreis-vulkaneifel.de\/wp-content\/uploads\/2016\/06\/16-06-19-Wandertag-Juenkerath-2016_133.jpg 1024w, https:\/\/jf-landkreis-vulkaneifel.de\/wp-content\/uploads\/2016\/06\/16-06-19-Wandertag-Juenkerath-2016_133-768x512.jpg 768w, https:\/\/jf-landkreis-vulkaneifel.de\/wp-content\/uploads\/2016\/06\/16-06-19-Wandertag-Juenkerath-2016_133-624x416.jpg 624w\" sizes=\"auto, (max-width: 550px) 100vw, 550px\" \/><\/a><p id=\"caption-attachment-1358\" class=\"wp-caption-text\">Kreisjugendfeuerwehrwart Harald Schmitz<\/p><\/div>\n<div id=\"attachment_1357\" style=\"width: 560px\" class=\"wp-caption alignnone\"><a href=\"https:\/\/jf-landkreis-vulkaneifel.de\/wp-content\/uploads\/2016\/06\/16-06-19-Wandertag-Juenkerath-2016_128.jpg\"><img loading=\"lazy\" decoding=\"async\" aria-describedby=\"caption-attachment-1357\" class=\"size-thumbnail wp-image-1357\" src=\"https:\/\/jf-landkreis-vulkaneifel.de\/wp-content\/uploads\/2016\/06\/16-06-19-Wandertag-Juenkerath-2016_128-550x367.jpg\" alt=\"Siegerehrung\" width=\"550\" height=\"367\" srcset=\"https:\/\/jf-landkreis-vulkaneifel.de\/wp-content\/uploads\/2016\/06\/16-06-19-Wandertag-Juenkerath-2016_128-550x367.jpg 550w, https:\/\/jf-landkreis-vulkaneifel.de\/wp-content\/uploads\/2016\/06\/16-06-19-Wandertag-Juenkerath-2016_128.jpg 1024w, https:\/\/jf-landkreis-vulkaneifel.de\/wp-content\/uploads\/2016\/06\/16-06-19-Wandertag-Juenkerath-2016_128-768x512.jpg 768w, https:\/\/jf-landkreis-vulkaneifel.de\/wp-content\/uploads\/2016\/06\/16-06-19-Wandertag-Juenkerath-2016_128-624x416.jpg 624w\" sizes=\"auto, (max-width: 550px) 100vw, 550px\" \/><\/a><p id=\"caption-attachment-1357\" class=\"wp-caption-text\">Siegerehrung<\/p><\/div>\n<div id=\"attachment_1356\" style=\"width: 560px\" class=\"wp-caption alignnone\"><a href=\"https:\/\/jf-landkreis-vulkaneifel.de\/wp-content\/uploads\/2016\/06\/16-06-19-Wandertag-Juenkerath-2016_124.jpg\"><img loading=\"lazy\" decoding=\"async\" aria-describedby=\"caption-attachment-1356\" class=\"size-thumbnail wp-image-1356\" src=\"https:\/\/jf-landkreis-vulkaneifel.de\/wp-content\/uploads\/2016\/06\/16-06-19-Wandertag-Juenkerath-2016_124-550x367.jpg\" alt=\"Siegerehrung\" width=\"550\" height=\"367\" srcset=\"https:\/\/jf-landkreis-vulkaneifel.de\/wp-content\/uploads\/2016\/06\/16-06-19-Wandertag-Juenkerath-2016_124-550x367.jpg 550w, https:\/\/jf-landkreis-vulkaneifel.de\/wp-content\/uploads\/2016\/06\/16-06-19-Wandertag-Juenkerath-2016_124.jpg 1024w, https:\/\/jf-landkreis-vulkaneifel.de\/wp-content\/uploads\/2016\/06\/16-06-19-Wandertag-Juenkerath-2016_124-768x512.jpg 768w, https:\/\/jf-landkreis-vulkaneifel.de\/wp-content\/uploads\/2016\/06\/16-06-19-Wandertag-Juenkerath-2016_124-624x416.jpg 624w\" sizes=\"auto, (max-width: 550px) 100vw, 550px\" \/><\/a><p id=\"caption-attachment-1356\" class=\"wp-caption-text\">Siegerehrung<\/p><\/div>\n<div id=\"attachment_1355\" style=\"width: 560px\" class=\"wp-caption alignnone\"><a href=\"https:\/\/jf-landkreis-vulkaneifel.de\/wp-content\/uploads\/2016\/06\/16-06-19-Wandertag-Juenkerath-2016_113.jpg\"><img loading=\"lazy\" decoding=\"async\" aria-describedby=\"caption-attachment-1355\" class=\"size-thumbnail wp-image-1355\" src=\"https:\/\/jf-landkreis-vulkaneifel.de\/wp-content\/uploads\/2016\/06\/16-06-19-Wandertag-Juenkerath-2016_113-550x367.jpg\" alt=\"Auswertung der Spiele\" width=\"550\" height=\"367\" srcset=\"https:\/\/jf-landkreis-vulkaneifel.de\/wp-content\/uploads\/2016\/06\/16-06-19-Wandertag-Juenkerath-2016_113-550x367.jpg 550w, https:\/\/jf-landkreis-vulkaneifel.de\/wp-content\/uploads\/2016\/06\/16-06-19-Wandertag-Juenkerath-2016_113.jpg 1024w, https:\/\/jf-landkreis-vulkaneifel.de\/wp-content\/uploads\/2016\/06\/16-06-19-Wandertag-Juenkerath-2016_113-768x512.jpg 768w, https:\/\/jf-landkreis-vulkaneifel.de\/wp-content\/uploads\/2016\/06\/16-06-19-Wandertag-Juenkerath-2016_113-624x416.jpg 624w\" sizes=\"auto, (max-width: 550px) 100vw, 550px\" \/><\/a><p id=\"caption-attachment-1355\" class=\"wp-caption-text\">Auswertung der Spiele<\/p><\/div>\n<div id=\"attachment_1354\" style=\"width: 560px\" class=\"wp-caption alignnone\"><a href=\"https:\/\/jf-landkreis-vulkaneifel.de\/wp-content\/uploads\/2016\/06\/16-06-19-Wandertag-Juenkerath-2016_108.jpg\"><img loading=\"lazy\" decoding=\"async\" aria-describedby=\"caption-attachment-1354\" class=\"size-thumbnail wp-image-1354\" src=\"https:\/\/jf-landkreis-vulkaneifel.de\/wp-content\/uploads\/2016\/06\/16-06-19-Wandertag-Juenkerath-2016_108-550x367.jpg\" alt=\"Wettkampfwart bei der Ger\u00e4tepr\u00fcfung\" width=\"550\" height=\"367\" srcset=\"https:\/\/jf-landkreis-vulkaneifel.de\/wp-content\/uploads\/2016\/06\/16-06-19-Wandertag-Juenkerath-2016_108-550x367.jpg 550w, https:\/\/jf-landkreis-vulkaneifel.de\/wp-content\/uploads\/2016\/06\/16-06-19-Wandertag-Juenkerath-2016_108.jpg 1024w, https:\/\/jf-landkreis-vulkaneifel.de\/wp-content\/uploads\/2016\/06\/16-06-19-Wandertag-Juenkerath-2016_108-768x512.jpg 768w, https:\/\/jf-landkreis-vulkaneifel.de\/wp-content\/uploads\/2016\/06\/16-06-19-Wandertag-Juenkerath-2016_108-624x416.jpg 624w\" sizes=\"auto, (max-width: 550px) 100vw, 550px\" \/><\/a><p id=\"caption-attachment-1354\" class=\"wp-caption-text\">Wettkampfwart bei der Ger\u00e4tepr\u00fcfung<\/p><\/div>\n<div id=\"attachment_1353\" style=\"width: 560px\" class=\"wp-caption alignnone\"><a href=\"https:\/\/jf-landkreis-vulkaneifel.de\/wp-content\/uploads\/2016\/06\/16-06-19-Wandertag-Juenkerath-2016_106.jpg\"><img loading=\"lazy\" decoding=\"async\" aria-describedby=\"caption-attachment-1353\" class=\"size-thumbnail wp-image-1353\" src=\"https:\/\/jf-landkreis-vulkaneifel.de\/wp-content\/uploads\/2016\/06\/16-06-19-Wandertag-Juenkerath-2016_106-550x367.jpg\" alt=\"Startaufstellung Kett-Car-Rennen\" width=\"550\" height=\"367\" srcset=\"https:\/\/jf-landkreis-vulkaneifel.de\/wp-content\/uploads\/2016\/06\/16-06-19-Wandertag-Juenkerath-2016_106-550x367.jpg 550w, https:\/\/jf-landkreis-vulkaneifel.de\/wp-content\/uploads\/2016\/06\/16-06-19-Wandertag-Juenkerath-2016_106.jpg 1024w, https:\/\/jf-landkreis-vulkaneifel.de\/wp-content\/uploads\/2016\/06\/16-06-19-Wandertag-Juenkerath-2016_106-768x512.jpg 768w, https:\/\/jf-landkreis-vulkaneifel.de\/wp-content\/uploads\/2016\/06\/16-06-19-Wandertag-Juenkerath-2016_106-624x416.jpg 624w\" sizes=\"auto, (max-width: 550px) 100vw, 550px\" \/><\/a><p id=\"caption-attachment-1353\" class=\"wp-caption-text\">Startaufstellung Kett-Car-Rennen<\/p><\/div>\n<div id=\"attachment_1352\" style=\"width: 560px\" class=\"wp-caption alignnone\"><a href=\"https:\/\/jf-landkreis-vulkaneifel.de\/wp-content\/uploads\/2016\/06\/16-06-19-Wandertag-Juenkerath-2016_101.jpg\"><img loading=\"lazy\" decoding=\"async\" aria-describedby=\"caption-attachment-1352\" class=\"size-thumbnail wp-image-1352\" src=\"https:\/\/jf-landkreis-vulkaneifel.de\/wp-content\/uploads\/2016\/06\/16-06-19-Wandertag-Juenkerath-2016_101-550x367.jpg\" alt=\"Gro\u00dfe-Kleine-Kinder\" width=\"550\" height=\"367\" srcset=\"https:\/\/jf-landkreis-vulkaneifel.de\/wp-content\/uploads\/2016\/06\/16-06-19-Wandertag-Juenkerath-2016_101-550x367.jpg 550w, https:\/\/jf-landkreis-vulkaneifel.de\/wp-content\/uploads\/2016\/06\/16-06-19-Wandertag-Juenkerath-2016_101.jpg 1024w, https:\/\/jf-landkreis-vulkaneifel.de\/wp-content\/uploads\/2016\/06\/16-06-19-Wandertag-Juenkerath-2016_101-768x512.jpg 768w, https:\/\/jf-landkreis-vulkaneifel.de\/wp-content\/uploads\/2016\/06\/16-06-19-Wandertag-Juenkerath-2016_101-624x416.jpg 624w\" sizes=\"auto, (max-width: 550px) 100vw, 550px\" \/><\/a><p id=\"caption-attachment-1352\" class=\"wp-caption-text\">Gro\u00dfe-Kleine-Kinder<\/p><\/div>\n<div id=\"attachment_1351\" style=\"width: 560px\" class=\"wp-caption alignnone\"><a href=\"https:\/\/jf-landkreis-vulkaneifel.de\/wp-content\/uploads\/2016\/06\/16-06-19-Wandertag-Juenkerath-2016_098.jpg\"><img loading=\"lazy\" decoding=\"async\" aria-describedby=\"caption-attachment-1351\" class=\"size-thumbnail wp-image-1351\" src=\"https:\/\/jf-landkreis-vulkaneifel.de\/wp-content\/uploads\/2016\/06\/16-06-19-Wandertag-Juenkerath-2016_098-550x367.jpg\" alt=\"Socken-Zielwerfen\" width=\"550\" height=\"367\" srcset=\"https:\/\/jf-landkreis-vulkaneifel.de\/wp-content\/uploads\/2016\/06\/16-06-19-Wandertag-Juenkerath-2016_098-550x367.jpg 550w, https:\/\/jf-landkreis-vulkaneifel.de\/wp-content\/uploads\/2016\/06\/16-06-19-Wandertag-Juenkerath-2016_098.jpg 1024w, https:\/\/jf-landkreis-vulkaneifel.de\/wp-content\/uploads\/2016\/06\/16-06-19-Wandertag-Juenkerath-2016_098-768x512.jpg 768w, https:\/\/jf-landkreis-vulkaneifel.de\/wp-content\/uploads\/2016\/06\/16-06-19-Wandertag-Juenkerath-2016_098-624x416.jpg 624w\" sizes=\"auto, (max-width: 550px) 100vw, 550px\" \/><\/a><p id=\"caption-attachment-1351\" class=\"wp-caption-text\">Socken-Zielwerfen<\/p><\/div>\n<div id=\"attachment_1350\" style=\"width: 560px\" class=\"wp-caption alignnone\"><a href=\"https:\/\/jf-landkreis-vulkaneifel.de\/wp-content\/uploads\/2016\/06\/16-06-19-Wandertag-Juenkerath-2016_086.jpg\"><img loading=\"lazy\" decoding=\"async\" aria-describedby=\"caption-attachment-1350\" class=\"size-thumbnail wp-image-1350\" src=\"https:\/\/jf-landkreis-vulkaneifel.de\/wp-content\/uploads\/2016\/06\/16-06-19-Wandertag-Juenkerath-2016_086-550x367.jpg\" alt=\"Wassertransport mit Seilen und Becher\" width=\"550\" height=\"367\" srcset=\"https:\/\/jf-landkreis-vulkaneifel.de\/wp-content\/uploads\/2016\/06\/16-06-19-Wandertag-Juenkerath-2016_086-550x367.jpg 550w, https:\/\/jf-landkreis-vulkaneifel.de\/wp-content\/uploads\/2016\/06\/16-06-19-Wandertag-Juenkerath-2016_086.jpg 1024w, https:\/\/jf-landkreis-vulkaneifel.de\/wp-content\/uploads\/2016\/06\/16-06-19-Wandertag-Juenkerath-2016_086-768x512.jpg 768w, https:\/\/jf-landkreis-vulkaneifel.de\/wp-content\/uploads\/2016\/06\/16-06-19-Wandertag-Juenkerath-2016_086-624x416.jpg 624w\" sizes=\"auto, (max-width: 550px) 100vw, 550px\" \/><\/a><p id=\"caption-attachment-1350\" class=\"wp-caption-text\">Wassertransport mit Seilen und Becher<\/p><\/div>\n<div id=\"attachment_1349\" style=\"width: 560px\" class=\"wp-caption alignnone\"><a href=\"https:\/\/jf-landkreis-vulkaneifel.de\/wp-content\/uploads\/2016\/06\/16-06-19-Wandertag-Juenkerath-2016_084.jpg\"><img loading=\"lazy\" decoding=\"async\" aria-describedby=\"caption-attachment-1349\" class=\"size-thumbnail wp-image-1349\" src=\"https:\/\/jf-landkreis-vulkaneifel.de\/wp-content\/uploads\/2016\/06\/16-06-19-Wandertag-Juenkerath-2016_084-550x367.jpg\" alt=\"Kett-Car im Slalomkurs\" width=\"550\" height=\"367\" srcset=\"https:\/\/jf-landkreis-vulkaneifel.de\/wp-content\/uploads\/2016\/06\/16-06-19-Wandertag-Juenkerath-2016_084-550x367.jpg 550w, https:\/\/jf-landkreis-vulkaneifel.de\/wp-content\/uploads\/2016\/06\/16-06-19-Wandertag-Juenkerath-2016_084.jpg 1024w, https:\/\/jf-landkreis-vulkaneifel.de\/wp-content\/uploads\/2016\/06\/16-06-19-Wandertag-Juenkerath-2016_084-768x512.jpg 768w, https:\/\/jf-landkreis-vulkaneifel.de\/wp-content\/uploads\/2016\/06\/16-06-19-Wandertag-Juenkerath-2016_084-624x416.jpg 624w\" sizes=\"auto, (max-width: 550px) 100vw, 550px\" \/><\/a><p id=\"caption-attachment-1349\" class=\"wp-caption-text\">Kett-Car im Slalomkurs<\/p><\/div>\n<div id=\"attachment_1348\" style=\"width: 560px\" class=\"wp-caption alignnone\"><a href=\"https:\/\/jf-landkreis-vulkaneifel.de\/wp-content\/uploads\/2016\/06\/16-06-19-Wandertag-Juenkerath-2016_080.jpg\"><img loading=\"lazy\" decoding=\"async\" aria-describedby=\"caption-attachment-1348\" class=\"size-thumbnail wp-image-1348\" src=\"https:\/\/jf-landkreis-vulkaneifel.de\/wp-content\/uploads\/2016\/06\/16-06-19-Wandertag-Juenkerath-2016_080-550x367.jpg\" alt=\"Wassertransport mit Seilen und Becher\" width=\"550\" height=\"367\" srcset=\"https:\/\/jf-landkreis-vulkaneifel.de\/wp-content\/uploads\/2016\/06\/16-06-19-Wandertag-Juenkerath-2016_080-550x367.jpg 550w, https:\/\/jf-landkreis-vulkaneifel.de\/wp-content\/uploads\/2016\/06\/16-06-19-Wandertag-Juenkerath-2016_080.jpg 1024w, https:\/\/jf-landkreis-vulkaneifel.de\/wp-content\/uploads\/2016\/06\/16-06-19-Wandertag-Juenkerath-2016_080-768x512.jpg 768w, https:\/\/jf-landkreis-vulkaneifel.de\/wp-content\/uploads\/2016\/06\/16-06-19-Wandertag-Juenkerath-2016_080-624x416.jpg 624w\" sizes=\"auto, (max-width: 550px) 100vw, 550px\" \/><\/a><p id=\"caption-attachment-1348\" class=\"wp-caption-text\">Wassertransport mit Seilen und Becher<\/p><\/div>\n<div id=\"attachment_1347\" style=\"width: 560px\" class=\"wp-caption alignnone\"><a href=\"https:\/\/jf-landkreis-vulkaneifel.de\/wp-content\/uploads\/2016\/06\/16-06-19-Wandertag-Juenkerath-2016_077.jpg\"><img loading=\"lazy\" decoding=\"async\" aria-describedby=\"caption-attachment-1347\" class=\"size-thumbnail wp-image-1347\" src=\"https:\/\/jf-landkreis-vulkaneifel.de\/wp-content\/uploads\/2016\/06\/16-06-19-Wandertag-Juenkerath-2016_077-550x367.jpg\" alt=\"Wassertransport mit Seilen und Becher\" width=\"550\" height=\"367\" srcset=\"https:\/\/jf-landkreis-vulkaneifel.de\/wp-content\/uploads\/2016\/06\/16-06-19-Wandertag-Juenkerath-2016_077-550x367.jpg 550w, https:\/\/jf-landkreis-vulkaneifel.de\/wp-content\/uploads\/2016\/06\/16-06-19-Wandertag-Juenkerath-2016_077.jpg 1024w, https:\/\/jf-landkreis-vulkaneifel.de\/wp-content\/uploads\/2016\/06\/16-06-19-Wandertag-Juenkerath-2016_077-768x512.jpg 768w, https:\/\/jf-landkreis-vulkaneifel.de\/wp-content\/uploads\/2016\/06\/16-06-19-Wandertag-Juenkerath-2016_077-624x416.jpg 624w\" sizes=\"auto, (max-width: 550px) 100vw, 550px\" \/><\/a><p id=\"caption-attachment-1347\" class=\"wp-caption-text\">Wassertransport mit Seilen und Becher<\/p><\/div>\n<div id=\"attachment_1346\" style=\"width: 560px\" class=\"wp-caption alignnone\"><a href=\"https:\/\/jf-landkreis-vulkaneifel.de\/wp-content\/uploads\/2016\/06\/16-06-19-Wandertag-Juenkerath-2016_062.jpg\"><img loading=\"lazy\" decoding=\"async\" aria-describedby=\"caption-attachment-1346\" class=\"size-thumbnail wp-image-1346\" src=\"https:\/\/jf-landkreis-vulkaneifel.de\/wp-content\/uploads\/2016\/06\/16-06-19-Wandertag-Juenkerath-2016_062-550x367.jpg\" alt=\"Kett-Car im Slalomkurs\" width=\"550\" height=\"367\" srcset=\"https:\/\/jf-landkreis-vulkaneifel.de\/wp-content\/uploads\/2016\/06\/16-06-19-Wandertag-Juenkerath-2016_062-550x367.jpg 550w, https:\/\/jf-landkreis-vulkaneifel.de\/wp-content\/uploads\/2016\/06\/16-06-19-Wandertag-Juenkerath-2016_062.jpg 1024w, https:\/\/jf-landkreis-vulkaneifel.de\/wp-content\/uploads\/2016\/06\/16-06-19-Wandertag-Juenkerath-2016_062-768x512.jpg 768w, https:\/\/jf-landkreis-vulkaneifel.de\/wp-content\/uploads\/2016\/06\/16-06-19-Wandertag-Juenkerath-2016_062-624x416.jpg 624w\" sizes=\"auto, (max-width: 550px) 100vw, 550px\" \/><\/a><p id=\"caption-attachment-1346\" class=\"wp-caption-text\">Kett-Car im Slalomkurs<\/p><\/div>\n<div id=\"attachment_1345\" style=\"width: 560px\" class=\"wp-caption alignnone\"><a href=\"https:\/\/jf-landkreis-vulkaneifel.de\/wp-content\/uploads\/2016\/06\/16-06-19-Wandertag-Juenkerath-2016_057.jpg\"><img loading=\"lazy\" decoding=\"async\" aria-describedby=\"caption-attachment-1345\" class=\"size-thumbnail wp-image-1345\" src=\"https:\/\/jf-landkreis-vulkaneifel.de\/wp-content\/uploads\/2016\/06\/16-06-19-Wandertag-Juenkerath-2016_057-550x367.jpg\" alt=\"Wettkampfb\u00fcro bei der Arbeit\" width=\"550\" height=\"367\" srcset=\"https:\/\/jf-landkreis-vulkaneifel.de\/wp-content\/uploads\/2016\/06\/16-06-19-Wandertag-Juenkerath-2016_057-550x367.jpg 550w, https:\/\/jf-landkreis-vulkaneifel.de\/wp-content\/uploads\/2016\/06\/16-06-19-Wandertag-Juenkerath-2016_057.jpg 1024w, https:\/\/jf-landkreis-vulkaneifel.de\/wp-content\/uploads\/2016\/06\/16-06-19-Wandertag-Juenkerath-2016_057-768x512.jpg 768w, https:\/\/jf-landkreis-vulkaneifel.de\/wp-content\/uploads\/2016\/06\/16-06-19-Wandertag-Juenkerath-2016_057-624x416.jpg 624w\" sizes=\"auto, (max-width: 550px) 100vw, 550px\" \/><\/a><p id=\"caption-attachment-1345\" class=\"wp-caption-text\">Wettkampfb\u00fcro bei der Arbeit<\/p><\/div>\n<div id=\"attachment_1344\" style=\"width: 560px\" class=\"wp-caption alignnone\"><a href=\"https:\/\/jf-landkreis-vulkaneifel.de\/wp-content\/uploads\/2016\/06\/16-06-19-Wandertag-Juenkerath-2016_055.jpg\"><img loading=\"lazy\" decoding=\"async\" aria-describedby=\"caption-attachment-1344\" class=\"size-thumbnail wp-image-1344\" src=\"https:\/\/jf-landkreis-vulkaneifel.de\/wp-content\/uploads\/2016\/06\/16-06-19-Wandertag-Juenkerath-2016_055-550x367.jpg\" alt=\"Socken-Zielwerfen\" width=\"550\" height=\"367\" srcset=\"https:\/\/jf-landkreis-vulkaneifel.de\/wp-content\/uploads\/2016\/06\/16-06-19-Wandertag-Juenkerath-2016_055-550x367.jpg 550w, https:\/\/jf-landkreis-vulkaneifel.de\/wp-content\/uploads\/2016\/06\/16-06-19-Wandertag-Juenkerath-2016_055.jpg 1024w, https:\/\/jf-landkreis-vulkaneifel.de\/wp-content\/uploads\/2016\/06\/16-06-19-Wandertag-Juenkerath-2016_055-768x512.jpg 768w, https:\/\/jf-landkreis-vulkaneifel.de\/wp-content\/uploads\/2016\/06\/16-06-19-Wandertag-Juenkerath-2016_055-624x416.jpg 624w\" sizes=\"auto, (max-width: 550px) 100vw, 550px\" \/><\/a><p id=\"caption-attachment-1344\" class=\"wp-caption-text\">Socken-Zielwerfen<\/p><\/div>\n<div id=\"attachment_1343\" style=\"width: 560px\" class=\"wp-caption alignnone\"><a href=\"https:\/\/jf-landkreis-vulkaneifel.de\/wp-content\/uploads\/2016\/06\/16-06-19-Wandertag-Juenkerath-2016_043.jpg\"><img loading=\"lazy\" decoding=\"async\" aria-describedby=\"caption-attachment-1343\" class=\"size-thumbnail wp-image-1343\" src=\"https:\/\/jf-landkreis-vulkaneifel.de\/wp-content\/uploads\/2016\/06\/16-06-19-Wandertag-Juenkerath-2016_043-550x367.jpg\" alt=\"Kett-Car im Slalomkurs\" width=\"550\" height=\"367\" srcset=\"https:\/\/jf-landkreis-vulkaneifel.de\/wp-content\/uploads\/2016\/06\/16-06-19-Wandertag-Juenkerath-2016_043-550x367.jpg 550w, https:\/\/jf-landkreis-vulkaneifel.de\/wp-content\/uploads\/2016\/06\/16-06-19-Wandertag-Juenkerath-2016_043.jpg 1024w, https:\/\/jf-landkreis-vulkaneifel.de\/wp-content\/uploads\/2016\/06\/16-06-19-Wandertag-Juenkerath-2016_043-768x512.jpg 768w, https:\/\/jf-landkreis-vulkaneifel.de\/wp-content\/uploads\/2016\/06\/16-06-19-Wandertag-Juenkerath-2016_043-624x416.jpg 624w\" sizes=\"auto, (max-width: 550px) 100vw, 550px\" \/><\/a><p id=\"caption-attachment-1343\" class=\"wp-caption-text\">Kett-Car im Slalomkurs<\/p><\/div>\n<div id=\"attachment_1342\" style=\"width: 560px\" class=\"wp-caption alignnone\"><a href=\"https:\/\/jf-landkreis-vulkaneifel.de\/wp-content\/uploads\/2016\/06\/16-06-19-Wandertag-Juenkerath-2016_041.jpg\"><img loading=\"lazy\" decoding=\"async\" aria-describedby=\"caption-attachment-1342\" class=\"size-thumbnail wp-image-1342\" src=\"https:\/\/jf-landkreis-vulkaneifel.de\/wp-content\/uploads\/2016\/06\/16-06-19-Wandertag-Juenkerath-2016_041-550x367.jpg\" alt=\"Der Chef testet noch schnell selber!\" width=\"550\" height=\"367\" srcset=\"https:\/\/jf-landkreis-vulkaneifel.de\/wp-content\/uploads\/2016\/06\/16-06-19-Wandertag-Juenkerath-2016_041-550x367.jpg 550w, https:\/\/jf-landkreis-vulkaneifel.de\/wp-content\/uploads\/2016\/06\/16-06-19-Wandertag-Juenkerath-2016_041.jpg 1024w, https:\/\/jf-landkreis-vulkaneifel.de\/wp-content\/uploads\/2016\/06\/16-06-19-Wandertag-Juenkerath-2016_041-768x512.jpg 768w, https:\/\/jf-landkreis-vulkaneifel.de\/wp-content\/uploads\/2016\/06\/16-06-19-Wandertag-Juenkerath-2016_041-624x416.jpg 624w\" sizes=\"auto, (max-width: 550px) 100vw, 550px\" \/><\/a><p id=\"caption-attachment-1342\" class=\"wp-caption-text\">Der Chef testet noch schnell selber!<\/p><\/div>\n<div id=\"attachment_1341\" style=\"width: 560px\" class=\"wp-caption alignnone\"><a href=\"https:\/\/jf-landkreis-vulkaneifel.de\/wp-content\/uploads\/2016\/06\/16-06-19-Wandertag-Juenkerath-2016_039.jpg\"><img loading=\"lazy\" decoding=\"async\" aria-describedby=\"caption-attachment-1341\" class=\"size-thumbnail wp-image-1341\" src=\"https:\/\/jf-landkreis-vulkaneifel.de\/wp-content\/uploads\/2016\/06\/16-06-19-Wandertag-Juenkerath-2016_039-550x367.jpg\" alt=\"Harald Schmitz Kreisjugendfeuerwehrwart und sein Vorg\u00e4nger Ferdi Diederichs mit dem Ortsb\u00fcrgermeister von J\u00fcnkerath Rainer Helfen\" width=\"550\" height=\"367\" srcset=\"https:\/\/jf-landkreis-vulkaneifel.de\/wp-content\/uploads\/2016\/06\/16-06-19-Wandertag-Juenkerath-2016_039-550x367.jpg 550w, https:\/\/jf-landkreis-vulkaneifel.de\/wp-content\/uploads\/2016\/06\/16-06-19-Wandertag-Juenkerath-2016_039.jpg 1024w, https:\/\/jf-landkreis-vulkaneifel.de\/wp-content\/uploads\/2016\/06\/16-06-19-Wandertag-Juenkerath-2016_039-768x512.jpg 768w, https:\/\/jf-landkreis-vulkaneifel.de\/wp-content\/uploads\/2016\/06\/16-06-19-Wandertag-Juenkerath-2016_039-624x416.jpg 624w\" sizes=\"auto, (max-width: 550px) 100vw, 550px\" \/><\/a><p id=\"caption-attachment-1341\" class=\"wp-caption-text\">Harald Schmitz Kreisjugendfeuerwehrwart und sein Vorg\u00e4nger Ferdi Diederichs mit dem Ortsb\u00fcrgermeister von J\u00fcnkerath Rainer Helfen<\/p><\/div>\n<div id=\"attachment_1340\" style=\"width: 560px\" class=\"wp-caption alignnone\"><a href=\"https:\/\/jf-landkreis-vulkaneifel.de\/wp-content\/uploads\/2016\/06\/16-06-19-Wandertag-Juenkerath-2016_034.jpg\"><img loading=\"lazy\" decoding=\"async\" aria-describedby=\"caption-attachment-1340\" class=\"size-thumbnail wp-image-1340\" src=\"https:\/\/jf-landkreis-vulkaneifel.de\/wp-content\/uploads\/2016\/06\/16-06-19-Wandertag-Juenkerath-2016_034-550x367.jpg\" alt=\"Begr\u00fc\u00dfung der Jugendfeuerwehren\" width=\"550\" height=\"367\" srcset=\"https:\/\/jf-landkreis-vulkaneifel.de\/wp-content\/uploads\/2016\/06\/16-06-19-Wandertag-Juenkerath-2016_034-550x367.jpg 550w, https:\/\/jf-landkreis-vulkaneifel.de\/wp-content\/uploads\/2016\/06\/16-06-19-Wandertag-Juenkerath-2016_034.jpg 1024w, https:\/\/jf-landkreis-vulkaneifel.de\/wp-content\/uploads\/2016\/06\/16-06-19-Wandertag-Juenkerath-2016_034-768x512.jpg 768w, https:\/\/jf-landkreis-vulkaneifel.de\/wp-content\/uploads\/2016\/06\/16-06-19-Wandertag-Juenkerath-2016_034-624x416.jpg 624w\" sizes=\"auto, (max-width: 550px) 100vw, 550px\" \/><\/a><p id=\"caption-attachment-1340\" class=\"wp-caption-text\">Begr\u00fc\u00dfung der Jugendfeuerwehren<\/p><\/div>\n<div id=\"attachment_1339\" style=\"width: 560px\" class=\"wp-caption alignnone\"><a href=\"https:\/\/jf-landkreis-vulkaneifel.de\/wp-content\/uploads\/2016\/06\/16-06-19-Wandertag-Juenkerath-2016_033.jpg\"><img loading=\"lazy\" decoding=\"async\" aria-describedby=\"caption-attachment-1339\" class=\"size-thumbnail wp-image-1339\" src=\"https:\/\/jf-landkreis-vulkaneifel.de\/wp-content\/uploads\/2016\/06\/16-06-19-Wandertag-Juenkerath-2016_033-550x367.jpg\" alt=\"JF Gerolstein besetzt die Drehleiter\" width=\"550\" height=\"367\" srcset=\"https:\/\/jf-landkreis-vulkaneifel.de\/wp-content\/uploads\/2016\/06\/16-06-19-Wandertag-Juenkerath-2016_033-550x367.jpg 550w, https:\/\/jf-landkreis-vulkaneifel.de\/wp-content\/uploads\/2016\/06\/16-06-19-Wandertag-Juenkerath-2016_033.jpg 1024w, https:\/\/jf-landkreis-vulkaneifel.de\/wp-content\/uploads\/2016\/06\/16-06-19-Wandertag-Juenkerath-2016_033-768x512.jpg 768w, https:\/\/jf-landkreis-vulkaneifel.de\/wp-content\/uploads\/2016\/06\/16-06-19-Wandertag-Juenkerath-2016_033-624x416.jpg 624w\" sizes=\"auto, (max-width: 550px) 100vw, 550px\" \/><\/a><p id=\"caption-attachment-1339\" class=\"wp-caption-text\">JF Gerolstein besetzt die Drehleiter<\/p><\/div>\n<div id=\"attachment_1338\" style=\"width: 560px\" class=\"wp-caption alignnone\"><a href=\"https:\/\/jf-landkreis-vulkaneifel.de\/wp-content\/uploads\/2016\/06\/16-06-19-Wandertag-Juenkerath-2016_031.jpg\"><img loading=\"lazy\" decoding=\"async\" aria-describedby=\"caption-attachment-1338\" class=\"size-thumbnail wp-image-1338\" src=\"https:\/\/jf-landkreis-vulkaneifel.de\/wp-content\/uploads\/2016\/06\/16-06-19-Wandertag-Juenkerath-2016_031-550x367.jpg\" alt=\"Team-Besprechung\" width=\"550\" height=\"367\" srcset=\"https:\/\/jf-landkreis-vulkaneifel.de\/wp-content\/uploads\/2016\/06\/16-06-19-Wandertag-Juenkerath-2016_031-550x367.jpg 550w, https:\/\/jf-landkreis-vulkaneifel.de\/wp-content\/uploads\/2016\/06\/16-06-19-Wandertag-Juenkerath-2016_031.jpg 1024w, https:\/\/jf-landkreis-vulkaneifel.de\/wp-content\/uploads\/2016\/06\/16-06-19-Wandertag-Juenkerath-2016_031-768x512.jpg 768w, https:\/\/jf-landkreis-vulkaneifel.de\/wp-content\/uploads\/2016\/06\/16-06-19-Wandertag-Juenkerath-2016_031-624x416.jpg 624w\" sizes=\"auto, (max-width: 550px) 100vw, 550px\" \/><\/a><p id=\"caption-attachment-1338\" class=\"wp-caption-text\">Team-Besprechung<\/p><\/div>\n<div id=\"attachment_1337\" style=\"width: 560px\" class=\"wp-caption alignnone\"><a href=\"https:\/\/jf-landkreis-vulkaneifel.de\/wp-content\/uploads\/2016\/06\/16-06-19-Wandertag-Juenkerath-2016_029.jpg\"><img loading=\"lazy\" decoding=\"async\" aria-describedby=\"caption-attachment-1337\" class=\"size-thumbnail wp-image-1337\" src=\"https:\/\/jf-landkreis-vulkaneifel.de\/wp-content\/uploads\/2016\/06\/16-06-19-Wandertag-Juenkerath-2016_029-550x367.jpg\" alt=\"Begr\u00fc\u00dfung der Jugendfeuerwehren\" width=\"550\" height=\"367\" srcset=\"https:\/\/jf-landkreis-vulkaneifel.de\/wp-content\/uploads\/2016\/06\/16-06-19-Wandertag-Juenkerath-2016_029-550x367.jpg 550w, https:\/\/jf-landkreis-vulkaneifel.de\/wp-content\/uploads\/2016\/06\/16-06-19-Wandertag-Juenkerath-2016_029.jpg 1024w, https:\/\/jf-landkreis-vulkaneifel.de\/wp-content\/uploads\/2016\/06\/16-06-19-Wandertag-Juenkerath-2016_029-768x512.jpg 768w, https:\/\/jf-landkreis-vulkaneifel.de\/wp-content\/uploads\/2016\/06\/16-06-19-Wandertag-Juenkerath-2016_029-624x416.jpg 624w\" sizes=\"auto, (max-width: 550px) 100vw, 550px\" \/><\/a><p id=\"caption-attachment-1337\" class=\"wp-caption-text\">Begr\u00fc\u00dfung der Jugendfeuerwehren<\/p><\/div>\n<div id=\"attachment_1336\" style=\"width: 560px\" class=\"wp-caption alignnone\"><a href=\"https:\/\/jf-landkreis-vulkaneifel.de\/wp-content\/uploads\/2016\/06\/16-06-19-Wandertag-Juenkerath-2016_025.jpg\"><img loading=\"lazy\" decoding=\"async\" aria-describedby=\"caption-attachment-1336\" class=\"size-thumbnail wp-image-1336\" src=\"https:\/\/jf-landkreis-vulkaneifel.de\/wp-content\/uploads\/2016\/06\/16-06-19-Wandertag-Juenkerath-2016_025-550x367.jpg\" alt=\"Verpflegungsstand\" width=\"550\" height=\"367\" srcset=\"https:\/\/jf-landkreis-vulkaneifel.de\/wp-content\/uploads\/2016\/06\/16-06-19-Wandertag-Juenkerath-2016_025-550x367.jpg 550w, https:\/\/jf-landkreis-vulkaneifel.de\/wp-content\/uploads\/2016\/06\/16-06-19-Wandertag-Juenkerath-2016_025.jpg 1024w, https:\/\/jf-landkreis-vulkaneifel.de\/wp-content\/uploads\/2016\/06\/16-06-19-Wandertag-Juenkerath-2016_025-768x512.jpg 768w, https:\/\/jf-landkreis-vulkaneifel.de\/wp-content\/uploads\/2016\/06\/16-06-19-Wandertag-Juenkerath-2016_025-624x416.jpg 624w\" sizes=\"auto, (max-width: 550px) 100vw, 550px\" \/><\/a><p id=\"caption-attachment-1336\" class=\"wp-caption-text\">Verpflegungsstand<\/p><\/div>\n<div id=\"attachment_1335\" style=\"width: 560px\" class=\"wp-caption alignnone\"><a href=\"https:\/\/jf-landkreis-vulkaneifel.de\/wp-content\/uploads\/2016\/06\/16-06-19-Wandertag-Juenkerath-2016_021.jpg\"><img loading=\"lazy\" decoding=\"async\" aria-describedby=\"caption-attachment-1335\" class=\"size-thumbnail wp-image-1335\" src=\"https:\/\/jf-landkreis-vulkaneifel.de\/wp-content\/uploads\/2016\/06\/16-06-19-Wandertag-Juenkerath-2016_021-550x367.jpg\" alt=\"Mittagessen\" width=\"550\" height=\"367\" srcset=\"https:\/\/jf-landkreis-vulkaneifel.de\/wp-content\/uploads\/2016\/06\/16-06-19-Wandertag-Juenkerath-2016_021-550x367.jpg 550w, https:\/\/jf-landkreis-vulkaneifel.de\/wp-content\/uploads\/2016\/06\/16-06-19-Wandertag-Juenkerath-2016_021.jpg 1024w, https:\/\/jf-landkreis-vulkaneifel.de\/wp-content\/uploads\/2016\/06\/16-06-19-Wandertag-Juenkerath-2016_021-768x512.jpg 768w, https:\/\/jf-landkreis-vulkaneifel.de\/wp-content\/uploads\/2016\/06\/16-06-19-Wandertag-Juenkerath-2016_021-624x416.jpg 624w\" sizes=\"auto, (max-width: 550px) 100vw, 550px\" \/><\/a><p id=\"caption-attachment-1335\" class=\"wp-caption-text\">Mittagessen<\/p><\/div>\n<div id=\"attachment_1334\" style=\"width: 560px\" class=\"wp-caption alignnone\"><a href=\"https:\/\/jf-landkreis-vulkaneifel.de\/wp-content\/uploads\/2016\/06\/16-06-19-Wandertag-Juenkerath-2016_015.jpg\"><img loading=\"lazy\" decoding=\"async\" aria-describedby=\"caption-attachment-1334\" class=\"size-thumbnail wp-image-1334\" src=\"https:\/\/jf-landkreis-vulkaneifel.de\/wp-content\/uploads\/2016\/06\/16-06-19-Wandertag-Juenkerath-2016_015-550x367.jpg\" alt=\"Mittagessen\" width=\"550\" height=\"367\" srcset=\"https:\/\/jf-landkreis-vulkaneifel.de\/wp-content\/uploads\/2016\/06\/16-06-19-Wandertag-Juenkerath-2016_015-550x367.jpg 550w, https:\/\/jf-landkreis-vulkaneifel.de\/wp-content\/uploads\/2016\/06\/16-06-19-Wandertag-Juenkerath-2016_015.jpg 1024w, https:\/\/jf-landkreis-vulkaneifel.de\/wp-content\/uploads\/2016\/06\/16-06-19-Wandertag-Juenkerath-2016_015-768x512.jpg 768w, https:\/\/jf-landkreis-vulkaneifel.de\/wp-content\/uploads\/2016\/06\/16-06-19-Wandertag-Juenkerath-2016_015-624x416.jpg 624w\" sizes=\"auto, (max-width: 550px) 100vw, 550px\" \/><\/a><p id=\"caption-attachment-1334\" class=\"wp-caption-text\">Mittagessen<\/p><\/div>\n<div id=\"attachment_1333\" style=\"width: 560px\" class=\"wp-caption alignnone\"><a href=\"https:\/\/jf-landkreis-vulkaneifel.de\/wp-content\/uploads\/2016\/06\/16-06-19-Wandertag-Juenkerath-2016_008.jpg\"><img loading=\"lazy\" decoding=\"async\" aria-describedby=\"caption-attachment-1333\" class=\"size-thumbnail wp-image-1333\" src=\"https:\/\/jf-landkreis-vulkaneifel.de\/wp-content\/uploads\/2016\/06\/16-06-19-Wandertag-Juenkerath-2016_008-550x367.jpg\" alt=\"Mittagessen\" width=\"550\" height=\"367\" srcset=\"https:\/\/jf-landkreis-vulkaneifel.de\/wp-content\/uploads\/2016\/06\/16-06-19-Wandertag-Juenkerath-2016_008-550x367.jpg 550w, https:\/\/jf-landkreis-vulkaneifel.de\/wp-content\/uploads\/2016\/06\/16-06-19-Wandertag-Juenkerath-2016_008.jpg 1024w, https:\/\/jf-landkreis-vulkaneifel.de\/wp-content\/uploads\/2016\/06\/16-06-19-Wandertag-Juenkerath-2016_008-768x512.jpg 768w, https:\/\/jf-landkreis-vulkaneifel.de\/wp-content\/uploads\/2016\/06\/16-06-19-Wandertag-Juenkerath-2016_008-624x416.jpg 624w\" sizes=\"auto, (max-width: 550px) 100vw, 550px\" \/><\/a><p id=\"caption-attachment-1333\" class=\"wp-caption-text\">Mittagessen<\/p><\/div>\n<p><a href=\"https:\/\/jf-landkreis-vulkaneifel.de\/?p=1330&amp;preview=true\">[zum Beitrag]<\/a><\/p>\n","protected":false},"excerpt":{"rendered":"<p>Wandertag der Jugendfeuerwehren des Landkreis Vulkaneifel am 19.06.2016 in J\u00fcnkerath [zum Beitrag] [zum Beitrag]<\/p>\n","protected":false},"author":5,"featured_media":1353,"parent":119,"menu_order":0,"comment_status":"closed","ping_status":"closed","template":"","meta":{"footnotes":""},"class_list":["post-1368","page","type-page","status-publish","has-post-thumbnail","hentry"],"_links":{"self":[{"href":"https:\/\/jf-landkreis-vulkaneifel.de\/index.php?rest_route=\/wp\/v2\/pages\/1368","targetHints":{"allow":["GET"]}}],"collection":[{"href":"https:\/\/jf-landkreis-vulkaneifel.de\/index.php?rest_route=\/wp\/v2\/pages"}],"about":[{"href":"https:\/\/jf-landkreis-vulkaneifel.de\/index.php?rest_route=\/wp\/v2\/types\/page"}],"author":[{"embeddable":true,"href":"https:\/\/jf-landkreis-vulkaneifel.de\/index.php?rest_route=\/wp\/v2\/users\/5"}],"replies":[{"embeddable":true,"href":"https:\/\/jf-landkreis-vulkaneifel.de\/index.php?rest_route=%2Fwp%2Fv2%2Fcomments&post=1368"}],"version-history":[{"count":2,"href":"https:\/\/jf-landkreis-vulkaneifel.de\/index.php?rest_route=\/wp\/v2\/pages\/1368\/revisions"}],"predecessor-version":[{"id":1370,"href":"https:\/\/jf-landkreis-vulkaneifel.de\/index.php?rest_route=\/wp\/v2\/pages\/1368\/revisions\/1370"}],"up":[{"embeddable":true,"href":"https:\/\/jf-landkreis-vulkaneifel.de\/index.php?rest_route=\/wp\/v2\/pages\/119"}],"wp:featuredmedia":[{"embeddable":true,"href":"https:\/\/jf-landkreis-vulkaneifel.de\/index.php?rest_route=\/wp\/v2\/media\/1353"}],"wp:attachment":[{"href":"https:\/\/jf-landkreis-vulkaneifel.de\/index.php?rest_route=%2Fwp%2Fv2%2Fmedia&parent=1368"}],"curies":[{"name":"wp","href":"https:\/\/api.w.org\/{rel}","templated":true}]}}