{"id":1444,"date":"2016-10-11T14:43:19","date_gmt":"2016-10-11T12:43:19","guid":{"rendered":"http:\/\/jf-landkreis-vulkaneifel.de\/?page_id=1444"},"modified":"2016-10-11T14:49:10","modified_gmt":"2016-10-11T12:49:10","slug":"jugendflamme-stufe-3-2016","status":"publish","type":"page","link":"https:\/\/jf-landkreis-vulkaneifel.de\/?page_id=1444","title":{"rendered":"Jugendflamme Stufe 3 2016"},"content":{"rendered":"<p>M\u00fcrlenbach | Am 09.10.2016 fand die Abnnahme der Jugendflamme Stufe 3 in M\u00fcrlenbach statt.<\/p>\n<p><a href=\"https:\/\/jf-landkreis-vulkaneifel.de\/?p=1439\">[zum Beitrag]<\/a><\/p>\n<div id=\"attachment_1490\" style=\"width: 560px\" class=\"wp-caption alignnone\"><a href=\"https:\/\/jf-landkreis-vulkaneifel.de\/wp-content\/uploads\/2016\/10\/16-10-09-Jugendflamme-Stufe-3-Muerlenbach-31.jpg\"><img loading=\"lazy\" decoding=\"async\" aria-describedby=\"caption-attachment-1490\" class=\"size-thumbnail wp-image-1490\" src=\"https:\/\/jf-landkreis-vulkaneifel.de\/wp-content\/uploads\/2016\/10\/16-10-09-Jugendflamme-Stufe-3-Muerlenbach-31-550x367.jpg\" alt=\"Verleihung Jugendflamme - Jugendflamme Stufe 3 2016 in M\u00fcrlenbach\" width=\"550\" height=\"367\" srcset=\"https:\/\/jf-landkreis-vulkaneifel.de\/wp-content\/uploads\/2016\/10\/16-10-09-Jugendflamme-Stufe-3-Muerlenbach-31-550x367.jpg 550w, https:\/\/jf-landkreis-vulkaneifel.de\/wp-content\/uploads\/2016\/10\/16-10-09-Jugendflamme-Stufe-3-Muerlenbach-31.jpg 1024w, https:\/\/jf-landkreis-vulkaneifel.de\/wp-content\/uploads\/2016\/10\/16-10-09-Jugendflamme-Stufe-3-Muerlenbach-31-768x512.jpg 768w, https:\/\/jf-landkreis-vulkaneifel.de\/wp-content\/uploads\/2016\/10\/16-10-09-Jugendflamme-Stufe-3-Muerlenbach-31-624x416.jpg 624w\" sizes=\"auto, (max-width: 550px) 100vw, 550px\" \/><\/a><p id=\"caption-attachment-1490\" class=\"wp-caption-text\">Verleihung Jugendflamme &#8211; Jugendflamme Stufe 3 2016 in M\u00fcrlenbach<\/p><\/div>\n<div id=\"attachment_1489\" style=\"width: 560px\" class=\"wp-caption alignnone\"><a href=\"https:\/\/jf-landkreis-vulkaneifel.de\/wp-content\/uploads\/2016\/10\/16-10-09-Jugendflamme-Stufe-3-Muerlenbach-30.jpg\"><img loading=\"lazy\" decoding=\"async\" aria-describedby=\"caption-attachment-1489\" class=\"size-thumbnail wp-image-1489\" src=\"https:\/\/jf-landkreis-vulkaneifel.de\/wp-content\/uploads\/2016\/10\/16-10-09-Jugendflamme-Stufe-3-Muerlenbach-30-550x367.jpg\" alt=\"Verleihung Jugendflamme - Jugendflamme Stufe 3 2016 in M\u00fcrlenbach\" width=\"550\" height=\"367\" srcset=\"https:\/\/jf-landkreis-vulkaneifel.de\/wp-content\/uploads\/2016\/10\/16-10-09-Jugendflamme-Stufe-3-Muerlenbach-30-550x367.jpg 550w, https:\/\/jf-landkreis-vulkaneifel.de\/wp-content\/uploads\/2016\/10\/16-10-09-Jugendflamme-Stufe-3-Muerlenbach-30.jpg 1024w, https:\/\/jf-landkreis-vulkaneifel.de\/wp-content\/uploads\/2016\/10\/16-10-09-Jugendflamme-Stufe-3-Muerlenbach-30-768x512.jpg 768w, https:\/\/jf-landkreis-vulkaneifel.de\/wp-content\/uploads\/2016\/10\/16-10-09-Jugendflamme-Stufe-3-Muerlenbach-30-624x416.jpg 624w\" sizes=\"auto, (max-width: 550px) 100vw, 550px\" \/><\/a><p id=\"caption-attachment-1489\" class=\"wp-caption-text\">Verleihung Jugendflamme &#8211; Jugendflamme Stufe 3 2016 in M\u00fcrlenbach<\/p><\/div>\n<div id=\"attachment_1488\" style=\"width: 560px\" class=\"wp-caption alignnone\"><a href=\"https:\/\/jf-landkreis-vulkaneifel.de\/wp-content\/uploads\/2016\/10\/16-10-09-Jugendflamme-Stufe-3-Muerlenbach-29.jpg\"><img loading=\"lazy\" decoding=\"async\" aria-describedby=\"caption-attachment-1488\" class=\"size-thumbnail wp-image-1488\" src=\"https:\/\/jf-landkreis-vulkaneifel.de\/wp-content\/uploads\/2016\/10\/16-10-09-Jugendflamme-Stufe-3-Muerlenbach-29-550x367.jpg\" alt=\"Verleihung Jugendflamme - Jugendflamme Stufe 3 2016 in M\u00fcrlenbach\" width=\"550\" height=\"367\" srcset=\"https:\/\/jf-landkreis-vulkaneifel.de\/wp-content\/uploads\/2016\/10\/16-10-09-Jugendflamme-Stufe-3-Muerlenbach-29-550x367.jpg 550w, https:\/\/jf-landkreis-vulkaneifel.de\/wp-content\/uploads\/2016\/10\/16-10-09-Jugendflamme-Stufe-3-Muerlenbach-29.jpg 1024w, https:\/\/jf-landkreis-vulkaneifel.de\/wp-content\/uploads\/2016\/10\/16-10-09-Jugendflamme-Stufe-3-Muerlenbach-29-768x512.jpg 768w, https:\/\/jf-landkreis-vulkaneifel.de\/wp-content\/uploads\/2016\/10\/16-10-09-Jugendflamme-Stufe-3-Muerlenbach-29-624x416.jpg 624w\" sizes=\"auto, (max-width: 550px) 100vw, 550px\" \/><\/a><p id=\"caption-attachment-1488\" class=\"wp-caption-text\">Verleihung Jugendflamme &#8211; Jugendflamme Stufe 3 2016 in M\u00fcrlenbach<\/p><\/div>\n<div id=\"attachment_1487\" style=\"width: 560px\" class=\"wp-caption alignnone\"><a href=\"https:\/\/jf-landkreis-vulkaneifel.de\/wp-content\/uploads\/2016\/10\/16-10-09-Jugendflamme-Stufe-3-Muerlenbach-28.jpg\"><img loading=\"lazy\" decoding=\"async\" aria-describedby=\"caption-attachment-1487\" class=\"size-thumbnail wp-image-1487\" src=\"https:\/\/jf-landkreis-vulkaneifel.de\/wp-content\/uploads\/2016\/10\/16-10-09-Jugendflamme-Stufe-3-Muerlenbach-28-550x367.jpg\" alt=\"Verleihung Jugendflamme - Jugendflamme Stufe 3 2016 in M\u00fcrlenbach\" width=\"550\" height=\"367\" srcset=\"https:\/\/jf-landkreis-vulkaneifel.de\/wp-content\/uploads\/2016\/10\/16-10-09-Jugendflamme-Stufe-3-Muerlenbach-28-550x367.jpg 550w, https:\/\/jf-landkreis-vulkaneifel.de\/wp-content\/uploads\/2016\/10\/16-10-09-Jugendflamme-Stufe-3-Muerlenbach-28.jpg 1024w, https:\/\/jf-landkreis-vulkaneifel.de\/wp-content\/uploads\/2016\/10\/16-10-09-Jugendflamme-Stufe-3-Muerlenbach-28-768x512.jpg 768w, https:\/\/jf-landkreis-vulkaneifel.de\/wp-content\/uploads\/2016\/10\/16-10-09-Jugendflamme-Stufe-3-Muerlenbach-28-624x416.jpg 624w\" sizes=\"auto, (max-width: 550px) 100vw, 550px\" \/><\/a><p id=\"caption-attachment-1487\" class=\"wp-caption-text\">Verleihung Jugendflamme &#8211; Jugendflamme Stufe 3 2016 in M\u00fcrlenbach<\/p><\/div>\n<div id=\"attachment_1486\" style=\"width: 560px\" class=\"wp-caption alignnone\"><a href=\"https:\/\/jf-landkreis-vulkaneifel.de\/wp-content\/uploads\/2016\/10\/16-10-09-Jugendflamme-Stufe-3-Muerlenbach-27.jpg\"><img loading=\"lazy\" decoding=\"async\" aria-describedby=\"caption-attachment-1486\" class=\"size-thumbnail wp-image-1486\" src=\"https:\/\/jf-landkreis-vulkaneifel.de\/wp-content\/uploads\/2016\/10\/16-10-09-Jugendflamme-Stufe-3-Muerlenbach-27-550x367.jpg\" alt=\"Verleihung Jugendflamme - Jugendflamme Stufe 3 2016 in M\u00fcrlenbach\" width=\"550\" height=\"367\" srcset=\"https:\/\/jf-landkreis-vulkaneifel.de\/wp-content\/uploads\/2016\/10\/16-10-09-Jugendflamme-Stufe-3-Muerlenbach-27-550x367.jpg 550w, https:\/\/jf-landkreis-vulkaneifel.de\/wp-content\/uploads\/2016\/10\/16-10-09-Jugendflamme-Stufe-3-Muerlenbach-27.jpg 1024w, https:\/\/jf-landkreis-vulkaneifel.de\/wp-content\/uploads\/2016\/10\/16-10-09-Jugendflamme-Stufe-3-Muerlenbach-27-768x512.jpg 768w, https:\/\/jf-landkreis-vulkaneifel.de\/wp-content\/uploads\/2016\/10\/16-10-09-Jugendflamme-Stufe-3-Muerlenbach-27-624x416.jpg 624w\" sizes=\"auto, (max-width: 550px) 100vw, 550px\" \/><\/a><p id=\"caption-attachment-1486\" class=\"wp-caption-text\">Verleihung Jugendflamme &#8211; Jugendflamme Stufe 3 2016 in M\u00fcrlenbach<\/p><\/div>\n<div id=\"attachment_1485\" style=\"width: 560px\" class=\"wp-caption alignnone\"><a href=\"https:\/\/jf-landkreis-vulkaneifel.de\/wp-content\/uploads\/2016\/10\/16-10-09-Jugendflamme-Stufe-3-Muerlenbach-26.jpg\"><img loading=\"lazy\" decoding=\"async\" aria-describedby=\"caption-attachment-1485\" class=\"size-thumbnail wp-image-1485\" src=\"https:\/\/jf-landkreis-vulkaneifel.de\/wp-content\/uploads\/2016\/10\/16-10-09-Jugendflamme-Stufe-3-Muerlenbach-26-550x367.jpg\" alt=\"Verleihung Jugendflamme - Jugendflamme Stufe 3 2016 in M\u00fcrlenbach\" width=\"550\" height=\"367\" srcset=\"https:\/\/jf-landkreis-vulkaneifel.de\/wp-content\/uploads\/2016\/10\/16-10-09-Jugendflamme-Stufe-3-Muerlenbach-26-550x367.jpg 550w, https:\/\/jf-landkreis-vulkaneifel.de\/wp-content\/uploads\/2016\/10\/16-10-09-Jugendflamme-Stufe-3-Muerlenbach-26.jpg 1024w, https:\/\/jf-landkreis-vulkaneifel.de\/wp-content\/uploads\/2016\/10\/16-10-09-Jugendflamme-Stufe-3-Muerlenbach-26-768x512.jpg 768w, https:\/\/jf-landkreis-vulkaneifel.de\/wp-content\/uploads\/2016\/10\/16-10-09-Jugendflamme-Stufe-3-Muerlenbach-26-624x416.jpg 624w\" sizes=\"auto, (max-width: 550px) 100vw, 550px\" \/><\/a><p id=\"caption-attachment-1485\" class=\"wp-caption-text\">Verleihung Jugendflamme &#8211; Jugendflamme Stufe 3 2016 in M\u00fcrlenbach<\/p><\/div>\n<div id=\"attachment_1484\" style=\"width: 560px\" class=\"wp-caption alignnone\"><a href=\"https:\/\/jf-landkreis-vulkaneifel.de\/wp-content\/uploads\/2016\/10\/16-10-09-Jugendflamme-Stufe-3-Muerlenbach-25.jpg\"><img loading=\"lazy\" decoding=\"async\" aria-describedby=\"caption-attachment-1484\" class=\"size-thumbnail wp-image-1484\" src=\"https:\/\/jf-landkreis-vulkaneifel.de\/wp-content\/uploads\/2016\/10\/16-10-09-Jugendflamme-Stufe-3-Muerlenbach-25-550x367.jpg\" alt=\"2. Gruppen\u00fcbung - Jugendflamme Stufe 3 2016 Feuerwehr - Jugendflamme Stufe 3 2016 in M\u00fcrlenbachin M\u00fcrlenbach\" width=\"550\" height=\"367\" srcset=\"https:\/\/jf-landkreis-vulkaneifel.de\/wp-content\/uploads\/2016\/10\/16-10-09-Jugendflamme-Stufe-3-Muerlenbach-25-550x367.jpg 550w, https:\/\/jf-landkreis-vulkaneifel.de\/wp-content\/uploads\/2016\/10\/16-10-09-Jugendflamme-Stufe-3-Muerlenbach-25.jpg 1024w, https:\/\/jf-landkreis-vulkaneifel.de\/wp-content\/uploads\/2016\/10\/16-10-09-Jugendflamme-Stufe-3-Muerlenbach-25-768x512.jpg 768w, https:\/\/jf-landkreis-vulkaneifel.de\/wp-content\/uploads\/2016\/10\/16-10-09-Jugendflamme-Stufe-3-Muerlenbach-25-624x416.jpg 624w\" sizes=\"auto, (max-width: 550px) 100vw, 550px\" \/><\/a><p id=\"caption-attachment-1484\" class=\"wp-caption-text\">Feuerwehr &#8211; Jugendflamme Stufe 3 2016 in M\u00fcrlenbach<\/p><\/div>\n<div id=\"attachment_1483\" style=\"width: 560px\" class=\"wp-caption alignnone\"><a href=\"https:\/\/jf-landkreis-vulkaneifel.de\/wp-content\/uploads\/2016\/10\/16-10-09-Jugendflamme-Stufe-3-Muerlenbach-24.jpg\"><img loading=\"lazy\" decoding=\"async\" aria-describedby=\"caption-attachment-1483\" class=\"size-thumbnail wp-image-1483\" src=\"https:\/\/jf-landkreis-vulkaneifel.de\/wp-content\/uploads\/2016\/10\/16-10-09-Jugendflamme-Stufe-3-Muerlenbach-24-550x367.jpg\" alt=\"2. Gruppen\u00fcbung - Jugendflamme Stufe 3 2016 in M\u00fcrlenbach\" width=\"550\" height=\"367\" srcset=\"https:\/\/jf-landkreis-vulkaneifel.de\/wp-content\/uploads\/2016\/10\/16-10-09-Jugendflamme-Stufe-3-Muerlenbach-24-550x367.jpg 550w, https:\/\/jf-landkreis-vulkaneifel.de\/wp-content\/uploads\/2016\/10\/16-10-09-Jugendflamme-Stufe-3-Muerlenbach-24.jpg 1024w, https:\/\/jf-landkreis-vulkaneifel.de\/wp-content\/uploads\/2016\/10\/16-10-09-Jugendflamme-Stufe-3-Muerlenbach-24-768x512.jpg 768w, https:\/\/jf-landkreis-vulkaneifel.de\/wp-content\/uploads\/2016\/10\/16-10-09-Jugendflamme-Stufe-3-Muerlenbach-24-624x416.jpg 624w\" sizes=\"auto, (max-width: 550px) 100vw, 550px\" \/><\/a><p id=\"caption-attachment-1483\" class=\"wp-caption-text\">2. Gruppen\u00fcbung &#8211; Jugendflamme Stufe 3 2016 in M\u00fcrlenbach<\/p><\/div>\n<div id=\"attachment_1482\" style=\"width: 560px\" class=\"wp-caption alignnone\"><a href=\"https:\/\/jf-landkreis-vulkaneifel.de\/wp-content\/uploads\/2016\/10\/16-10-09-Jugendflamme-Stufe-3-Muerlenbach-23.jpg\"><img loading=\"lazy\" decoding=\"async\" aria-describedby=\"caption-attachment-1482\" class=\"size-thumbnail wp-image-1482\" src=\"https:\/\/jf-landkreis-vulkaneifel.de\/wp-content\/uploads\/2016\/10\/16-10-09-Jugendflamme-Stufe-3-Muerlenbach-23-550x367.jpg\" alt=\"Wertungsrichter - Jugendflamme Stufe 3 2016 in M\u00fcrlenbach\" width=\"550\" height=\"367\" srcset=\"https:\/\/jf-landkreis-vulkaneifel.de\/wp-content\/uploads\/2016\/10\/16-10-09-Jugendflamme-Stufe-3-Muerlenbach-23-550x367.jpg 550w, https:\/\/jf-landkreis-vulkaneifel.de\/wp-content\/uploads\/2016\/10\/16-10-09-Jugendflamme-Stufe-3-Muerlenbach-23.jpg 1024w, https:\/\/jf-landkreis-vulkaneifel.de\/wp-content\/uploads\/2016\/10\/16-10-09-Jugendflamme-Stufe-3-Muerlenbach-23-768x512.jpg 768w, https:\/\/jf-landkreis-vulkaneifel.de\/wp-content\/uploads\/2016\/10\/16-10-09-Jugendflamme-Stufe-3-Muerlenbach-23-624x416.jpg 624w\" sizes=\"auto, (max-width: 550px) 100vw, 550px\" \/><\/a><p id=\"caption-attachment-1482\" class=\"wp-caption-text\">Wertungsrichter &#8211; Jugendflamme Stufe 3 2016 in M\u00fcrlenbach<\/p><\/div>\n<div id=\"attachment_1481\" style=\"width: 560px\" class=\"wp-caption alignnone\"><a href=\"https:\/\/jf-landkreis-vulkaneifel.de\/wp-content\/uploads\/2016\/10\/16-10-09-Jugendflamme-Stufe-3-Muerlenbach-22.jpg\"><img loading=\"lazy\" decoding=\"async\" aria-describedby=\"caption-attachment-1481\" class=\"size-thumbnail wp-image-1481\" src=\"https:\/\/jf-landkreis-vulkaneifel.de\/wp-content\/uploads\/2016\/10\/16-10-09-Jugendflamme-Stufe-3-Muerlenbach-22-550x367.jpg\" alt=\"2. Gruppen\u00fcbung - Jugendflamme Stufe 3 2016 in M\u00fcrlenbach\" width=\"550\" height=\"367\" srcset=\"https:\/\/jf-landkreis-vulkaneifel.de\/wp-content\/uploads\/2016\/10\/16-10-09-Jugendflamme-Stufe-3-Muerlenbach-22-550x367.jpg 550w, https:\/\/jf-landkreis-vulkaneifel.de\/wp-content\/uploads\/2016\/10\/16-10-09-Jugendflamme-Stufe-3-Muerlenbach-22.jpg 1024w, https:\/\/jf-landkreis-vulkaneifel.de\/wp-content\/uploads\/2016\/10\/16-10-09-Jugendflamme-Stufe-3-Muerlenbach-22-768x512.jpg 768w, https:\/\/jf-landkreis-vulkaneifel.de\/wp-content\/uploads\/2016\/10\/16-10-09-Jugendflamme-Stufe-3-Muerlenbach-22-624x416.jpg 624w\" sizes=\"auto, (max-width: 550px) 100vw, 550px\" \/><\/a><p id=\"caption-attachment-1481\" class=\"wp-caption-text\">2. Gruppen\u00fcbung &#8211; Jugendflamme Stufe 3 2016 in M\u00fcrlenbach<\/p><\/div>\n<div id=\"attachment_1480\" style=\"width: 560px\" class=\"wp-caption alignnone\"><a href=\"https:\/\/jf-landkreis-vulkaneifel.de\/wp-content\/uploads\/2016\/10\/16-10-09-Jugendflamme-Stufe-3-Muerlenbach-21.jpg\"><img loading=\"lazy\" decoding=\"async\" aria-describedby=\"caption-attachment-1480\" class=\"size-thumbnail wp-image-1480\" src=\"https:\/\/jf-landkreis-vulkaneifel.de\/wp-content\/uploads\/2016\/10\/16-10-09-Jugendflamme-Stufe-3-Muerlenbach-21-550x367.jpg\" alt=\"Wertungsrichter - Jugendflamme Stufe 3 2016 in M\u00fcrlenbach\" width=\"550\" height=\"367\" srcset=\"https:\/\/jf-landkreis-vulkaneifel.de\/wp-content\/uploads\/2016\/10\/16-10-09-Jugendflamme-Stufe-3-Muerlenbach-21-550x367.jpg 550w, https:\/\/jf-landkreis-vulkaneifel.de\/wp-content\/uploads\/2016\/10\/16-10-09-Jugendflamme-Stufe-3-Muerlenbach-21.jpg 1024w, https:\/\/jf-landkreis-vulkaneifel.de\/wp-content\/uploads\/2016\/10\/16-10-09-Jugendflamme-Stufe-3-Muerlenbach-21-768x512.jpg 768w, https:\/\/jf-landkreis-vulkaneifel.de\/wp-content\/uploads\/2016\/10\/16-10-09-Jugendflamme-Stufe-3-Muerlenbach-21-624x416.jpg 624w\" sizes=\"auto, (max-width: 550px) 100vw, 550px\" \/><\/a><p id=\"caption-attachment-1480\" class=\"wp-caption-text\">Wertungsrichter &#8211; Jugendflamme Stufe 3 2016 in M\u00fcrlenbach<\/p><\/div>\n<div id=\"attachment_1479\" style=\"width: 560px\" class=\"wp-caption alignnone\"><a href=\"https:\/\/jf-landkreis-vulkaneifel.de\/wp-content\/uploads\/2016\/10\/16-10-09-Jugendflamme-Stufe-3-Muerlenbach-20.jpg\"><img loading=\"lazy\" decoding=\"async\" aria-describedby=\"caption-attachment-1479\" class=\"size-thumbnail wp-image-1479\" src=\"https:\/\/jf-landkreis-vulkaneifel.de\/wp-content\/uploads\/2016\/10\/16-10-09-Jugendflamme-Stufe-3-Muerlenbach-20-550x367.jpg\" alt=\"2. Gruppen\u00fcbung - Jugendflamme Stufe 3 2016 in M\u00fcrlenbach\" width=\"550\" height=\"367\" srcset=\"https:\/\/jf-landkreis-vulkaneifel.de\/wp-content\/uploads\/2016\/10\/16-10-09-Jugendflamme-Stufe-3-Muerlenbach-20-550x367.jpg 550w, https:\/\/jf-landkreis-vulkaneifel.de\/wp-content\/uploads\/2016\/10\/16-10-09-Jugendflamme-Stufe-3-Muerlenbach-20.jpg 1024w, https:\/\/jf-landkreis-vulkaneifel.de\/wp-content\/uploads\/2016\/10\/16-10-09-Jugendflamme-Stufe-3-Muerlenbach-20-768x512.jpg 768w, https:\/\/jf-landkreis-vulkaneifel.de\/wp-content\/uploads\/2016\/10\/16-10-09-Jugendflamme-Stufe-3-Muerlenbach-20-624x416.jpg 624w\" sizes=\"auto, (max-width: 550px) 100vw, 550px\" \/><\/a><p id=\"caption-attachment-1479\" class=\"wp-caption-text\">2. Gruppen\u00fcbung &#8211; Jugendflamme Stufe 3 2016 in M\u00fcrlenbach<\/p><\/div>\n<div id=\"attachment_1478\" style=\"width: 560px\" class=\"wp-caption alignnone\"><a href=\"https:\/\/jf-landkreis-vulkaneifel.de\/wp-content\/uploads\/2016\/10\/16-10-09-Jugendflamme-Stufe-3-Muerlenbach-19.jpg\"><img loading=\"lazy\" decoding=\"async\" aria-describedby=\"caption-attachment-1478\" class=\"size-thumbnail wp-image-1478\" src=\"https:\/\/jf-landkreis-vulkaneifel.de\/wp-content\/uploads\/2016\/10\/16-10-09-Jugendflamme-Stufe-3-Muerlenbach-19-550x367.jpg\" alt=\"2. Gr2. Gruppen\u00fcbung - Jugendflamme Stufe 3 2016 in M\u00fcrlenbachuppen\u00fcbung - Jugendflamme Stufe 3 2016 in M\u00fcrlenbach\" width=\"550\" height=\"367\" srcset=\"https:\/\/jf-landkreis-vulkaneifel.de\/wp-content\/uploads\/2016\/10\/16-10-09-Jugendflamme-Stufe-3-Muerlenbach-19-550x367.jpg 550w, https:\/\/jf-landkreis-vulkaneifel.de\/wp-content\/uploads\/2016\/10\/16-10-09-Jugendflamme-Stufe-3-Muerlenbach-19.jpg 1024w, https:\/\/jf-landkreis-vulkaneifel.de\/wp-content\/uploads\/2016\/10\/16-10-09-Jugendflamme-Stufe-3-Muerlenbach-19-768x512.jpg 768w, https:\/\/jf-landkreis-vulkaneifel.de\/wp-content\/uploads\/2016\/10\/16-10-09-Jugendflamme-Stufe-3-Muerlenbach-19-624x416.jpg 624w\" sizes=\"auto, (max-width: 550px) 100vw, 550px\" \/><\/a><p id=\"caption-attachment-1478\" class=\"wp-caption-text\">2. Gruppen\u00fcbung &#8211; Jugendflamme Stufe 3 2016 in M\u00fcrlenbach<\/p><\/div>\n<div id=\"attachment_1477\" style=\"width: 560px\" class=\"wp-caption alignnone\"><a href=\"https:\/\/jf-landkreis-vulkaneifel.de\/wp-content\/uploads\/2016\/10\/16-10-09-Jugendflamme-Stufe-3-Muerlenbach-18.jpg\"><img loading=\"lazy\" decoding=\"async\" aria-describedby=\"caption-attachment-1477\" class=\"size-thumbnail wp-image-1477\" src=\"https:\/\/jf-landkreis-vulkaneifel.de\/wp-content\/uploads\/2016\/10\/16-10-09-Jugendflamme-Stufe-3-Muerlenbach-18-550x367.jpg\" alt=\"1. Gruppen\u00fcbung - Jugendflamme Stufe 3 2016 in M\u00fcrlenbach\" width=\"550\" height=\"367\" srcset=\"https:\/\/jf-landkreis-vulkaneifel.de\/wp-content\/uploads\/2016\/10\/16-10-09-Jugendflamme-Stufe-3-Muerlenbach-18-550x367.jpg 550w, https:\/\/jf-landkreis-vulkaneifel.de\/wp-content\/uploads\/2016\/10\/16-10-09-Jugendflamme-Stufe-3-Muerlenbach-18.jpg 1024w, https:\/\/jf-landkreis-vulkaneifel.de\/wp-content\/uploads\/2016\/10\/16-10-09-Jugendflamme-Stufe-3-Muerlenbach-18-768x512.jpg 768w, https:\/\/jf-landkreis-vulkaneifel.de\/wp-content\/uploads\/2016\/10\/16-10-09-Jugendflamme-Stufe-3-Muerlenbach-18-624x416.jpg 624w\" sizes=\"auto, (max-width: 550px) 100vw, 550px\" \/><\/a><p id=\"caption-attachment-1477\" class=\"wp-caption-text\">1. Gruppen\u00fcbung &#8211; Jugendflamme Stufe 3 2016 in M\u00fcrlenbach<\/p><\/div>\n<div id=\"attachment_1476\" style=\"width: 560px\" class=\"wp-caption alignnone\"><a href=\"https:\/\/jf-landkreis-vulkaneifel.de\/wp-content\/uploads\/2016\/10\/16-10-09-Jugendflamme-Stufe-3-Muerlenbach-17.jpg\"><img loading=\"lazy\" decoding=\"async\" aria-describedby=\"caption-attachment-1476\" class=\"size-thumbnail wp-image-1476\" src=\"https:\/\/jf-landkreis-vulkaneifel.de\/wp-content\/uploads\/2016\/10\/16-10-09-Jugendflamme-Stufe-3-Muerlenbach-17-550x367.jpg\" alt=\"1. Gruppen\u00fcbung - Jugendflamme Stufe 3 2016 in M\u00fcrlenbach\" width=\"550\" height=\"367\" srcset=\"https:\/\/jf-landkreis-vulkaneifel.de\/wp-content\/uploads\/2016\/10\/16-10-09-Jugendflamme-Stufe-3-Muerlenbach-17-550x367.jpg 550w, https:\/\/jf-landkreis-vulkaneifel.de\/wp-content\/uploads\/2016\/10\/16-10-09-Jugendflamme-Stufe-3-Muerlenbach-17.jpg 1024w, https:\/\/jf-landkreis-vulkaneifel.de\/wp-content\/uploads\/2016\/10\/16-10-09-Jugendflamme-Stufe-3-Muerlenbach-17-768x512.jpg 768w, https:\/\/jf-landkreis-vulkaneifel.de\/wp-content\/uploads\/2016\/10\/16-10-09-Jugendflamme-Stufe-3-Muerlenbach-17-624x416.jpg 624w\" sizes=\"auto, (max-width: 550px) 100vw, 550px\" \/><\/a><p id=\"caption-attachment-1476\" class=\"wp-caption-text\">1. Gruppen\u00fcbung &#8211; Jugendflamme Stufe 3 2016 in M\u00fcrlenbach<\/p><\/div>\n<div id=\"attachment_1475\" style=\"width: 560px\" class=\"wp-caption alignnone\"><a href=\"https:\/\/jf-landkreis-vulkaneifel.de\/wp-content\/uploads\/2016\/10\/16-10-09-Jugendflamme-Stufe-3-Muerlenbach-16.jpg\"><img loading=\"lazy\" decoding=\"async\" aria-describedby=\"caption-attachment-1475\" class=\"size-thumbnail wp-image-1475\" src=\"https:\/\/jf-landkreis-vulkaneifel.de\/wp-content\/uploads\/2016\/10\/16-10-09-Jugendflamme-Stufe-3-Muerlenbach-16-550x367.jpg\" alt=\"1. Gruppen\u00fcbung - Jugendflamme Stufe 3 2016 in M\u00fcrlenbach\" width=\"550\" height=\"367\" srcset=\"https:\/\/jf-landkreis-vulkaneifel.de\/wp-content\/uploads\/2016\/10\/16-10-09-Jugendflamme-Stufe-3-Muerlenbach-16-550x367.jpg 550w, https:\/\/jf-landkreis-vulkaneifel.de\/wp-content\/uploads\/2016\/10\/16-10-09-Jugendflamme-Stufe-3-Muerlenbach-16.jpg 1024w, https:\/\/jf-landkreis-vulkaneifel.de\/wp-content\/uploads\/2016\/10\/16-10-09-Jugendflamme-Stufe-3-Muerlenbach-16-768x512.jpg 768w, https:\/\/jf-landkreis-vulkaneifel.de\/wp-content\/uploads\/2016\/10\/16-10-09-Jugendflamme-Stufe-3-Muerlenbach-16-624x416.jpg 624w\" sizes=\"auto, (max-width: 550px) 100vw, 550px\" \/><\/a><p id=\"caption-attachment-1475\" class=\"wp-caption-text\">1. Gruppen\u00fcbung &#8211; Jugendflamme Stufe 3 2016 in M\u00fcrlenbach<\/p><\/div>\n<div id=\"attachment_1474\" style=\"width: 377px\" class=\"wp-caption alignnone\"><a href=\"https:\/\/jf-landkreis-vulkaneifel.de\/wp-content\/uploads\/2016\/10\/16-10-09-Jugendflamme-Stufe-3-Muerlenbach-15-e1476189550220.jpg\"><img loading=\"lazy\" decoding=\"async\" aria-describedby=\"caption-attachment-1474\" class=\"size-thumbnail wp-image-1474\" src=\"https:\/\/jf-landkreis-vulkaneifel.de\/wp-content\/uploads\/2016\/10\/16-10-09-Jugendflamme-Stufe-3-Muerlenbach-15-e1476189550220-367x550.jpg\" alt=\"1. Gruppen\u00fcbung - Jugendflamme Stufe 3 2016 in M\u00fcrlenbach\" width=\"367\" height=\"550\" srcset=\"https:\/\/jf-landkreis-vulkaneifel.de\/wp-content\/uploads\/2016\/10\/16-10-09-Jugendflamme-Stufe-3-Muerlenbach-15-e1476189550220-367x550.jpg 367w, https:\/\/jf-landkreis-vulkaneifel.de\/wp-content\/uploads\/2016\/10\/16-10-09-Jugendflamme-Stufe-3-Muerlenbach-15-e1476189550220.jpg 683w, https:\/\/jf-landkreis-vulkaneifel.de\/wp-content\/uploads\/2016\/10\/16-10-09-Jugendflamme-Stufe-3-Muerlenbach-15-e1476189550220-624x936.jpg 624w\" sizes=\"auto, (max-width: 367px) 100vw, 367px\" \/><\/a><p id=\"caption-attachment-1474\" class=\"wp-caption-text\">1. Gruppen\u00fcbung &#8211; Jugendflamme Stufe 3 2016 in M\u00fcrlenbach<\/p><\/div>\n<div id=\"attachment_1473\" style=\"width: 560px\" class=\"wp-caption alignnone\"><a href=\"https:\/\/jf-landkreis-vulkaneifel.de\/wp-content\/uploads\/2016\/10\/16-10-09-Jugendflamme-Stufe-3-Muerlenbach-14.jpg\"><img loading=\"lazy\" decoding=\"async\" aria-describedby=\"caption-attachment-1473\" class=\"size-thumbnail wp-image-1473\" src=\"https:\/\/jf-landkreis-vulkaneifel.de\/wp-content\/uploads\/2016\/10\/16-10-09-Jugendflamme-Stufe-3-Muerlenbach-14-550x367.jpg\" alt=\"1. Gruppen\u00fcbung - Jugendflamme Stufe 3 2016 in M\u00fcrlenbach\" width=\"550\" height=\"367\" srcset=\"https:\/\/jf-landkreis-vulkaneifel.de\/wp-content\/uploads\/2016\/10\/16-10-09-Jugendflamme-Stufe-3-Muerlenbach-14-550x367.jpg 550w, https:\/\/jf-landkreis-vulkaneifel.de\/wp-content\/uploads\/2016\/10\/16-10-09-Jugendflamme-Stufe-3-Muerlenbach-14.jpg 1024w, https:\/\/jf-landkreis-vulkaneifel.de\/wp-content\/uploads\/2016\/10\/16-10-09-Jugendflamme-Stufe-3-Muerlenbach-14-768x512.jpg 768w, https:\/\/jf-landkreis-vulkaneifel.de\/wp-content\/uploads\/2016\/10\/16-10-09-Jugendflamme-Stufe-3-Muerlenbach-14-624x416.jpg 624w\" sizes=\"auto, (max-width: 550px) 100vw, 550px\" \/><\/a><p id=\"caption-attachment-1473\" class=\"wp-caption-text\">1. Gruppen\u00fcbung &#8211; Jugendflamme Stufe 3 2016 in M\u00fcrlenbach<\/p><\/div>\n<div id=\"attachment_1472\" style=\"width: 560px\" class=\"wp-caption alignnone\"><a href=\"https:\/\/jf-landkreis-vulkaneifel.de\/wp-content\/uploads\/2016\/10\/16-10-09-Jugendflamme-Stufe-3-Muerlenbach-13.jpg\"><img loading=\"lazy\" decoding=\"async\" aria-describedby=\"caption-attachment-1472\" class=\"size-thumbnail wp-image-1472\" src=\"https:\/\/jf-landkreis-vulkaneifel.de\/wp-content\/uploads\/2016\/10\/16-10-09-Jugendflamme-Stufe-3-Muerlenbach-13-550x367.jpg\" alt=\"1. Gruppen\u00fcbung - Jugendflamme Stufe 3 2016 in M\u00fcrlenbach\" width=\"550\" height=\"367\" srcset=\"https:\/\/jf-landkreis-vulkaneifel.de\/wp-content\/uploads\/2016\/10\/16-10-09-Jugendflamme-Stufe-3-Muerlenbach-13-550x367.jpg 550w, https:\/\/jf-landkreis-vulkaneifel.de\/wp-content\/uploads\/2016\/10\/16-10-09-Jugendflamme-Stufe-3-Muerlenbach-13.jpg 1024w, https:\/\/jf-landkreis-vulkaneifel.de\/wp-content\/uploads\/2016\/10\/16-10-09-Jugendflamme-Stufe-3-Muerlenbach-13-768x512.jpg 768w, https:\/\/jf-landkreis-vulkaneifel.de\/wp-content\/uploads\/2016\/10\/16-10-09-Jugendflamme-Stufe-3-Muerlenbach-13-624x416.jpg 624w\" sizes=\"auto, (max-width: 550px) 100vw, 550px\" \/><\/a><p id=\"caption-attachment-1472\" class=\"wp-caption-text\">1. Gruppen\u00fcbung &#8211; Jugendflamme Stufe 3 2016 in M\u00fcrlenbach<\/p><\/div>\n<div id=\"attachment_1471\" style=\"width: 560px\" class=\"wp-caption alignnone\"><a href=\"https:\/\/jf-landkreis-vulkaneifel.de\/wp-content\/uploads\/2016\/10\/16-10-09-Jugendflamme-Stufe-3-Muerlenbach-12.jpg\"><img loading=\"lazy\" decoding=\"async\" aria-describedby=\"caption-attachment-1471\" class=\"size-thumbnail wp-image-1471\" src=\"https:\/\/jf-landkreis-vulkaneifel.de\/wp-content\/uploads\/2016\/10\/16-10-09-Jugendflamme-Stufe-3-Muerlenbach-12-550x367.jpg\" alt=\"1. Gruppen\u00fcbung - Jugendflamme Stufe 3 2016 in M\u00fcrlenbach\" width=\"550\" height=\"367\" srcset=\"https:\/\/jf-landkreis-vulkaneifel.de\/wp-content\/uploads\/2016\/10\/16-10-09-Jugendflamme-Stufe-3-Muerlenbach-12-550x367.jpg 550w, https:\/\/jf-landkreis-vulkaneifel.de\/wp-content\/uploads\/2016\/10\/16-10-09-Jugendflamme-Stufe-3-Muerlenbach-12.jpg 1024w, https:\/\/jf-landkreis-vulkaneifel.de\/wp-content\/uploads\/2016\/10\/16-10-09-Jugendflamme-Stufe-3-Muerlenbach-12-768x512.jpg 768w, https:\/\/jf-landkreis-vulkaneifel.de\/wp-content\/uploads\/2016\/10\/16-10-09-Jugendflamme-Stufe-3-Muerlenbach-12-624x416.jpg 624w\" sizes=\"auto, (max-width: 550px) 100vw, 550px\" \/><\/a><p id=\"caption-attachment-1471\" class=\"wp-caption-text\">1. Gruppen\u00fcbung &#8211; Jugendflamme Stufe 3 2016 in M\u00fcrlenbach<\/p><\/div>\n<div id=\"attachment_1470\" style=\"width: 560px\" class=\"wp-caption alignnone\"><a href=\"https:\/\/jf-landkreis-vulkaneifel.de\/wp-content\/uploads\/2016\/10\/16-10-09-Jugendflamme-Stufe-3-Muerlenbach-11.jpg\"><img loading=\"lazy\" decoding=\"async\" aria-describedby=\"caption-attachment-1470\" class=\"size-thumbnail wp-image-1470\" src=\"https:\/\/jf-landkreis-vulkaneifel.de\/wp-content\/uploads\/2016\/10\/16-10-09-Jugendflamme-Stufe-3-Muerlenbach-11-550x367.jpg\" alt=\"1. Gruppen\u00fcbung - Jugendflamme Stufe 3 2016 in M\u00fcrlenbach\" width=\"550\" height=\"367\" srcset=\"https:\/\/jf-landkreis-vulkaneifel.de\/wp-content\/uploads\/2016\/10\/16-10-09-Jugendflamme-Stufe-3-Muerlenbach-11-550x367.jpg 550w, https:\/\/jf-landkreis-vulkaneifel.de\/wp-content\/uploads\/2016\/10\/16-10-09-Jugendflamme-Stufe-3-Muerlenbach-11.jpg 1024w, https:\/\/jf-landkreis-vulkaneifel.de\/wp-content\/uploads\/2016\/10\/16-10-09-Jugendflamme-Stufe-3-Muerlenbach-11-768x512.jpg 768w, https:\/\/jf-landkreis-vulkaneifel.de\/wp-content\/uploads\/2016\/10\/16-10-09-Jugendflamme-Stufe-3-Muerlenbach-11-624x416.jpg 624w\" sizes=\"auto, (max-width: 550px) 100vw, 550px\" \/><\/a><p id=\"caption-attachment-1470\" class=\"wp-caption-text\">1. Gruppen\u00fcbung &#8211; Jugendflamme Stufe 3 2016 in M\u00fcrlenbach<\/p><\/div>\n<div id=\"attachment_1469\" style=\"width: 560px\" class=\"wp-caption alignnone\"><a href=\"https:\/\/jf-landkreis-vulkaneifel.de\/wp-content\/uploads\/2016\/10\/16-10-09-Jugendflamme-Stufe-3-Muerlenbach-10.jpg\"><img loading=\"lazy\" decoding=\"async\" aria-describedby=\"caption-attachment-1469\" class=\"size-thumbnail wp-image-1469\" src=\"https:\/\/jf-landkreis-vulkaneifel.de\/wp-content\/uploads\/2016\/10\/16-10-09-Jugendflamme-Stufe-3-Muerlenbach-10-550x367.jpg\" alt=\"1. Gruppen\u00fcbung - Jugendflamme Stufe 3 2016 in M\u00fcrlenbach\" width=\"550\" height=\"367\" srcset=\"https:\/\/jf-landkreis-vulkaneifel.de\/wp-content\/uploads\/2016\/10\/16-10-09-Jugendflamme-Stufe-3-Muerlenbach-10-550x367.jpg 550w, https:\/\/jf-landkreis-vulkaneifel.de\/wp-content\/uploads\/2016\/10\/16-10-09-Jugendflamme-Stufe-3-Muerlenbach-10.jpg 1024w, https:\/\/jf-landkreis-vulkaneifel.de\/wp-content\/uploads\/2016\/10\/16-10-09-Jugendflamme-Stufe-3-Muerlenbach-10-768x512.jpg 768w, https:\/\/jf-landkreis-vulkaneifel.de\/wp-content\/uploads\/2016\/10\/16-10-09-Jugendflamme-Stufe-3-Muerlenbach-10-624x416.jpg 624w\" sizes=\"auto, (max-width: 550px) 100vw, 550px\" \/><\/a><p id=\"caption-attachment-1469\" class=\"wp-caption-text\">1. Gruppen\u00fcbung &#8211; Jugendflamme Stufe 3 2016 in M\u00fcrlenbach<\/p><\/div>\n<div id=\"attachment_1468\" style=\"width: 560px\" class=\"wp-caption alignnone\"><a href=\"https:\/\/jf-landkreis-vulkaneifel.de\/wp-content\/uploads\/2016\/10\/16-10-09-Jugendflamme-Stufe-3-Muerlenbach-09.jpg\"><img loading=\"lazy\" decoding=\"async\" aria-describedby=\"caption-attachment-1468\" class=\"size-thumbnail wp-image-1468\" src=\"https:\/\/jf-landkreis-vulkaneifel.de\/wp-content\/uploads\/2016\/10\/16-10-09-Jugendflamme-Stufe-3-Muerlenbach-09-550x367.jpg\" alt=\"1. Gruppen\u00fcbung - Jugendflamme Stufe 3 2016 in M\u00fcrlenbach\" width=\"550\" height=\"367\" srcset=\"https:\/\/jf-landkreis-vulkaneifel.de\/wp-content\/uploads\/2016\/10\/16-10-09-Jugendflamme-Stufe-3-Muerlenbach-09-550x367.jpg 550w, https:\/\/jf-landkreis-vulkaneifel.de\/wp-content\/uploads\/2016\/10\/16-10-09-Jugendflamme-Stufe-3-Muerlenbach-09.jpg 1024w, https:\/\/jf-landkreis-vulkaneifel.de\/wp-content\/uploads\/2016\/10\/16-10-09-Jugendflamme-Stufe-3-Muerlenbach-09-768x512.jpg 768w, https:\/\/jf-landkreis-vulkaneifel.de\/wp-content\/uploads\/2016\/10\/16-10-09-Jugendflamme-Stufe-3-Muerlenbach-09-624x416.jpg 624w\" sizes=\"auto, (max-width: 550px) 100vw, 550px\" \/><\/a><p id=\"caption-attachment-1468\" class=\"wp-caption-text\">1. Gruppen\u00fcbung &#8211; Jugendflamme Stufe 3 2016 in M\u00fcrlenbach<\/p><\/div>\n<div id=\"attachment_1467\" style=\"width: 560px\" class=\"wp-caption alignnone\"><a href=\"https:\/\/jf-landkreis-vulkaneifel.de\/wp-content\/uploads\/2016\/10\/16-10-09-Jugendflamme-Stufe-3-Muerlenbach-08.jpg\"><img loading=\"lazy\" decoding=\"async\" aria-describedby=\"caption-attachment-1467\" class=\"size-thumbnail wp-image-1467\" src=\"https:\/\/jf-landkreis-vulkaneifel.de\/wp-content\/uploads\/2016\/10\/16-10-09-Jugendflamme-Stufe-3-Muerlenbach-08-550x367.jpg\" alt=\"1. Gruppen\u00fcbung - Jugendflamme Stufe 3 2016 in M\u00fcrlenbach\" width=\"550\" height=\"367\" srcset=\"https:\/\/jf-landkreis-vulkaneifel.de\/wp-content\/uploads\/2016\/10\/16-10-09-Jugendflamme-Stufe-3-Muerlenbach-08-550x367.jpg 550w, https:\/\/jf-landkreis-vulkaneifel.de\/wp-content\/uploads\/2016\/10\/16-10-09-Jugendflamme-Stufe-3-Muerlenbach-08.jpg 1024w, https:\/\/jf-landkreis-vulkaneifel.de\/wp-content\/uploads\/2016\/10\/16-10-09-Jugendflamme-Stufe-3-Muerlenbach-08-768x512.jpg 768w, https:\/\/jf-landkreis-vulkaneifel.de\/wp-content\/uploads\/2016\/10\/16-10-09-Jugendflamme-Stufe-3-Muerlenbach-08-624x416.jpg 624w\" sizes=\"auto, (max-width: 550px) 100vw, 550px\" \/><\/a><p id=\"caption-attachment-1467\" class=\"wp-caption-text\">1. Gruppen\u00fcbung &#8211; Jugendflamme Stufe 3 2016 in M\u00fcrlenbach<\/p><\/div>\n<div id=\"attachment_1466\" style=\"width: 560px\" class=\"wp-caption alignnone\"><a href=\"https:\/\/jf-landkreis-vulkaneifel.de\/wp-content\/uploads\/2016\/10\/16-10-09-Jugendflamme-Stufe-3-Muerlenbach-07.jpg\"><img loading=\"lazy\" decoding=\"async\" aria-describedby=\"caption-attachment-1466\" class=\"size-thumbnail wp-image-1466\" src=\"https:\/\/jf-landkreis-vulkaneifel.de\/wp-content\/uploads\/2016\/10\/16-10-09-Jugendflamme-Stufe-3-Muerlenbach-07-550x367.jpg\" alt=\"1. Gruppen\u00fcbung - Jugendflamme Stufe 3 2016 in M\u00fcrlenbach\" width=\"550\" height=\"367\" srcset=\"https:\/\/jf-landkreis-vulkaneifel.de\/wp-content\/uploads\/2016\/10\/16-10-09-Jugendflamme-Stufe-3-Muerlenbach-07-550x367.jpg 550w, https:\/\/jf-landkreis-vulkaneifel.de\/wp-content\/uploads\/2016\/10\/16-10-09-Jugendflamme-Stufe-3-Muerlenbach-07.jpg 1024w, https:\/\/jf-landkreis-vulkaneifel.de\/wp-content\/uploads\/2016\/10\/16-10-09-Jugendflamme-Stufe-3-Muerlenbach-07-768x512.jpg 768w, https:\/\/jf-landkreis-vulkaneifel.de\/wp-content\/uploads\/2016\/10\/16-10-09-Jugendflamme-Stufe-3-Muerlenbach-07-624x416.jpg 624w\" sizes=\"auto, (max-width: 550px) 100vw, 550px\" \/><\/a><p id=\"caption-attachment-1466\" class=\"wp-caption-text\">1. Gruppen\u00fcbung &#8211; Jugendflamme Stufe 3 2016 in M\u00fcrlenbach<\/p><\/div>\n<div id=\"attachment_1465\" style=\"width: 560px\" class=\"wp-caption alignnone\"><a href=\"https:\/\/jf-landkreis-vulkaneifel.de\/wp-content\/uploads\/2016\/10\/16-10-09-Jugendflamme-Stufe-3-Muerlenbach-06.jpg\"><img loading=\"lazy\" decoding=\"async\" aria-describedby=\"caption-attachment-1465\" class=\"size-thumbnail wp-image-1465\" src=\"https:\/\/jf-landkreis-vulkaneifel.de\/wp-content\/uploads\/2016\/10\/16-10-09-Jugendflamme-Stufe-3-Muerlenbach-06-550x367.jpg\" alt=\"1. Gruppen\u00fcbung - Jugendflamme Stufe 3 2016 in M\u00fcrlenbach\" width=\"550\" height=\"367\" srcset=\"https:\/\/jf-landkreis-vulkaneifel.de\/wp-content\/uploads\/2016\/10\/16-10-09-Jugendflamme-Stufe-3-Muerlenbach-06-550x367.jpg 550w, https:\/\/jf-landkreis-vulkaneifel.de\/wp-content\/uploads\/2016\/10\/16-10-09-Jugendflamme-Stufe-3-Muerlenbach-06.jpg 1024w, https:\/\/jf-landkreis-vulkaneifel.de\/wp-content\/uploads\/2016\/10\/16-10-09-Jugendflamme-Stufe-3-Muerlenbach-06-768x512.jpg 768w, https:\/\/jf-landkreis-vulkaneifel.de\/wp-content\/uploads\/2016\/10\/16-10-09-Jugendflamme-Stufe-3-Muerlenbach-06-624x416.jpg 624w\" sizes=\"auto, (max-width: 550px) 100vw, 550px\" \/><\/a><p id=\"caption-attachment-1465\" class=\"wp-caption-text\">1. Gruppen\u00fcbung &#8211; Jugendflamme Stufe 3 2016 in M\u00fcrlenbach<\/p><\/div>\n<div id=\"attachment_1464\" style=\"width: 560px\" class=\"wp-caption alignnone\"><a href=\"https:\/\/jf-landkreis-vulkaneifel.de\/wp-content\/uploads\/2016\/10\/16-10-09-Jugendflamme-Stufe-3-Muerlenbach-05.jpg\"><img loading=\"lazy\" decoding=\"async\" aria-describedby=\"caption-attachment-1464\" class=\"size-thumbnail wp-image-1464\" src=\"https:\/\/jf-landkreis-vulkaneifel.de\/wp-content\/uploads\/2016\/10\/16-10-09-Jugendflamme-Stufe-3-Muerlenbach-05-550x367.jpg\" alt=\"JF Gerolstein - Jugendflamme Stufe 3 2016 in M\u00fcrlenbach\" width=\"550\" height=\"367\" srcset=\"https:\/\/jf-landkreis-vulkaneifel.de\/wp-content\/uploads\/2016\/10\/16-10-09-Jugendflamme-Stufe-3-Muerlenbach-05-550x367.jpg 550w, https:\/\/jf-landkreis-vulkaneifel.de\/wp-content\/uploads\/2016\/10\/16-10-09-Jugendflamme-Stufe-3-Muerlenbach-05.jpg 1024w, https:\/\/jf-landkreis-vulkaneifel.de\/wp-content\/uploads\/2016\/10\/16-10-09-Jugendflamme-Stufe-3-Muerlenbach-05-768x512.jpg 768w, https:\/\/jf-landkreis-vulkaneifel.de\/wp-content\/uploads\/2016\/10\/16-10-09-Jugendflamme-Stufe-3-Muerlenbach-05-624x416.jpg 624w\" sizes=\"auto, (max-width: 550px) 100vw, 550px\" \/><\/a><p id=\"caption-attachment-1464\" class=\"wp-caption-text\">JF Gerolstein &#8211; Jugendflamme Stufe 3 2016 in M\u00fcrlenbach<\/p><\/div>\n<div id=\"attachment_1463\" style=\"width: 560px\" class=\"wp-caption alignnone\"><a href=\"https:\/\/jf-landkreis-vulkaneifel.de\/wp-content\/uploads\/2016\/10\/16-10-09-Jugendflamme-Stufe-3-Muerlenbach-04.jpg\"><img loading=\"lazy\" decoding=\"async\" aria-describedby=\"caption-attachment-1463\" class=\"size-thumbnail wp-image-1463\" src=\"https:\/\/jf-landkreis-vulkaneifel.de\/wp-content\/uploads\/2016\/10\/16-10-09-Jugendflamme-Stufe-3-Muerlenbach-04-550x367.jpg\" alt=\"Wertungsrichter - Jugendflamme Stufe 3 2016 in M\u00fcrlenbach\" width=\"550\" height=\"367\" srcset=\"https:\/\/jf-landkreis-vulkaneifel.de\/wp-content\/uploads\/2016\/10\/16-10-09-Jugendflamme-Stufe-3-Muerlenbach-04-550x367.jpg 550w, https:\/\/jf-landkreis-vulkaneifel.de\/wp-content\/uploads\/2016\/10\/16-10-09-Jugendflamme-Stufe-3-Muerlenbach-04.jpg 1024w, https:\/\/jf-landkreis-vulkaneifel.de\/wp-content\/uploads\/2016\/10\/16-10-09-Jugendflamme-Stufe-3-Muerlenbach-04-768x512.jpg 768w, https:\/\/jf-landkreis-vulkaneifel.de\/wp-content\/uploads\/2016\/10\/16-10-09-Jugendflamme-Stufe-3-Muerlenbach-04-624x416.jpg 624w\" sizes=\"auto, (max-width: 550px) 100vw, 550px\" \/><\/a><p id=\"caption-attachment-1463\" class=\"wp-caption-text\">Wertungsrichter &#8211; Jugendflamme Stufe 3 2016 in M\u00fcrlenbach<\/p><\/div>\n<div id=\"attachment_1462\" style=\"width: 560px\" class=\"wp-caption alignnone\"><a href=\"https:\/\/jf-landkreis-vulkaneifel.de\/wp-content\/uploads\/2016\/10\/16-10-09-Jugendflamme-Stufe-3-Muerlenbach-03.jpg\"><img loading=\"lazy\" decoding=\"async\" aria-describedby=\"caption-attachment-1462\" class=\"size-thumbnail wp-image-1462\" src=\"https:\/\/jf-landkreis-vulkaneifel.de\/wp-content\/uploads\/2016\/10\/16-10-09-Jugendflamme-Stufe-3-Muerlenbach-03-550x367.jpg\" alt=\"1. Gruppen\u00fcbung - Jugendflamme Stufe 3 2016 in M\u00fcrlenbach\" width=\"550\" height=\"367\" srcset=\"https:\/\/jf-landkreis-vulkaneifel.de\/wp-content\/uploads\/2016\/10\/16-10-09-Jugendflamme-Stufe-3-Muerlenbach-03-550x367.jpg 550w, https:\/\/jf-landkreis-vulkaneifel.de\/wp-content\/uploads\/2016\/10\/16-10-09-Jugendflamme-Stufe-3-Muerlenbach-03.jpg 1024w, https:\/\/jf-landkreis-vulkaneifel.de\/wp-content\/uploads\/2016\/10\/16-10-09-Jugendflamme-Stufe-3-Muerlenbach-03-768x512.jpg 768w, https:\/\/jf-landkreis-vulkaneifel.de\/wp-content\/uploads\/2016\/10\/16-10-09-Jugendflamme-Stufe-3-Muerlenbach-03-624x416.jpg 624w\" sizes=\"auto, (max-width: 550px) 100vw, 550px\" \/><\/a><p id=\"caption-attachment-1462\" class=\"wp-caption-text\">1. Gruppen\u00fcbung &#8211; Jugendflamme Stufe 3 2016 in M\u00fcrlenbach<\/p><\/div>\n<div id=\"attachment_1461\" style=\"width: 560px\" class=\"wp-caption alignnone\"><a href=\"https:\/\/jf-landkreis-vulkaneifel.de\/wp-content\/uploads\/2016\/10\/16-10-09-Jugendflamme-Stufe-3-Muerlenbach-02.jpg\"><img loading=\"lazy\" decoding=\"async\" aria-describedby=\"caption-attachment-1461\" class=\"size-thumbnail wp-image-1461\" src=\"https:\/\/jf-landkreis-vulkaneifel.de\/wp-content\/uploads\/2016\/10\/16-10-09-Jugendflamme-Stufe-3-Muerlenbach-02-550x367.jpg\" alt=\"Begr\u00fc\u00dfung - Jugendflamme Stufe 3 2016 in M\u00fcrlenbach\" width=\"550\" height=\"367\" srcset=\"https:\/\/jf-landkreis-vulkaneifel.de\/wp-content\/uploads\/2016\/10\/16-10-09-Jugendflamme-Stufe-3-Muerlenbach-02-550x367.jpg 550w, https:\/\/jf-landkreis-vulkaneifel.de\/wp-content\/uploads\/2016\/10\/16-10-09-Jugendflamme-Stufe-3-Muerlenbach-02.jpg 1024w, https:\/\/jf-landkreis-vulkaneifel.de\/wp-content\/uploads\/2016\/10\/16-10-09-Jugendflamme-Stufe-3-Muerlenbach-02-768x512.jpg 768w, https:\/\/jf-landkreis-vulkaneifel.de\/wp-content\/uploads\/2016\/10\/16-10-09-Jugendflamme-Stufe-3-Muerlenbach-02-624x416.jpg 624w\" sizes=\"auto, (max-width: 550px) 100vw, 550px\" \/><\/a><p id=\"caption-attachment-1461\" class=\"wp-caption-text\">Begr\u00fc\u00dfung &#8211; Jugendflamme Stufe 3 2016 in M\u00fcrlenbach<\/p><\/div>\n<div id=\"attachment_1460\" style=\"width: 560px\" class=\"wp-caption alignnone\"><a href=\"https:\/\/jf-landkreis-vulkaneifel.de\/wp-content\/uploads\/2016\/10\/16-10-09-Jugendflamme-Stufe-3-Muerlenbach-01.jpg\"><img loading=\"lazy\" decoding=\"async\" aria-describedby=\"caption-attachment-1460\" class=\"size-thumbnail wp-image-1460\" src=\"https:\/\/jf-landkreis-vulkaneifel.de\/wp-content\/uploads\/2016\/10\/16-10-09-Jugendflamme-Stufe-3-Muerlenbach-01-550x367.jpg\" alt=\"Begr\u00fc\u00dfung - Jugendflamme Stufe 3 2016 in M\u00fcrlenbach\" width=\"550\" height=\"367\" srcset=\"https:\/\/jf-landkreis-vulkaneifel.de\/wp-content\/uploads\/2016\/10\/16-10-09-Jugendflamme-Stufe-3-Muerlenbach-01-550x367.jpg 550w, https:\/\/jf-landkreis-vulkaneifel.de\/wp-content\/uploads\/2016\/10\/16-10-09-Jugendflamme-Stufe-3-Muerlenbach-01.jpg 1024w, https:\/\/jf-landkreis-vulkaneifel.de\/wp-content\/uploads\/2016\/10\/16-10-09-Jugendflamme-Stufe-3-Muerlenbach-01-768x512.jpg 768w, https:\/\/jf-landkreis-vulkaneifel.de\/wp-content\/uploads\/2016\/10\/16-10-09-Jugendflamme-Stufe-3-Muerlenbach-01-624x416.jpg 624w\" sizes=\"auto, (max-width: 550px) 100vw, 550px\" \/><\/a><p id=\"caption-attachment-1460\" class=\"wp-caption-text\">Begr\u00fc\u00dfung &#8211; Jugendflamme Stufe 3 2016 in M\u00fcrlenbach<\/p><\/div>\n","protected":false},"excerpt":{"rendered":"<p>M\u00fcrlenbach | Am 09.10.2016 fand die Abnnahme der Jugendflamme Stufe 3 in M\u00fcrlenbach statt. [zum Beitrag]<\/p>\n","protected":false},"author":5,"featured_media":1471,"parent":119,"menu_order":0,"comment_status":"closed","ping_status":"closed","template":"","meta":{"footnotes":""},"class_list":["post-1444","page","type-page","status-publish","has-post-thumbnail","hentry"],"_links":{"self":[{"href":"https:\/\/jf-landkreis-vulkaneifel.de\/index.php?rest_route=\/wp\/v2\/pages\/1444","targetHints":{"allow":["GET"]}}],"collection":[{"href":"https:\/\/jf-landkreis-vulkaneifel.de\/index.php?rest_route=\/wp\/v2\/pages"}],"about":[{"href":"https:\/\/jf-landkreis-vulkaneifel.de\/index.php?rest_route=\/wp\/v2\/types\/page"}],"author":[{"embeddable":true,"href":"https:\/\/jf-landkreis-vulkaneifel.de\/index.php?rest_route=\/wp\/v2\/users\/5"}],"replies":[{"embeddable":true,"href":"https:\/\/jf-landkreis-vulkaneifel.de\/index.php?rest_route=%2Fwp%2Fv2%2Fcomments&post=1444"}],"version-history":[{"count":3,"href":"https:\/\/jf-landkreis-vulkaneifel.de\/index.php?rest_route=\/wp\/v2\/pages\/1444\/revisions"}],"predecessor-version":[{"id":1494,"href":"https:\/\/jf-landkreis-vulkaneifel.de\/index.php?rest_route=\/wp\/v2\/pages\/1444\/revisions\/1494"}],"up":[{"embeddable":true,"href":"https:\/\/jf-landkreis-vulkaneifel.de\/index.php?rest_route=\/wp\/v2\/pages\/119"}],"wp:featuredmedia":[{"embeddable":true,"href":"https:\/\/jf-landkreis-vulkaneifel.de\/index.php?rest_route=\/wp\/v2\/media\/1471"}],"wp:attachment":[{"href":"https:\/\/jf-landkreis-vulkaneifel.de\/index.php?rest_route=%2Fwp%2Fv2%2Fmedia&parent=1444"}],"curies":[{"name":"wp","href":"https:\/\/api.w.org\/{rel}","templated":true}]}}