{"id":145,"date":"2013-03-03T17:25:03","date_gmt":"2013-03-03T16:25:03","guid":{"rendered":"http:\/\/jf-landkreis-vulkaneifel.de\/?page_id=145"},"modified":"2026-04-25T12:12:19","modified_gmt":"2026-04-25T10:12:19","slug":"jugendfeuerwehr-esch","status":"publish","type":"page","link":"https:\/\/jf-landkreis-vulkaneifel.de\/?page_id=145","title":{"rendered":"Jugendfeuerwehr Esch"},"content":{"rendered":"\n<p>Die Jugendfeuerwehr Esch wurde am 10.12.1999 gegr\u00fcndet.<\/p>\n\n\n\n<p>Wir treffen uns <strong>jeden 2. Donnerstag im Monat<\/strong>\u00a0um<strong>\u00a018:00 Uhr<\/strong>\u00a0am <strong>Feuerwehrger\u00e4tehaus <\/strong>in<strong>\u00a0Esch<\/strong>\u00a0zur gemeinsamen Gruppenstunde.<\/p>\n\n\n\n<p>Neben der Besch\u00e4ftigung mit feuerwehrtechnischen Themen werden auch regelm\u00e4\u00dfig verschiedene Freizeitaktivit\u00e4ten wie Umwelttag, Zeltlager, Schlittschuhlaufen, Schwimm- und Erlebnistag oder Aktivit\u00e4ten im Dorf unternommen.<\/p>\n\n\n\n<figure class=\"wp-block-image size-full alignnone\"><img loading=\"lazy\" decoding=\"async\" width=\"500\" height=\"211\" src=\"https:\/\/jf-landkreis-vulkaneifel.de\/wp-content\/uploads\/2025\/02\/Logo_Jugendfeuerwehr_Esch.png\" alt=\"\" class=\"wp-image-2250\"\/><figcaption class=\"wp-element-caption\">Gruppenfoto Jugendfeuerwehr Esch<\/figcaption><\/figure>\n\n\n\n<p><b>Kontakt<\/b><\/p>\n\n\n\n<p>Jugendfeuerwehrwart<br>Oliver Hood<br>Eschbergstra\u00dfe 19<br>54585 Esch<br>Telefon: auf Anfrage<\/p>\n","protected":false},"excerpt":{"rendered":"<p>Die Jugendfeuerwehr Esch wurde am 10.12.1999 gegr\u00fcndet. Wir treffen uns jeden 2. Donnerstag im Monat\u00a0um\u00a018:00 Uhr\u00a0am Feuerwehrger\u00e4tehaus in\u00a0Esch\u00a0zur gemeinsamen Gruppenstunde. Neben der Besch\u00e4ftigung mit feuerwehrtechnischen Themen werden auch regelm\u00e4\u00dfig verschiedene Freizeitaktivit\u00e4ten wie Umwelttag, Zeltlager, Schlittschuhlaufen, Schwimm- und Erlebnistag oder Aktivit\u00e4ten im Dorf unternommen. Kontakt JugendfeuerwehrwartOliver HoodEschbergstra\u00dfe 1954585 EschTelefon: auf Anfrage<\/p>\n","protected":false},"author":1,"featured_media":0,"parent":49,"menu_order":0,"comment_status":"closed","ping_status":"open","template":"","meta":{"footnotes":""},"class_list":["post-145","page","type-page","status-publish","hentry"],"_links":{"self":[{"href":"https:\/\/jf-landkreis-vulkaneifel.de\/index.php?rest_route=\/wp\/v2\/pages\/145","targetHints":{"allow":["GET"]}}],"collection":[{"href":"https:\/\/jf-landkreis-vulkaneifel.de\/index.php?rest_route=\/wp\/v2\/pages"}],"about":[{"href":"https:\/\/jf-landkreis-vulkaneifel.de\/index.php?rest_route=\/wp\/v2\/types\/page"}],"author":[{"embeddable":true,"href":"https:\/\/jf-landkreis-vulkaneifel.de\/index.php?rest_route=\/wp\/v2\/users\/1"}],"replies":[{"embeddable":true,"href":"https:\/\/jf-landkreis-vulkaneifel.de\/index.php?rest_route=%2Fwp%2Fv2%2Fcomments&post=145"}],"version-history":[{"count":9,"href":"https:\/\/jf-landkreis-vulkaneifel.de\/index.php?rest_route=\/wp\/v2\/pages\/145\/revisions"}],"predecessor-version":[{"id":2344,"href":"https:\/\/jf-landkreis-vulkaneifel.de\/index.php?rest_route=\/wp\/v2\/pages\/145\/revisions\/2344"}],"up":[{"embeddable":true,"href":"https:\/\/jf-landkreis-vulkaneifel.de\/index.php?rest_route=\/wp\/v2\/pages\/49"}],"wp:attachment":[{"href":"https:\/\/jf-landkreis-vulkaneifel.de\/index.php?rest_route=%2Fwp%2Fv2%2Fmedia&parent=145"}],"curies":[{"name":"wp","href":"https:\/\/api.w.org\/{rel}","templated":true}]}}