{"id":1530,"date":"2016-10-30T20:02:36","date_gmt":"2016-10-30T18:02:36","guid":{"rendered":"http:\/\/jf-landkreis-vulkaneifel.de\/?page_id=1530"},"modified":"2016-10-30T20:16:29","modified_gmt":"2016-10-30T18:16:29","slug":"berufsinformationstag-bei-der-bf-koeln-29-10-2016","status":"publish","type":"page","link":"https:\/\/jf-landkreis-vulkaneifel.de\/?page_id=1530","title":{"rendered":"Berufsinformationstag bei der BF-K\u00f6ln 29.10.2016"},"content":{"rendered":"<p><a href=\"https:\/\/jf-landkreis-vulkaneifel.de\/?p=1534\">[zur\u00fcck zum Beitrag]<\/a><\/p>\n<div id=\"attachment_1497\" style=\"width: 560px\" class=\"wp-caption alignnone\"><a href=\"https:\/\/jf-landkreis-vulkaneifel.de\/wp-content\/uploads\/2016\/10\/16-10-29-BF-Tag-Koeln-02.jpg\"><img loading=\"lazy\" decoding=\"async\" aria-describedby=\"caption-attachment-1497\" class=\"size-thumbnail wp-image-1497\" src=\"https:\/\/jf-landkreis-vulkaneifel.de\/wp-content\/uploads\/2016\/10\/16-10-29-BF-Tag-Koeln-02-550x367.jpg\" alt=\"Begr\u00fc\u00dfung bei der Berufsfeuerwehr K\u00f6ln\" width=\"550\" height=\"367\" srcset=\"https:\/\/jf-landkreis-vulkaneifel.de\/wp-content\/uploads\/2016\/10\/16-10-29-BF-Tag-Koeln-02-550x367.jpg 550w, https:\/\/jf-landkreis-vulkaneifel.de\/wp-content\/uploads\/2016\/10\/16-10-29-BF-Tag-Koeln-02.jpg 1024w, https:\/\/jf-landkreis-vulkaneifel.de\/wp-content\/uploads\/2016\/10\/16-10-29-BF-Tag-Koeln-02-768x512.jpg 768w, https:\/\/jf-landkreis-vulkaneifel.de\/wp-content\/uploads\/2016\/10\/16-10-29-BF-Tag-Koeln-02-624x416.jpg 624w\" sizes=\"auto, (max-width: 550px) 100vw, 550px\" \/><\/a><p id=\"caption-attachment-1497\" class=\"wp-caption-text\">Begr\u00fc\u00dfung bei der Berufsfeuerwehr K\u00f6ln<\/p><\/div>\n<div id=\"attachment_1498\" style=\"width: 560px\" class=\"wp-caption alignnone\"><a href=\"https:\/\/jf-landkreis-vulkaneifel.de\/wp-content\/uploads\/2016\/10\/16-10-29-BF-Tag-Koeln-03.jpg\"><img loading=\"lazy\" decoding=\"async\" aria-describedby=\"caption-attachment-1498\" class=\"size-thumbnail wp-image-1498\" src=\"https:\/\/jf-landkreis-vulkaneifel.de\/wp-content\/uploads\/2016\/10\/16-10-29-BF-Tag-Koeln-03-550x367.jpg\" alt=\"Begr\u00fc\u00dfung bei der Berufsfeuerwehr K\u00f6ln\" width=\"550\" height=\"367\" srcset=\"https:\/\/jf-landkreis-vulkaneifel.de\/wp-content\/uploads\/2016\/10\/16-10-29-BF-Tag-Koeln-03-550x367.jpg 550w, https:\/\/jf-landkreis-vulkaneifel.de\/wp-content\/uploads\/2016\/10\/16-10-29-BF-Tag-Koeln-03.jpg 1024w, https:\/\/jf-landkreis-vulkaneifel.de\/wp-content\/uploads\/2016\/10\/16-10-29-BF-Tag-Koeln-03-768x512.jpg 768w, https:\/\/jf-landkreis-vulkaneifel.de\/wp-content\/uploads\/2016\/10\/16-10-29-BF-Tag-Koeln-03-624x416.jpg 624w\" sizes=\"auto, (max-width: 550px) 100vw, 550px\" \/><\/a><p id=\"caption-attachment-1498\" class=\"wp-caption-text\">Begr\u00fc\u00dfung bei der Berufsfeuerwehr K\u00f6ln<\/p><\/div>\n<div id=\"attachment_1499\" style=\"width: 560px\" class=\"wp-caption alignnone\"><a href=\"https:\/\/jf-landkreis-vulkaneifel.de\/wp-content\/uploads\/2016\/10\/16-10-29-BF-Tag-Koeln-04.jpg\"><img loading=\"lazy\" decoding=\"async\" aria-describedby=\"caption-attachment-1499\" class=\"size-thumbnail wp-image-1499\" src=\"https:\/\/jf-landkreis-vulkaneifel.de\/wp-content\/uploads\/2016\/10\/16-10-29-BF-Tag-Koeln-04-550x367.jpg\" alt=\"sportlicher Einstellungstest bei der BF-K\u00f6ln\" width=\"550\" height=\"367\" srcset=\"https:\/\/jf-landkreis-vulkaneifel.de\/wp-content\/uploads\/2016\/10\/16-10-29-BF-Tag-Koeln-04-550x367.jpg 550w, https:\/\/jf-landkreis-vulkaneifel.de\/wp-content\/uploads\/2016\/10\/16-10-29-BF-Tag-Koeln-04.jpg 1024w, https:\/\/jf-landkreis-vulkaneifel.de\/wp-content\/uploads\/2016\/10\/16-10-29-BF-Tag-Koeln-04-768x512.jpg 768w, https:\/\/jf-landkreis-vulkaneifel.de\/wp-content\/uploads\/2016\/10\/16-10-29-BF-Tag-Koeln-04-624x416.jpg 624w\" sizes=\"auto, (max-width: 550px) 100vw, 550px\" \/><\/a><p id=\"caption-attachment-1499\" class=\"wp-caption-text\">sportlicher Einstellungstest bei der BF-K\u00f6ln<\/p><\/div>\n<div id=\"attachment_1500\" style=\"width: 560px\" class=\"wp-caption alignnone\"><a href=\"https:\/\/jf-landkreis-vulkaneifel.de\/wp-content\/uploads\/2016\/10\/16-10-29-BF-Tag-Koeln-05.jpg\"><img loading=\"lazy\" decoding=\"async\" aria-describedby=\"caption-attachment-1500\" class=\"size-thumbnail wp-image-1500\" src=\"https:\/\/jf-landkreis-vulkaneifel.de\/wp-content\/uploads\/2016\/10\/16-10-29-BF-Tag-Koeln-05-550x367.jpg\" alt=\"sportlicher Einstellungstest bei der BF-K\u00f6ln\" width=\"550\" height=\"367\" srcset=\"https:\/\/jf-landkreis-vulkaneifel.de\/wp-content\/uploads\/2016\/10\/16-10-29-BF-Tag-Koeln-05-550x367.jpg 550w, https:\/\/jf-landkreis-vulkaneifel.de\/wp-content\/uploads\/2016\/10\/16-10-29-BF-Tag-Koeln-05.jpg 1024w, https:\/\/jf-landkreis-vulkaneifel.de\/wp-content\/uploads\/2016\/10\/16-10-29-BF-Tag-Koeln-05-768x512.jpg 768w, https:\/\/jf-landkreis-vulkaneifel.de\/wp-content\/uploads\/2016\/10\/16-10-29-BF-Tag-Koeln-05-624x416.jpg 624w\" sizes=\"auto, (max-width: 550px) 100vw, 550px\" \/><\/a><p id=\"caption-attachment-1500\" class=\"wp-caption-text\">sportlicher Einstellungstest bei der BF-K\u00f6ln<\/p><\/div>\n<div id=\"attachment_1504\" style=\"width: 560px\" class=\"wp-caption alignnone\"><a href=\"https:\/\/jf-landkreis-vulkaneifel.de\/wp-content\/uploads\/2016\/10\/16-10-29-BF-Tag-Koeln-09.jpg\"><img loading=\"lazy\" decoding=\"async\" aria-describedby=\"caption-attachment-1504\" class=\"size-thumbnail wp-image-1504\" src=\"https:\/\/jf-landkreis-vulkaneifel.de\/wp-content\/uploads\/2016\/10\/16-10-29-BF-Tag-Koeln-09-550x367.jpg\" alt=\"sportlicher Einstellungstest bei der BF-K\u00f6ln\" width=\"550\" height=\"367\" srcset=\"https:\/\/jf-landkreis-vulkaneifel.de\/wp-content\/uploads\/2016\/10\/16-10-29-BF-Tag-Koeln-09-550x367.jpg 550w, https:\/\/jf-landkreis-vulkaneifel.de\/wp-content\/uploads\/2016\/10\/16-10-29-BF-Tag-Koeln-09.jpg 1024w, https:\/\/jf-landkreis-vulkaneifel.de\/wp-content\/uploads\/2016\/10\/16-10-29-BF-Tag-Koeln-09-768x512.jpg 768w, https:\/\/jf-landkreis-vulkaneifel.de\/wp-content\/uploads\/2016\/10\/16-10-29-BF-Tag-Koeln-09-624x416.jpg 624w\" sizes=\"auto, (max-width: 550px) 100vw, 550px\" \/><\/a><p id=\"caption-attachment-1504\" class=\"wp-caption-text\">sportlicher Einstellungstest bei der BF-K\u00f6ln<\/p><\/div>\n<div id=\"attachment_1503\" style=\"width: 560px\" class=\"wp-caption alignnone\"><a href=\"https:\/\/jf-landkreis-vulkaneifel.de\/wp-content\/uploads\/2016\/10\/16-10-29-BF-Tag-Koeln-08.jpg\"><img loading=\"lazy\" decoding=\"async\" aria-describedby=\"caption-attachment-1503\" class=\"size-thumbnail wp-image-1503\" src=\"https:\/\/jf-landkreis-vulkaneifel.de\/wp-content\/uploads\/2016\/10\/16-10-29-BF-Tag-Koeln-08-550x367.jpg\" alt=\"sportlicher Einstellungstest bei der BF-K\u00f6ln\" width=\"550\" height=\"367\" srcset=\"https:\/\/jf-landkreis-vulkaneifel.de\/wp-content\/uploads\/2016\/10\/16-10-29-BF-Tag-Koeln-08-550x367.jpg 550w, https:\/\/jf-landkreis-vulkaneifel.de\/wp-content\/uploads\/2016\/10\/16-10-29-BF-Tag-Koeln-08.jpg 1024w, https:\/\/jf-landkreis-vulkaneifel.de\/wp-content\/uploads\/2016\/10\/16-10-29-BF-Tag-Koeln-08-768x512.jpg 768w, https:\/\/jf-landkreis-vulkaneifel.de\/wp-content\/uploads\/2016\/10\/16-10-29-BF-Tag-Koeln-08-624x416.jpg 624w\" sizes=\"auto, (max-width: 550px) 100vw, 550px\" \/><\/a><p id=\"caption-attachment-1503\" class=\"wp-caption-text\">sportlicher Einstellungstest bei der BF-K\u00f6ln<\/p><\/div>\n<div id=\"attachment_1502\" style=\"width: 560px\" class=\"wp-caption alignnone\"><a href=\"https:\/\/jf-landkreis-vulkaneifel.de\/wp-content\/uploads\/2016\/10\/16-10-29-BF-Tag-Koeln-07.jpg\"><img loading=\"lazy\" decoding=\"async\" aria-describedby=\"caption-attachment-1502\" class=\"size-thumbnail wp-image-1502\" src=\"https:\/\/jf-landkreis-vulkaneifel.de\/wp-content\/uploads\/2016\/10\/16-10-29-BF-Tag-Koeln-07-550x367.jpg\" alt=\"sportlicher Einstellungstest bei der BF-K\u00f6ln\" width=\"550\" height=\"367\" srcset=\"https:\/\/jf-landkreis-vulkaneifel.de\/wp-content\/uploads\/2016\/10\/16-10-29-BF-Tag-Koeln-07-550x367.jpg 550w, https:\/\/jf-landkreis-vulkaneifel.de\/wp-content\/uploads\/2016\/10\/16-10-29-BF-Tag-Koeln-07.jpg 1024w, https:\/\/jf-landkreis-vulkaneifel.de\/wp-content\/uploads\/2016\/10\/16-10-29-BF-Tag-Koeln-07-768x512.jpg 768w, https:\/\/jf-landkreis-vulkaneifel.de\/wp-content\/uploads\/2016\/10\/16-10-29-BF-Tag-Koeln-07-624x416.jpg 624w\" sizes=\"auto, (max-width: 550px) 100vw, 550px\" \/><\/a><p id=\"caption-attachment-1502\" class=\"wp-caption-text\">sportlicher Einstellungstest bei der BF-K\u00f6ln<\/p><\/div>\n<div id=\"attachment_1501\" style=\"width: 560px\" class=\"wp-caption alignnone\"><a href=\"https:\/\/jf-landkreis-vulkaneifel.de\/wp-content\/uploads\/2016\/10\/16-10-29-BF-Tag-Koeln-06.jpg\"><img loading=\"lazy\" decoding=\"async\" aria-describedby=\"caption-attachment-1501\" class=\"size-thumbnail wp-image-1501\" src=\"https:\/\/jf-landkreis-vulkaneifel.de\/wp-content\/uploads\/2016\/10\/16-10-29-BF-Tag-Koeln-06-550x367.jpg\" alt=\"sportlicher Einstellungstest bei der BF-K\u00f6ln\" width=\"550\" height=\"367\" srcset=\"https:\/\/jf-landkreis-vulkaneifel.de\/wp-content\/uploads\/2016\/10\/16-10-29-BF-Tag-Koeln-06-550x367.jpg 550w, https:\/\/jf-landkreis-vulkaneifel.de\/wp-content\/uploads\/2016\/10\/16-10-29-BF-Tag-Koeln-06.jpg 1024w, https:\/\/jf-landkreis-vulkaneifel.de\/wp-content\/uploads\/2016\/10\/16-10-29-BF-Tag-Koeln-06-768x512.jpg 768w, https:\/\/jf-landkreis-vulkaneifel.de\/wp-content\/uploads\/2016\/10\/16-10-29-BF-Tag-Koeln-06-624x416.jpg 624w\" sizes=\"auto, (max-width: 550px) 100vw, 550px\" \/><\/a><p id=\"caption-attachment-1501\" class=\"wp-caption-text\">sportlicher Einstellungstest bei der BF-K\u00f6ln<\/p><\/div>\n<div id=\"attachment_1506\" style=\"width: 560px\" class=\"wp-caption alignnone\"><a href=\"https:\/\/jf-landkreis-vulkaneifel.de\/wp-content\/uploads\/2016\/10\/16-10-29-BF-Tag-Koeln-11.jpg\"><img loading=\"lazy\" decoding=\"async\" aria-describedby=\"caption-attachment-1506\" class=\"size-thumbnail wp-image-1506\" src=\"https:\/\/jf-landkreis-vulkaneifel.de\/wp-content\/uploads\/2016\/10\/16-10-29-BF-Tag-Koeln-11-550x367.jpg\" alt=\"Zuschauer beim sportlicher Einstellungstest bei der BF-K\u00f6ln\" width=\"550\" height=\"367\" srcset=\"https:\/\/jf-landkreis-vulkaneifel.de\/wp-content\/uploads\/2016\/10\/16-10-29-BF-Tag-Koeln-11-550x367.jpg 550w, https:\/\/jf-landkreis-vulkaneifel.de\/wp-content\/uploads\/2016\/10\/16-10-29-BF-Tag-Koeln-11.jpg 1024w, https:\/\/jf-landkreis-vulkaneifel.de\/wp-content\/uploads\/2016\/10\/16-10-29-BF-Tag-Koeln-11-768x512.jpg 768w, https:\/\/jf-landkreis-vulkaneifel.de\/wp-content\/uploads\/2016\/10\/16-10-29-BF-Tag-Koeln-11-624x416.jpg 624w\" sizes=\"auto, (max-width: 550px) 100vw, 550px\" \/><\/a><p id=\"caption-attachment-1506\" class=\"wp-caption-text\">Zuschauer beim sportlicher Einstellungstest bei der BF-K\u00f6ln<\/p><\/div>\n<div id=\"attachment_1513\" style=\"width: 560px\" class=\"wp-caption alignnone\"><a href=\"https:\/\/jf-landkreis-vulkaneifel.de\/wp-content\/uploads\/2016\/10\/16-10-29-BF-Tag-Koeln-18.jpg\"><img loading=\"lazy\" decoding=\"async\" aria-describedby=\"caption-attachment-1513\" class=\"size-thumbnail wp-image-1513\" src=\"https:\/\/jf-landkreis-vulkaneifel.de\/wp-content\/uploads\/2016\/10\/16-10-29-BF-Tag-Koeln-18-550x367.jpg\" alt=\"sportlicher Einstellungstest bei der BF-K\u00f6ln\" width=\"550\" height=\"367\" srcset=\"https:\/\/jf-landkreis-vulkaneifel.de\/wp-content\/uploads\/2016\/10\/16-10-29-BF-Tag-Koeln-18-550x367.jpg 550w, https:\/\/jf-landkreis-vulkaneifel.de\/wp-content\/uploads\/2016\/10\/16-10-29-BF-Tag-Koeln-18.jpg 1024w, https:\/\/jf-landkreis-vulkaneifel.de\/wp-content\/uploads\/2016\/10\/16-10-29-BF-Tag-Koeln-18-768x512.jpg 768w, https:\/\/jf-landkreis-vulkaneifel.de\/wp-content\/uploads\/2016\/10\/16-10-29-BF-Tag-Koeln-18-624x416.jpg 624w\" sizes=\"auto, (max-width: 550px) 100vw, 550px\" \/><\/a><p id=\"caption-attachment-1513\" class=\"wp-caption-text\">sportlicher Einstellungstest bei der BF-K\u00f6ln<\/p><\/div>\n<div id=\"attachment_1512\" style=\"width: 560px\" class=\"wp-caption alignnone\"><a href=\"https:\/\/jf-landkreis-vulkaneifel.de\/wp-content\/uploads\/2016\/10\/16-10-29-BF-Tag-Koeln-17.jpg\"><img loading=\"lazy\" decoding=\"async\" aria-describedby=\"caption-attachment-1512\" class=\"size-thumbnail wp-image-1512\" src=\"https:\/\/jf-landkreis-vulkaneifel.de\/wp-content\/uploads\/2016\/10\/16-10-29-BF-Tag-Koeln-17-550x367.jpg\" alt=\"sportlicher Einstellungstest bei der BF-K\u00f6ln\" width=\"550\" height=\"367\" srcset=\"https:\/\/jf-landkreis-vulkaneifel.de\/wp-content\/uploads\/2016\/10\/16-10-29-BF-Tag-Koeln-17-550x367.jpg 550w, https:\/\/jf-landkreis-vulkaneifel.de\/wp-content\/uploads\/2016\/10\/16-10-29-BF-Tag-Koeln-17.jpg 1024w, https:\/\/jf-landkreis-vulkaneifel.de\/wp-content\/uploads\/2016\/10\/16-10-29-BF-Tag-Koeln-17-768x512.jpg 768w, https:\/\/jf-landkreis-vulkaneifel.de\/wp-content\/uploads\/2016\/10\/16-10-29-BF-Tag-Koeln-17-624x416.jpg 624w\" sizes=\"auto, (max-width: 550px) 100vw, 550px\" \/><\/a><p id=\"caption-attachment-1512\" class=\"wp-caption-text\">sportlicher Einstellungstest bei der BF-K\u00f6ln<\/p><\/div>\n<div id=\"attachment_1511\" style=\"width: 560px\" class=\"wp-caption alignnone\"><a href=\"https:\/\/jf-landkreis-vulkaneifel.de\/wp-content\/uploads\/2016\/10\/16-10-29-BF-Tag-Koeln-16.jpg\"><img loading=\"lazy\" decoding=\"async\" aria-describedby=\"caption-attachment-1511\" class=\"size-thumbnail wp-image-1511\" src=\"https:\/\/jf-landkreis-vulkaneifel.de\/wp-content\/uploads\/2016\/10\/16-10-29-BF-Tag-Koeln-16-550x367.jpg\" alt=\"sportlicher Einstellungstest bei der BF-K\u00f6ln\" width=\"550\" height=\"367\" srcset=\"https:\/\/jf-landkreis-vulkaneifel.de\/wp-content\/uploads\/2016\/10\/16-10-29-BF-Tag-Koeln-16-550x367.jpg 550w, https:\/\/jf-landkreis-vulkaneifel.de\/wp-content\/uploads\/2016\/10\/16-10-29-BF-Tag-Koeln-16.jpg 1024w, https:\/\/jf-landkreis-vulkaneifel.de\/wp-content\/uploads\/2016\/10\/16-10-29-BF-Tag-Koeln-16-768x512.jpg 768w, https:\/\/jf-landkreis-vulkaneifel.de\/wp-content\/uploads\/2016\/10\/16-10-29-BF-Tag-Koeln-16-624x416.jpg 624w\" sizes=\"auto, (max-width: 550px) 100vw, 550px\" \/><\/a><p id=\"caption-attachment-1511\" class=\"wp-caption-text\">sportlicher Einstellungstest bei der BF-K\u00f6ln<\/p><\/div>\n<div id=\"attachment_1510\" style=\"width: 560px\" class=\"wp-caption alignnone\"><a href=\"https:\/\/jf-landkreis-vulkaneifel.de\/wp-content\/uploads\/2016\/10\/16-10-29-BF-Tag-Koeln-15.jpg\"><img loading=\"lazy\" decoding=\"async\" aria-describedby=\"caption-attachment-1510\" class=\"size-thumbnail wp-image-1510\" src=\"https:\/\/jf-landkreis-vulkaneifel.de\/wp-content\/uploads\/2016\/10\/16-10-29-BF-Tag-Koeln-15-550x367.jpg\" alt=\"sportlicher Einstellungstest bei der BF-K\u00f6ln\" width=\"550\" height=\"367\" srcset=\"https:\/\/jf-landkreis-vulkaneifel.de\/wp-content\/uploads\/2016\/10\/16-10-29-BF-Tag-Koeln-15-550x367.jpg 550w, https:\/\/jf-landkreis-vulkaneifel.de\/wp-content\/uploads\/2016\/10\/16-10-29-BF-Tag-Koeln-15.jpg 1024w, https:\/\/jf-landkreis-vulkaneifel.de\/wp-content\/uploads\/2016\/10\/16-10-29-BF-Tag-Koeln-15-768x512.jpg 768w, https:\/\/jf-landkreis-vulkaneifel.de\/wp-content\/uploads\/2016\/10\/16-10-29-BF-Tag-Koeln-15-624x416.jpg 624w\" sizes=\"auto, (max-width: 550px) 100vw, 550px\" \/><\/a><p id=\"caption-attachment-1510\" class=\"wp-caption-text\">sportlicher Einstellungstest bei der BF-K\u00f6ln<\/p><\/div>\n<div id=\"attachment_1509\" style=\"width: 560px\" class=\"wp-caption alignnone\"><a href=\"https:\/\/jf-landkreis-vulkaneifel.de\/wp-content\/uploads\/2016\/10\/16-10-29-BF-Tag-Koeln-14.jpg\"><img loading=\"lazy\" decoding=\"async\" aria-describedby=\"caption-attachment-1509\" class=\"size-thumbnail wp-image-1509\" src=\"https:\/\/jf-landkreis-vulkaneifel.de\/wp-content\/uploads\/2016\/10\/16-10-29-BF-Tag-Koeln-14-550x367.jpg\" alt=\"sportlicher Einstellungstest bei der BF-K\u00f6ln\" width=\"550\" height=\"367\" srcset=\"https:\/\/jf-landkreis-vulkaneifel.de\/wp-content\/uploads\/2016\/10\/16-10-29-BF-Tag-Koeln-14-550x367.jpg 550w, https:\/\/jf-landkreis-vulkaneifel.de\/wp-content\/uploads\/2016\/10\/16-10-29-BF-Tag-Koeln-14.jpg 1024w, https:\/\/jf-landkreis-vulkaneifel.de\/wp-content\/uploads\/2016\/10\/16-10-29-BF-Tag-Koeln-14-768x512.jpg 768w, https:\/\/jf-landkreis-vulkaneifel.de\/wp-content\/uploads\/2016\/10\/16-10-29-BF-Tag-Koeln-14-624x416.jpg 624w\" sizes=\"auto, (max-width: 550px) 100vw, 550px\" \/><\/a><p id=\"caption-attachment-1509\" class=\"wp-caption-text\">sportlicher Einstellungstest bei der BF-K\u00f6ln<\/p><\/div>\n<div id=\"attachment_1508\" style=\"width: 560px\" class=\"wp-caption alignnone\"><a href=\"https:\/\/jf-landkreis-vulkaneifel.de\/wp-content\/uploads\/2016\/10\/16-10-29-BF-Tag-Koeln-13.jpg\"><img loading=\"lazy\" decoding=\"async\" aria-describedby=\"caption-attachment-1508\" class=\"size-thumbnail wp-image-1508\" src=\"https:\/\/jf-landkreis-vulkaneifel.de\/wp-content\/uploads\/2016\/10\/16-10-29-BF-Tag-Koeln-13-550x367.jpg\" alt=\"sportlicher Einstellungstest bei der BF-K\u00f6ln\" width=\"550\" height=\"367\" srcset=\"https:\/\/jf-landkreis-vulkaneifel.de\/wp-content\/uploads\/2016\/10\/16-10-29-BF-Tag-Koeln-13-550x367.jpg 550w, https:\/\/jf-landkreis-vulkaneifel.de\/wp-content\/uploads\/2016\/10\/16-10-29-BF-Tag-Koeln-13.jpg 1024w, https:\/\/jf-landkreis-vulkaneifel.de\/wp-content\/uploads\/2016\/10\/16-10-29-BF-Tag-Koeln-13-768x512.jpg 768w, https:\/\/jf-landkreis-vulkaneifel.de\/wp-content\/uploads\/2016\/10\/16-10-29-BF-Tag-Koeln-13-624x416.jpg 624w\" sizes=\"auto, (max-width: 550px) 100vw, 550px\" \/><\/a><p id=\"caption-attachment-1508\" class=\"wp-caption-text\">sportlicher Einstellungstest bei der BF-K\u00f6ln<\/p><\/div>\n<div id=\"attachment_1507\" style=\"width: 560px\" class=\"wp-caption alignnone\"><a href=\"https:\/\/jf-landkreis-vulkaneifel.de\/wp-content\/uploads\/2016\/10\/16-10-29-BF-Tag-Koeln-12.jpg\"><img loading=\"lazy\" decoding=\"async\" aria-describedby=\"caption-attachment-1507\" class=\"size-thumbnail wp-image-1507\" src=\"https:\/\/jf-landkreis-vulkaneifel.de\/wp-content\/uploads\/2016\/10\/16-10-29-BF-Tag-Koeln-12-550x367.jpg\" alt=\"sportlicher Einstellungstest bei der BF-K\u00f6ln\" width=\"550\" height=\"367\" srcset=\"https:\/\/jf-landkreis-vulkaneifel.de\/wp-content\/uploads\/2016\/10\/16-10-29-BF-Tag-Koeln-12-550x367.jpg 550w, https:\/\/jf-landkreis-vulkaneifel.de\/wp-content\/uploads\/2016\/10\/16-10-29-BF-Tag-Koeln-12.jpg 1024w, https:\/\/jf-landkreis-vulkaneifel.de\/wp-content\/uploads\/2016\/10\/16-10-29-BF-Tag-Koeln-12-768x512.jpg 768w, https:\/\/jf-landkreis-vulkaneifel.de\/wp-content\/uploads\/2016\/10\/16-10-29-BF-Tag-Koeln-12-624x416.jpg 624w\" sizes=\"auto, (max-width: 550px) 100vw, 550px\" \/><\/a><p id=\"caption-attachment-1507\" class=\"wp-caption-text\">sportlicher Einstellungstest bei der BF-K\u00f6ln<\/p><\/div>\n<div id=\"attachment_1514\" style=\"width: 560px\" class=\"wp-caption alignnone\"><a href=\"https:\/\/jf-landkreis-vulkaneifel.de\/wp-content\/uploads\/2016\/10\/16-10-29-BF-Tag-Koeln-19.jpg\"><img loading=\"lazy\" decoding=\"async\" aria-describedby=\"caption-attachment-1514\" class=\"size-thumbnail wp-image-1514\" src=\"https:\/\/jf-landkreis-vulkaneifel.de\/wp-content\/uploads\/2016\/10\/16-10-29-BF-Tag-Koeln-19-550x367.jpg\" alt=\"Mittagessen aus dem Versorgungsmodul der BF-K\u00f6ln\" width=\"550\" height=\"367\" srcset=\"https:\/\/jf-landkreis-vulkaneifel.de\/wp-content\/uploads\/2016\/10\/16-10-29-BF-Tag-Koeln-19-550x367.jpg 550w, https:\/\/jf-landkreis-vulkaneifel.de\/wp-content\/uploads\/2016\/10\/16-10-29-BF-Tag-Koeln-19.jpg 1024w, https:\/\/jf-landkreis-vulkaneifel.de\/wp-content\/uploads\/2016\/10\/16-10-29-BF-Tag-Koeln-19-768x512.jpg 768w, https:\/\/jf-landkreis-vulkaneifel.de\/wp-content\/uploads\/2016\/10\/16-10-29-BF-Tag-Koeln-19-624x416.jpg 624w\" sizes=\"auto, (max-width: 550px) 100vw, 550px\" \/><\/a><p id=\"caption-attachment-1514\" class=\"wp-caption-text\">Mittagessen aus dem Versorgungsmodul der BF-K\u00f6ln<\/p><\/div>\n<div id=\"attachment_1516\" style=\"width: 560px\" class=\"wp-caption alignnone\"><a href=\"https:\/\/jf-landkreis-vulkaneifel.de\/wp-content\/uploads\/2016\/10\/16-10-29-BF-Tag-Koeln-21.jpg\"><img loading=\"lazy\" decoding=\"async\" aria-describedby=\"caption-attachment-1516\" class=\"size-thumbnail wp-image-1516\" src=\"https:\/\/jf-landkreis-vulkaneifel.de\/wp-content\/uploads\/2016\/10\/16-10-29-BF-Tag-Koeln-21-550x367.jpg\" alt=\"Informationen &quot;Wie werde ich Berufsfeuerwehrmann \/ -frau und was erwartet mich!&quot;\" width=\"550\" height=\"367\" srcset=\"https:\/\/jf-landkreis-vulkaneifel.de\/wp-content\/uploads\/2016\/10\/16-10-29-BF-Tag-Koeln-21-550x367.jpg 550w, https:\/\/jf-landkreis-vulkaneifel.de\/wp-content\/uploads\/2016\/10\/16-10-29-BF-Tag-Koeln-21.jpg 1024w, https:\/\/jf-landkreis-vulkaneifel.de\/wp-content\/uploads\/2016\/10\/16-10-29-BF-Tag-Koeln-21-768x512.jpg 768w, https:\/\/jf-landkreis-vulkaneifel.de\/wp-content\/uploads\/2016\/10\/16-10-29-BF-Tag-Koeln-21-624x416.jpg 624w\" sizes=\"auto, (max-width: 550px) 100vw, 550px\" \/><\/a><p id=\"caption-attachment-1516\" class=\"wp-caption-text\">Informationen &#8222;Wie werde ich Berufsfeuerwehrmann \/ -frau und was erwartet mich!&#8220;<\/p><\/div>\n<div id=\"attachment_1517\" style=\"width: 560px\" class=\"wp-caption alignnone\"><a href=\"https:\/\/jf-landkreis-vulkaneifel.de\/wp-content\/uploads\/2016\/10\/16-10-29-BF-Tag-Koeln-22.jpg\"><img loading=\"lazy\" decoding=\"async\" aria-describedby=\"caption-attachment-1517\" class=\"size-thumbnail wp-image-1517\" src=\"https:\/\/jf-landkreis-vulkaneifel.de\/wp-content\/uploads\/2016\/10\/16-10-29-BF-Tag-Koeln-22-550x367.jpg\" alt=\"Lagezentrum der BF-K\u00f6ln; Besichtigung der Leitstelle der BF-K\u00f6ln\" width=\"550\" height=\"367\" srcset=\"https:\/\/jf-landkreis-vulkaneifel.de\/wp-content\/uploads\/2016\/10\/16-10-29-BF-Tag-Koeln-22-550x367.jpg 550w, https:\/\/jf-landkreis-vulkaneifel.de\/wp-content\/uploads\/2016\/10\/16-10-29-BF-Tag-Koeln-22.jpg 1024w, https:\/\/jf-landkreis-vulkaneifel.de\/wp-content\/uploads\/2016\/10\/16-10-29-BF-Tag-Koeln-22-768x512.jpg 768w, https:\/\/jf-landkreis-vulkaneifel.de\/wp-content\/uploads\/2016\/10\/16-10-29-BF-Tag-Koeln-22-624x416.jpg 624w\" sizes=\"auto, (max-width: 550px) 100vw, 550px\" \/><\/a><p id=\"caption-attachment-1517\" class=\"wp-caption-text\">Lagezentrum der BF-K\u00f6ln; Besichtigung der Leitstelle der BF-K\u00f6ln<\/p><\/div>\n<div id=\"attachment_1521\" style=\"width: 560px\" class=\"wp-caption alignnone\"><a href=\"https:\/\/jf-landkreis-vulkaneifel.de\/wp-content\/uploads\/2016\/10\/16-10-29-BF-Tag-Koeln-26.jpg\"><img loading=\"lazy\" decoding=\"async\" aria-describedby=\"caption-attachment-1521\" class=\"size-thumbnail wp-image-1521\" src=\"https:\/\/jf-landkreis-vulkaneifel.de\/wp-content\/uploads\/2016\/10\/16-10-29-BF-Tag-Koeln-26-550x367.jpg\" alt=\"Erkl\u00e4rung des Rettungswagen und seiner Ausstattung\" width=\"550\" height=\"367\" srcset=\"https:\/\/jf-landkreis-vulkaneifel.de\/wp-content\/uploads\/2016\/10\/16-10-29-BF-Tag-Koeln-26-550x367.jpg 550w, https:\/\/jf-landkreis-vulkaneifel.de\/wp-content\/uploads\/2016\/10\/16-10-29-BF-Tag-Koeln-26.jpg 1024w, https:\/\/jf-landkreis-vulkaneifel.de\/wp-content\/uploads\/2016\/10\/16-10-29-BF-Tag-Koeln-26-768x512.jpg 768w, https:\/\/jf-landkreis-vulkaneifel.de\/wp-content\/uploads\/2016\/10\/16-10-29-BF-Tag-Koeln-26-624x416.jpg 624w\" sizes=\"auto, (max-width: 550px) 100vw, 550px\" \/><\/a><p id=\"caption-attachment-1521\" class=\"wp-caption-text\">Erkl\u00e4rung des Rettungswagen und seiner Ausstattung<\/p><\/div>\n<div id=\"attachment_1520\" style=\"width: 560px\" class=\"wp-caption alignnone\"><a href=\"https:\/\/jf-landkreis-vulkaneifel.de\/wp-content\/uploads\/2016\/10\/16-10-29-BF-Tag-Koeln-25.jpg\"><img loading=\"lazy\" decoding=\"async\" aria-describedby=\"caption-attachment-1520\" class=\"size-thumbnail wp-image-1520\" src=\"https:\/\/jf-landkreis-vulkaneifel.de\/wp-content\/uploads\/2016\/10\/16-10-29-BF-Tag-Koeln-25-550x367.jpg\" alt=\"Erkl\u00e4rung des Rettungswagen und seiner Ausstattung\" width=\"550\" height=\"367\" srcset=\"https:\/\/jf-landkreis-vulkaneifel.de\/wp-content\/uploads\/2016\/10\/16-10-29-BF-Tag-Koeln-25-550x367.jpg 550w, https:\/\/jf-landkreis-vulkaneifel.de\/wp-content\/uploads\/2016\/10\/16-10-29-BF-Tag-Koeln-25.jpg 1024w, https:\/\/jf-landkreis-vulkaneifel.de\/wp-content\/uploads\/2016\/10\/16-10-29-BF-Tag-Koeln-25-768x512.jpg 768w, https:\/\/jf-landkreis-vulkaneifel.de\/wp-content\/uploads\/2016\/10\/16-10-29-BF-Tag-Koeln-25-624x416.jpg 624w\" sizes=\"auto, (max-width: 550px) 100vw, 550px\" \/><\/a><p id=\"caption-attachment-1520\" class=\"wp-caption-text\">Erkl\u00e4rung des Rettungswagen und seiner Ausstattung<\/p><\/div>\n<div id=\"attachment_1519\" style=\"width: 560px\" class=\"wp-caption alignnone\"><a href=\"https:\/\/jf-landkreis-vulkaneifel.de\/wp-content\/uploads\/2016\/10\/16-10-29-BF-Tag-Koeln-24.jpg\"><img loading=\"lazy\" decoding=\"async\" aria-describedby=\"caption-attachment-1519\" class=\"size-thumbnail wp-image-1519\" src=\"https:\/\/jf-landkreis-vulkaneifel.de\/wp-content\/uploads\/2016\/10\/16-10-29-BF-Tag-Koeln-24-550x367.jpg\" alt=\"Leitstelle der BF-K\u00f6ln\" width=\"550\" height=\"367\" srcset=\"https:\/\/jf-landkreis-vulkaneifel.de\/wp-content\/uploads\/2016\/10\/16-10-29-BF-Tag-Koeln-24-550x367.jpg 550w, https:\/\/jf-landkreis-vulkaneifel.de\/wp-content\/uploads\/2016\/10\/16-10-29-BF-Tag-Koeln-24.jpg 1024w, https:\/\/jf-landkreis-vulkaneifel.de\/wp-content\/uploads\/2016\/10\/16-10-29-BF-Tag-Koeln-24-768x512.jpg 768w, https:\/\/jf-landkreis-vulkaneifel.de\/wp-content\/uploads\/2016\/10\/16-10-29-BF-Tag-Koeln-24-624x416.jpg 624w\" sizes=\"auto, (max-width: 550px) 100vw, 550px\" \/><\/a><p id=\"caption-attachment-1519\" class=\"wp-caption-text\">Leitstelle der BF-K\u00f6ln<\/p><\/div>\n<div id=\"attachment_1518\" style=\"width: 560px\" class=\"wp-caption alignnone\"><a href=\"https:\/\/jf-landkreis-vulkaneifel.de\/wp-content\/uploads\/2016\/10\/16-10-29-BF-Tag-Koeln-23.jpg\"><img loading=\"lazy\" decoding=\"async\" aria-describedby=\"caption-attachment-1518\" class=\"size-thumbnail wp-image-1518\" src=\"https:\/\/jf-landkreis-vulkaneifel.de\/wp-content\/uploads\/2016\/10\/16-10-29-BF-Tag-Koeln-23-550x367.jpg\" alt=\"Leitstelle der BF-K\u00f6ln\" width=\"550\" height=\"367\" srcset=\"https:\/\/jf-landkreis-vulkaneifel.de\/wp-content\/uploads\/2016\/10\/16-10-29-BF-Tag-Koeln-23-550x367.jpg 550w, https:\/\/jf-landkreis-vulkaneifel.de\/wp-content\/uploads\/2016\/10\/16-10-29-BF-Tag-Koeln-23.jpg 1024w, https:\/\/jf-landkreis-vulkaneifel.de\/wp-content\/uploads\/2016\/10\/16-10-29-BF-Tag-Koeln-23-768x512.jpg 768w, https:\/\/jf-landkreis-vulkaneifel.de\/wp-content\/uploads\/2016\/10\/16-10-29-BF-Tag-Koeln-23-624x416.jpg 624w\" sizes=\"auto, (max-width: 550px) 100vw, 550px\" \/><\/a><p id=\"caption-attachment-1518\" class=\"wp-caption-text\">Leitstelle der BF-K\u00f6ln<\/p><\/div>\n<div id=\"attachment_1522\" style=\"width: 560px\" class=\"wp-caption alignnone\"><a href=\"https:\/\/jf-landkreis-vulkaneifel.de\/wp-content\/uploads\/2016\/10\/16-10-29-BF-Tag-Koeln-27.jpg\"><img loading=\"lazy\" decoding=\"async\" aria-describedby=\"caption-attachment-1522\" class=\"size-thumbnail wp-image-1522\" src=\"https:\/\/jf-landkreis-vulkaneifel.de\/wp-content\/uploads\/2016\/10\/16-10-29-BF-Tag-Koeln-27-550x367.jpg\" alt=\"Erkl\u00e4rung des Rettungswagen und seiner Ausstattung\" width=\"550\" height=\"367\" srcset=\"https:\/\/jf-landkreis-vulkaneifel.de\/wp-content\/uploads\/2016\/10\/16-10-29-BF-Tag-Koeln-27-550x367.jpg 550w, https:\/\/jf-landkreis-vulkaneifel.de\/wp-content\/uploads\/2016\/10\/16-10-29-BF-Tag-Koeln-27.jpg 1024w, https:\/\/jf-landkreis-vulkaneifel.de\/wp-content\/uploads\/2016\/10\/16-10-29-BF-Tag-Koeln-27-768x512.jpg 768w, https:\/\/jf-landkreis-vulkaneifel.de\/wp-content\/uploads\/2016\/10\/16-10-29-BF-Tag-Koeln-27-624x416.jpg 624w\" sizes=\"auto, (max-width: 550px) 100vw, 550px\" \/><\/a><p id=\"caption-attachment-1522\" class=\"wp-caption-text\">Erkl\u00e4rung des Rettungswagen und seiner Ausstattung<\/p><\/div>\n<div id=\"attachment_1529\" style=\"width: 560px\" class=\"wp-caption alignnone\"><a href=\"https:\/\/jf-landkreis-vulkaneifel.de\/wp-content\/uploads\/2016\/10\/16-10-29-BF-Tag-Koeln-34.jpg\"><img loading=\"lazy\" decoding=\"async\" aria-describedby=\"caption-attachment-1529\" class=\"size-thumbnail wp-image-1529\" src=\"https:\/\/jf-landkreis-vulkaneifel.de\/wp-content\/uploads\/2016\/10\/16-10-29-BF-Tag-Koeln-34-550x367.jpg\" alt=\"Wechselkontainer &quot;Technische Hilfe&quot;\" width=\"550\" height=\"367\" srcset=\"https:\/\/jf-landkreis-vulkaneifel.de\/wp-content\/uploads\/2016\/10\/16-10-29-BF-Tag-Koeln-34-550x367.jpg 550w, https:\/\/jf-landkreis-vulkaneifel.de\/wp-content\/uploads\/2016\/10\/16-10-29-BF-Tag-Koeln-34.jpg 1024w, https:\/\/jf-landkreis-vulkaneifel.de\/wp-content\/uploads\/2016\/10\/16-10-29-BF-Tag-Koeln-34-768x512.jpg 768w, https:\/\/jf-landkreis-vulkaneifel.de\/wp-content\/uploads\/2016\/10\/16-10-29-BF-Tag-Koeln-34-624x416.jpg 624w\" sizes=\"auto, (max-width: 550px) 100vw, 550px\" \/><\/a><p id=\"caption-attachment-1529\" class=\"wp-caption-text\">Wechselkontainer &#8222;Technische Hilfe&#8220;<\/p><\/div>\n<div id=\"attachment_1528\" style=\"width: 560px\" class=\"wp-caption alignnone\"><a href=\"https:\/\/jf-landkreis-vulkaneifel.de\/wp-content\/uploads\/2016\/10\/16-10-29-BF-Tag-Koeln-33.jpg\"><img loading=\"lazy\" decoding=\"async\" aria-describedby=\"caption-attachment-1528\" class=\"size-thumbnail wp-image-1528\" src=\"https:\/\/jf-landkreis-vulkaneifel.de\/wp-content\/uploads\/2016\/10\/16-10-29-BF-Tag-Koeln-33-550x367.jpg\" alt=\"Rettungswagen der BF-K\u00f6ln\" width=\"550\" height=\"367\" srcset=\"https:\/\/jf-landkreis-vulkaneifel.de\/wp-content\/uploads\/2016\/10\/16-10-29-BF-Tag-Koeln-33-550x367.jpg 550w, https:\/\/jf-landkreis-vulkaneifel.de\/wp-content\/uploads\/2016\/10\/16-10-29-BF-Tag-Koeln-33.jpg 1024w, https:\/\/jf-landkreis-vulkaneifel.de\/wp-content\/uploads\/2016\/10\/16-10-29-BF-Tag-Koeln-33-768x512.jpg 768w, https:\/\/jf-landkreis-vulkaneifel.de\/wp-content\/uploads\/2016\/10\/16-10-29-BF-Tag-Koeln-33-624x416.jpg 624w\" sizes=\"auto, (max-width: 550px) 100vw, 550px\" \/><\/a><p id=\"caption-attachment-1528\" class=\"wp-caption-text\">Rettungswagen der BF-K\u00f6ln<\/p><\/div>\n<div id=\"attachment_1527\" style=\"width: 560px\" class=\"wp-caption alignnone\"><a href=\"https:\/\/jf-landkreis-vulkaneifel.de\/wp-content\/uploads\/2016\/10\/16-10-29-BF-Tag-Koeln-32.jpg\"><img loading=\"lazy\" decoding=\"async\" aria-describedby=\"caption-attachment-1527\" class=\"size-thumbnail wp-image-1527\" src=\"https:\/\/jf-landkreis-vulkaneifel.de\/wp-content\/uploads\/2016\/10\/16-10-29-BF-Tag-Koeln-32-550x367.jpg\" alt=\"Kreisjugendfeuerwehrwart LK Vulkaneifel Harald Schmitz\" width=\"550\" height=\"367\" srcset=\"https:\/\/jf-landkreis-vulkaneifel.de\/wp-content\/uploads\/2016\/10\/16-10-29-BF-Tag-Koeln-32-550x367.jpg 550w, https:\/\/jf-landkreis-vulkaneifel.de\/wp-content\/uploads\/2016\/10\/16-10-29-BF-Tag-Koeln-32.jpg 1024w, https:\/\/jf-landkreis-vulkaneifel.de\/wp-content\/uploads\/2016\/10\/16-10-29-BF-Tag-Koeln-32-768x512.jpg 768w, https:\/\/jf-landkreis-vulkaneifel.de\/wp-content\/uploads\/2016\/10\/16-10-29-BF-Tag-Koeln-32-624x416.jpg 624w\" sizes=\"auto, (max-width: 550px) 100vw, 550px\" \/><\/a><p id=\"caption-attachment-1527\" class=\"wp-caption-text\">Kreisjugendfeuerwehrwart LK Vulkaneifel Harald Schmitz<\/p><\/div>\n<div id=\"attachment_1526\" style=\"width: 560px\" class=\"wp-caption alignnone\"><a href=\"https:\/\/jf-landkreis-vulkaneifel.de\/wp-content\/uploads\/2016\/10\/16-10-29-BF-Tag-Koeln-31.jpg\"><img loading=\"lazy\" decoding=\"async\" aria-describedby=\"caption-attachment-1526\" class=\"size-thumbnail wp-image-1526\" src=\"https:\/\/jf-landkreis-vulkaneifel.de\/wp-content\/uploads\/2016\/10\/16-10-29-BF-Tag-Koeln-31-550x367.jpg\" alt=\"Fahrzeug der BF-K\u00f6ln\" width=\"550\" height=\"367\" srcset=\"https:\/\/jf-landkreis-vulkaneifel.de\/wp-content\/uploads\/2016\/10\/16-10-29-BF-Tag-Koeln-31-550x367.jpg 550w, https:\/\/jf-landkreis-vulkaneifel.de\/wp-content\/uploads\/2016\/10\/16-10-29-BF-Tag-Koeln-31.jpg 1024w, https:\/\/jf-landkreis-vulkaneifel.de\/wp-content\/uploads\/2016\/10\/16-10-29-BF-Tag-Koeln-31-768x512.jpg 768w, https:\/\/jf-landkreis-vulkaneifel.de\/wp-content\/uploads\/2016\/10\/16-10-29-BF-Tag-Koeln-31-624x416.jpg 624w\" sizes=\"auto, (max-width: 550px) 100vw, 550px\" \/><\/a><p id=\"caption-attachment-1526\" class=\"wp-caption-text\">Fahrzeug der BF-K\u00f6ln<\/p><\/div>\n<div id=\"attachment_1524\" style=\"width: 560px\" class=\"wp-caption alignnone\"><a href=\"https:\/\/jf-landkreis-vulkaneifel.de\/wp-content\/uploads\/2016\/10\/16-10-29-BF-Tag-Koeln-29.jpg\"><img loading=\"lazy\" decoding=\"async\" aria-describedby=\"caption-attachment-1524\" class=\"size-thumbnail wp-image-1524\" src=\"https:\/\/jf-landkreis-vulkaneifel.de\/wp-content\/uploads\/2016\/10\/16-10-29-BF-Tag-Koeln-29-550x367.jpg\" alt=\"ELW der BF-K\u00f6ln\" width=\"550\" height=\"367\" srcset=\"https:\/\/jf-landkreis-vulkaneifel.de\/wp-content\/uploads\/2016\/10\/16-10-29-BF-Tag-Koeln-29-550x367.jpg 550w, https:\/\/jf-landkreis-vulkaneifel.de\/wp-content\/uploads\/2016\/10\/16-10-29-BF-Tag-Koeln-29.jpg 1024w, https:\/\/jf-landkreis-vulkaneifel.de\/wp-content\/uploads\/2016\/10\/16-10-29-BF-Tag-Koeln-29-768x512.jpg 768w, https:\/\/jf-landkreis-vulkaneifel.de\/wp-content\/uploads\/2016\/10\/16-10-29-BF-Tag-Koeln-29-624x416.jpg 624w\" sizes=\"auto, (max-width: 550px) 100vw, 550px\" \/><\/a><p id=\"caption-attachment-1524\" class=\"wp-caption-text\">ELW der BF-K\u00f6ln<\/p><\/div>\n<div id=\"attachment_1523\" style=\"width: 560px\" class=\"wp-caption alignnone\"><a href=\"https:\/\/jf-landkreis-vulkaneifel.de\/wp-content\/uploads\/2016\/10\/16-10-29-BF-Tag-Koeln-28.jpg\"><img loading=\"lazy\" decoding=\"async\" aria-describedby=\"caption-attachment-1523\" class=\"size-thumbnail wp-image-1523\" src=\"https:\/\/jf-landkreis-vulkaneifel.de\/wp-content\/uploads\/2016\/10\/16-10-29-BF-Tag-Koeln-28-550x367.jpg\" alt=\"Fahrzeugpr\u00e4sentation\" width=\"550\" height=\"367\" srcset=\"https:\/\/jf-landkreis-vulkaneifel.de\/wp-content\/uploads\/2016\/10\/16-10-29-BF-Tag-Koeln-28-550x367.jpg 550w, https:\/\/jf-landkreis-vulkaneifel.de\/wp-content\/uploads\/2016\/10\/16-10-29-BF-Tag-Koeln-28.jpg 1024w, https:\/\/jf-landkreis-vulkaneifel.de\/wp-content\/uploads\/2016\/10\/16-10-29-BF-Tag-Koeln-28-768x512.jpg 768w, https:\/\/jf-landkreis-vulkaneifel.de\/wp-content\/uploads\/2016\/10\/16-10-29-BF-Tag-Koeln-28-624x416.jpg 624w\" sizes=\"auto, (max-width: 550px) 100vw, 550px\" \/><\/a><p id=\"caption-attachment-1523\" class=\"wp-caption-text\">Fahrzeugpr\u00e4sentation<\/p><\/div>\n<div id=\"attachment_1525\" style=\"width: 560px\" class=\"wp-caption alignnone\"><a href=\"https:\/\/jf-landkreis-vulkaneifel.de\/wp-content\/uploads\/2016\/10\/16-10-29-BF-Tag-Koeln-30.jpg\"><img loading=\"lazy\" decoding=\"async\" aria-describedby=\"caption-attachment-1525\" class=\"size-thumbnail wp-image-1525\" src=\"https:\/\/jf-landkreis-vulkaneifel.de\/wp-content\/uploads\/2016\/10\/16-10-29-BF-Tag-Koeln-30-550x367.jpg\" alt=\"Jugendliche der Jugendfeuerwehr Landkreis Vulkaneifel\" width=\"550\" height=\"367\" srcset=\"https:\/\/jf-landkreis-vulkaneifel.de\/wp-content\/uploads\/2016\/10\/16-10-29-BF-Tag-Koeln-30-550x367.jpg 550w, https:\/\/jf-landkreis-vulkaneifel.de\/wp-content\/uploads\/2016\/10\/16-10-29-BF-Tag-Koeln-30.jpg 1024w, https:\/\/jf-landkreis-vulkaneifel.de\/wp-content\/uploads\/2016\/10\/16-10-29-BF-Tag-Koeln-30-768x512.jpg 768w, https:\/\/jf-landkreis-vulkaneifel.de\/wp-content\/uploads\/2016\/10\/16-10-29-BF-Tag-Koeln-30-624x416.jpg 624w\" sizes=\"auto, (max-width: 550px) 100vw, 550px\" \/><\/a><p id=\"caption-attachment-1525\" class=\"wp-caption-text\">Jugendliche der Jugendfeuerwehr Landkreis Vulkaneifel<\/p><\/div>\n<p><a href=\"https:\/\/jf-landkreis-vulkaneifel.de\/?p=1534\">[zur\u00fcck zum Beitrag]<\/a><\/p>\n","protected":false},"excerpt":{"rendered":"<p>[zur\u00fcck zum Beitrag] [zur\u00fcck zum Beitrag]<\/p>\n","protected":false},"author":5,"featured_media":1526,"parent":119,"menu_order":0,"comment_status":"closed","ping_status":"closed","template":"","meta":{"footnotes":""},"class_list":["post-1530","page","type-page","status-publish","has-post-thumbnail","hentry"],"_links":{"self":[{"href":"https:\/\/jf-landkreis-vulkaneifel.de\/index.php?rest_route=\/wp\/v2\/pages\/1530","targetHints":{"allow":["GET"]}}],"collection":[{"href":"https:\/\/jf-landkreis-vulkaneifel.de\/index.php?rest_route=\/wp\/v2\/pages"}],"about":[{"href":"https:\/\/jf-landkreis-vulkaneifel.de\/index.php?rest_route=\/wp\/v2\/types\/page"}],"author":[{"embeddable":true,"href":"https:\/\/jf-landkreis-vulkaneifel.de\/index.php?rest_route=\/wp\/v2\/users\/5"}],"replies":[{"embeddable":true,"href":"https:\/\/jf-landkreis-vulkaneifel.de\/index.php?rest_route=%2Fwp%2Fv2%2Fcomments&post=1530"}],"version-history":[{"count":4,"href":"https:\/\/jf-landkreis-vulkaneifel.de\/index.php?rest_route=\/wp\/v2\/pages\/1530\/revisions"}],"predecessor-version":[{"id":1537,"href":"https:\/\/jf-landkreis-vulkaneifel.de\/index.php?rest_route=\/wp\/v2\/pages\/1530\/revisions\/1537"}],"up":[{"embeddable":true,"href":"https:\/\/jf-landkreis-vulkaneifel.de\/index.php?rest_route=\/wp\/v2\/pages\/119"}],"wp:featuredmedia":[{"embeddable":true,"href":"https:\/\/jf-landkreis-vulkaneifel.de\/index.php?rest_route=\/wp\/v2\/media\/1526"}],"wp:attachment":[{"href":"https:\/\/jf-landkreis-vulkaneifel.de\/index.php?rest_route=%2Fwp%2Fv2%2Fmedia&parent=1530"}],"curies":[{"name":"wp","href":"https:\/\/api.w.org\/{rel}","templated":true}]}}