{"id":1733,"date":"2018-02-25T21:24:46","date_gmt":"2018-02-25T19:24:46","guid":{"rendered":"http:\/\/jf-landkreis-vulkaneifel.de\/?page_id=1733"},"modified":"2018-02-25T21:34:37","modified_gmt":"2018-02-25T19:34:37","slug":"voelkerballturnier-2018-in-daun","status":"publish","type":"page","link":"https:\/\/jf-landkreis-vulkaneifel.de\/?page_id=1733","title":{"rendered":"V\u00f6lkerballturnier 2018 in Daun"},"content":{"rendered":"<p><a href=\"https:\/\/jf-landkreis-vulkaneifel.de\/?p=1689\">[zum Bericht]<\/a><\/p>\n<p>V\u00f6lkerballturnier der Jugendfeueren des Landkreis Vulkaneifel am 24.02.2018 in Daun.<br \/>\nAusrichter ist die Jugendfeuerwehr Waldk\u00f6nigen.<\/p>\n<p>Platz 1: JF Kelberg<br \/>\nPlatz 2: Spielgemeinschaft JF Alfbachtal<br \/>\n(JF Udler, JF Ellscheid, JF Gillenfeld, JF Strotzb\u00fcsch)<br \/>\nPlatz 3: JF Kalenborn<br \/>\nPlatz 4: Spielgemeinschaft JF B\u00fcscheich \/ JF Demerath \/ JF Gerolstein<\/p>\n<div id=\"attachment_1691\" style=\"width: 1034px\" class=\"wp-caption alignleft\"><a href=\"https:\/\/jf-landkreis-vulkaneifel.de\/wp-content\/uploads\/2018\/02\/Voelkerballturnier-JF-LK-Vulkaneifel-2018-Daun-Waldkoenigen014.jpg\"><img loading=\"lazy\" decoding=\"async\" aria-describedby=\"caption-attachment-1691\" class=\"size-full wp-image-1691\" src=\"https:\/\/jf-landkreis-vulkaneifel.de\/wp-content\/uploads\/2018\/02\/Voelkerballturnier-JF-LK-Vulkaneifel-2018-Daun-Waldkoenigen014.jpg\" alt=\"Voelkerballturnier 2018 Daun\" width=\"1024\" height=\"684\" srcset=\"https:\/\/jf-landkreis-vulkaneifel.de\/wp-content\/uploads\/2018\/02\/Voelkerballturnier-JF-LK-Vulkaneifel-2018-Daun-Waldkoenigen014.jpg 1024w, https:\/\/jf-landkreis-vulkaneifel.de\/wp-content\/uploads\/2018\/02\/Voelkerballturnier-JF-LK-Vulkaneifel-2018-Daun-Waldkoenigen014-550x367.jpg 550w, https:\/\/jf-landkreis-vulkaneifel.de\/wp-content\/uploads\/2018\/02\/Voelkerballturnier-JF-LK-Vulkaneifel-2018-Daun-Waldkoenigen014-768x513.jpg 768w, https:\/\/jf-landkreis-vulkaneifel.de\/wp-content\/uploads\/2018\/02\/Voelkerballturnier-JF-LK-Vulkaneifel-2018-Daun-Waldkoenigen014-624x417.jpg 624w\" sizes=\"auto, (max-width: 1024px) 100vw, 1024px\" \/><\/a><p id=\"caption-attachment-1691\" class=\"wp-caption-text\">Einweisung Wertungsrichter<\/p><\/div>\n<div id=\"attachment_1697\" style=\"width: 1034px\" class=\"wp-caption alignleft\"><a href=\"https:\/\/jf-landkreis-vulkaneifel.de\/wp-content\/uploads\/2018\/02\/Voelkerballturnier-JF-LK-Vulkaneifel-2018-Daun-Waldkoenigen042.jpg\"><img loading=\"lazy\" decoding=\"async\" aria-describedby=\"caption-attachment-1697\" class=\"size-full wp-image-1697\" src=\"https:\/\/jf-landkreis-vulkaneifel.de\/wp-content\/uploads\/2018\/02\/Voelkerballturnier-JF-LK-Vulkaneifel-2018-Daun-Waldkoenigen042.jpg\" alt=\"Voelkerballturnier 2018 Daun\" width=\"1024\" height=\"684\" srcset=\"https:\/\/jf-landkreis-vulkaneifel.de\/wp-content\/uploads\/2018\/02\/Voelkerballturnier-JF-LK-Vulkaneifel-2018-Daun-Waldkoenigen042.jpg 1024w, https:\/\/jf-landkreis-vulkaneifel.de\/wp-content\/uploads\/2018\/02\/Voelkerballturnier-JF-LK-Vulkaneifel-2018-Daun-Waldkoenigen042-550x367.jpg 550w, https:\/\/jf-landkreis-vulkaneifel.de\/wp-content\/uploads\/2018\/02\/Voelkerballturnier-JF-LK-Vulkaneifel-2018-Daun-Waldkoenigen042-768x513.jpg 768w, https:\/\/jf-landkreis-vulkaneifel.de\/wp-content\/uploads\/2018\/02\/Voelkerballturnier-JF-LK-Vulkaneifel-2018-Daun-Waldkoenigen042-624x417.jpg 624w\" sizes=\"auto, (max-width: 1024px) 100vw, 1024px\" \/><\/a><p id=\"caption-attachment-1697\" class=\"wp-caption-text\">Top Team bei der Arbeit<\/p><\/div>\n<div id=\"attachment_1696\" style=\"width: 1034px\" class=\"wp-caption alignleft\"><a href=\"https:\/\/jf-landkreis-vulkaneifel.de\/wp-content\/uploads\/2018\/02\/Voelkerballturnier-JF-LK-Vulkaneifel-2018-Daun-Waldkoenigen034.jpg\"><img loading=\"lazy\" decoding=\"async\" aria-describedby=\"caption-attachment-1696\" class=\"size-full wp-image-1696\" src=\"https:\/\/jf-landkreis-vulkaneifel.de\/wp-content\/uploads\/2018\/02\/Voelkerballturnier-JF-LK-Vulkaneifel-2018-Daun-Waldkoenigen034.jpg\" alt=\"Voelkerballturnier 2018 Daun\" width=\"1024\" height=\"684\" srcset=\"https:\/\/jf-landkreis-vulkaneifel.de\/wp-content\/uploads\/2018\/02\/Voelkerballturnier-JF-LK-Vulkaneifel-2018-Daun-Waldkoenigen034.jpg 1024w, https:\/\/jf-landkreis-vulkaneifel.de\/wp-content\/uploads\/2018\/02\/Voelkerballturnier-JF-LK-Vulkaneifel-2018-Daun-Waldkoenigen034-550x367.jpg 550w, https:\/\/jf-landkreis-vulkaneifel.de\/wp-content\/uploads\/2018\/02\/Voelkerballturnier-JF-LK-Vulkaneifel-2018-Daun-Waldkoenigen034-768x513.jpg 768w, https:\/\/jf-landkreis-vulkaneifel.de\/wp-content\/uploads\/2018\/02\/Voelkerballturnier-JF-LK-Vulkaneifel-2018-Daun-Waldkoenigen034-624x417.jpg 624w\" sizes=\"auto, (max-width: 1024px) 100vw, 1024px\" \/><\/a><p id=\"caption-attachment-1696\" class=\"wp-caption-text\">Anmeldung<\/p><\/div>\n<div id=\"attachment_1695\" style=\"width: 1034px\" class=\"wp-caption alignleft\"><a href=\"https:\/\/jf-landkreis-vulkaneifel.de\/wp-content\/uploads\/2018\/02\/Voelkerballturnier-JF-LK-Vulkaneifel-2018-Daun-Waldkoenigen027.jpg\"><img loading=\"lazy\" decoding=\"async\" aria-describedby=\"caption-attachment-1695\" class=\"size-full wp-image-1695\" src=\"https:\/\/jf-landkreis-vulkaneifel.de\/wp-content\/uploads\/2018\/02\/Voelkerballturnier-JF-LK-Vulkaneifel-2018-Daun-Waldkoenigen027.jpg\" alt=\"Voelkerballturnier 2018 Daun\" width=\"1024\" height=\"684\" srcset=\"https:\/\/jf-landkreis-vulkaneifel.de\/wp-content\/uploads\/2018\/02\/Voelkerballturnier-JF-LK-Vulkaneifel-2018-Daun-Waldkoenigen027.jpg 1024w, https:\/\/jf-landkreis-vulkaneifel.de\/wp-content\/uploads\/2018\/02\/Voelkerballturnier-JF-LK-Vulkaneifel-2018-Daun-Waldkoenigen027-550x367.jpg 550w, https:\/\/jf-landkreis-vulkaneifel.de\/wp-content\/uploads\/2018\/02\/Voelkerballturnier-JF-LK-Vulkaneifel-2018-Daun-Waldkoenigen027-768x513.jpg 768w, https:\/\/jf-landkreis-vulkaneifel.de\/wp-content\/uploads\/2018\/02\/Voelkerballturnier-JF-LK-Vulkaneifel-2018-Daun-Waldkoenigen027-624x417.jpg 624w\" sizes=\"auto, (max-width: 1024px) 100vw, 1024px\" \/><\/a><p id=\"caption-attachment-1695\" class=\"wp-caption-text\">Anmeldung<\/p><\/div>\n<div id=\"attachment_1694\" style=\"width: 1034px\" class=\"wp-caption alignleft\"><a href=\"https:\/\/jf-landkreis-vulkaneifel.de\/wp-content\/uploads\/2018\/02\/Voelkerballturnier-JF-LK-Vulkaneifel-2018-Daun-Waldkoenigen024.jpg\"><img loading=\"lazy\" decoding=\"async\" aria-describedby=\"caption-attachment-1694\" class=\"size-full wp-image-1694\" src=\"https:\/\/jf-landkreis-vulkaneifel.de\/wp-content\/uploads\/2018\/02\/Voelkerballturnier-JF-LK-Vulkaneifel-2018-Daun-Waldkoenigen024.jpg\" alt=\"Voelkerballturnier 2018 Daun\" width=\"1024\" height=\"684\" srcset=\"https:\/\/jf-landkreis-vulkaneifel.de\/wp-content\/uploads\/2018\/02\/Voelkerballturnier-JF-LK-Vulkaneifel-2018-Daun-Waldkoenigen024.jpg 1024w, https:\/\/jf-landkreis-vulkaneifel.de\/wp-content\/uploads\/2018\/02\/Voelkerballturnier-JF-LK-Vulkaneifel-2018-Daun-Waldkoenigen024-550x367.jpg 550w, https:\/\/jf-landkreis-vulkaneifel.de\/wp-content\/uploads\/2018\/02\/Voelkerballturnier-JF-LK-Vulkaneifel-2018-Daun-Waldkoenigen024-768x513.jpg 768w, https:\/\/jf-landkreis-vulkaneifel.de\/wp-content\/uploads\/2018\/02\/Voelkerballturnier-JF-LK-Vulkaneifel-2018-Daun-Waldkoenigen024-624x417.jpg 624w\" sizes=\"auto, (max-width: 1024px) 100vw, 1024px\" \/><\/a><p id=\"caption-attachment-1694\" class=\"wp-caption-text\">Voelkerballturnier 2018 Daun<\/p><\/div>\n<div id=\"attachment_1693\" style=\"width: 1034px\" class=\"wp-caption alignleft\"><a href=\"https:\/\/jf-landkreis-vulkaneifel.de\/wp-content\/uploads\/2018\/02\/Voelkerballturnier-JF-LK-Vulkaneifel-2018-Daun-Waldkoenigen021.jpg\"><img loading=\"lazy\" decoding=\"async\" aria-describedby=\"caption-attachment-1693\" class=\"size-full wp-image-1693\" src=\"https:\/\/jf-landkreis-vulkaneifel.de\/wp-content\/uploads\/2018\/02\/Voelkerballturnier-JF-LK-Vulkaneifel-2018-Daun-Waldkoenigen021.jpg\" alt=\"Voelkerballturnier 2018 Daun\" width=\"1024\" height=\"684\" srcset=\"https:\/\/jf-landkreis-vulkaneifel.de\/wp-content\/uploads\/2018\/02\/Voelkerballturnier-JF-LK-Vulkaneifel-2018-Daun-Waldkoenigen021.jpg 1024w, https:\/\/jf-landkreis-vulkaneifel.de\/wp-content\/uploads\/2018\/02\/Voelkerballturnier-JF-LK-Vulkaneifel-2018-Daun-Waldkoenigen021-550x367.jpg 550w, https:\/\/jf-landkreis-vulkaneifel.de\/wp-content\/uploads\/2018\/02\/Voelkerballturnier-JF-LK-Vulkaneifel-2018-Daun-Waldkoenigen021-768x513.jpg 768w, https:\/\/jf-landkreis-vulkaneifel.de\/wp-content\/uploads\/2018\/02\/Voelkerballturnier-JF-LK-Vulkaneifel-2018-Daun-Waldkoenigen021-624x417.jpg 624w\" sizes=\"auto, (max-width: 1024px) 100vw, 1024px\" \/><\/a><p id=\"caption-attachment-1693\" class=\"wp-caption-text\">Voelkerballturnier 2018 Daun<\/p><\/div>\n<div id=\"attachment_1692\" style=\"width: 1034px\" class=\"wp-caption alignleft\"><a href=\"https:\/\/jf-landkreis-vulkaneifel.de\/wp-content\/uploads\/2018\/02\/Voelkerballturnier-JF-LK-Vulkaneifel-2018-Daun-Waldkoenigen020.jpg\"><img loading=\"lazy\" decoding=\"async\" aria-describedby=\"caption-attachment-1692\" class=\"size-full wp-image-1692\" src=\"https:\/\/jf-landkreis-vulkaneifel.de\/wp-content\/uploads\/2018\/02\/Voelkerballturnier-JF-LK-Vulkaneifel-2018-Daun-Waldkoenigen020.jpg\" alt=\"Voelkerballturnier 2018 Daun\" width=\"1024\" height=\"684\" srcset=\"https:\/\/jf-landkreis-vulkaneifel.de\/wp-content\/uploads\/2018\/02\/Voelkerballturnier-JF-LK-Vulkaneifel-2018-Daun-Waldkoenigen020.jpg 1024w, https:\/\/jf-landkreis-vulkaneifel.de\/wp-content\/uploads\/2018\/02\/Voelkerballturnier-JF-LK-Vulkaneifel-2018-Daun-Waldkoenigen020-550x367.jpg 550w, https:\/\/jf-landkreis-vulkaneifel.de\/wp-content\/uploads\/2018\/02\/Voelkerballturnier-JF-LK-Vulkaneifel-2018-Daun-Waldkoenigen020-768x513.jpg 768w, https:\/\/jf-landkreis-vulkaneifel.de\/wp-content\/uploads\/2018\/02\/Voelkerballturnier-JF-LK-Vulkaneifel-2018-Daun-Waldkoenigen020-624x417.jpg 624w\" sizes=\"auto, (max-width: 1024px) 100vw, 1024px\" \/><\/a><p id=\"caption-attachment-1692\" class=\"wp-caption-text\">Voelkerballturnier 2018 Daun<\/p><\/div>\n<div id=\"attachment_1698\" style=\"width: 1034px\" class=\"wp-caption alignleft\"><a href=\"https:\/\/jf-landkreis-vulkaneifel.de\/wp-content\/uploads\/2018\/02\/Voelkerballturnier-JF-LK-Vulkaneifel-2018-Daun-Waldkoenigen055.jpg\"><img loading=\"lazy\" decoding=\"async\" aria-describedby=\"caption-attachment-1698\" class=\"size-full wp-image-1698\" src=\"https:\/\/jf-landkreis-vulkaneifel.de\/wp-content\/uploads\/2018\/02\/Voelkerballturnier-JF-LK-Vulkaneifel-2018-Daun-Waldkoenigen055.jpg\" alt=\"Voelkerballturnier 2018 Daun\" width=\"1024\" height=\"684\" srcset=\"https:\/\/jf-landkreis-vulkaneifel.de\/wp-content\/uploads\/2018\/02\/Voelkerballturnier-JF-LK-Vulkaneifel-2018-Daun-Waldkoenigen055.jpg 1024w, https:\/\/jf-landkreis-vulkaneifel.de\/wp-content\/uploads\/2018\/02\/Voelkerballturnier-JF-LK-Vulkaneifel-2018-Daun-Waldkoenigen055-550x367.jpg 550w, https:\/\/jf-landkreis-vulkaneifel.de\/wp-content\/uploads\/2018\/02\/Voelkerballturnier-JF-LK-Vulkaneifel-2018-Daun-Waldkoenigen055-768x513.jpg 768w, https:\/\/jf-landkreis-vulkaneifel.de\/wp-content\/uploads\/2018\/02\/Voelkerballturnier-JF-LK-Vulkaneifel-2018-Daun-Waldkoenigen055-624x417.jpg 624w\" sizes=\"auto, (max-width: 1024px) 100vw, 1024px\" \/><\/a><p id=\"caption-attachment-1698\" class=\"wp-caption-text\">Voelkerballturnier 2018 Daun<\/p><\/div>\n<div id=\"attachment_1704\" style=\"width: 1034px\" class=\"wp-caption alignleft\"><a href=\"https:\/\/jf-landkreis-vulkaneifel.de\/wp-content\/uploads\/2018\/02\/Voelkerballturnier-JF-LK-Vulkaneifel-2018-Daun-Waldkoenigen092.jpg\"><img loading=\"lazy\" decoding=\"async\" aria-describedby=\"caption-attachment-1704\" class=\"size-full wp-image-1704\" src=\"https:\/\/jf-landkreis-vulkaneifel.de\/wp-content\/uploads\/2018\/02\/Voelkerballturnier-JF-LK-Vulkaneifel-2018-Daun-Waldkoenigen092.jpg\" alt=\"Voelkerballturnier 2018 Daun\" width=\"1024\" height=\"684\" srcset=\"https:\/\/jf-landkreis-vulkaneifel.de\/wp-content\/uploads\/2018\/02\/Voelkerballturnier-JF-LK-Vulkaneifel-2018-Daun-Waldkoenigen092.jpg 1024w, https:\/\/jf-landkreis-vulkaneifel.de\/wp-content\/uploads\/2018\/02\/Voelkerballturnier-JF-LK-Vulkaneifel-2018-Daun-Waldkoenigen092-550x367.jpg 550w, https:\/\/jf-landkreis-vulkaneifel.de\/wp-content\/uploads\/2018\/02\/Voelkerballturnier-JF-LK-Vulkaneifel-2018-Daun-Waldkoenigen092-768x513.jpg 768w, https:\/\/jf-landkreis-vulkaneifel.de\/wp-content\/uploads\/2018\/02\/Voelkerballturnier-JF-LK-Vulkaneifel-2018-Daun-Waldkoenigen092-624x417.jpg 624w\" sizes=\"auto, (max-width: 1024px) 100vw, 1024px\" \/><\/a><p id=\"caption-attachment-1704\" class=\"wp-caption-text\">Voelkerballturnier 2018 Daun<\/p><\/div>\n<div id=\"attachment_1703\" style=\"width: 1034px\" class=\"wp-caption alignleft\"><a href=\"https:\/\/jf-landkreis-vulkaneifel.de\/wp-content\/uploads\/2018\/02\/Voelkerballturnier-JF-LK-Vulkaneifel-2018-Daun-Waldkoenigen084.jpg\"><img loading=\"lazy\" decoding=\"async\" aria-describedby=\"caption-attachment-1703\" class=\"size-full wp-image-1703\" src=\"https:\/\/jf-landkreis-vulkaneifel.de\/wp-content\/uploads\/2018\/02\/Voelkerballturnier-JF-LK-Vulkaneifel-2018-Daun-Waldkoenigen084.jpg\" alt=\"Voelkerballturnier 2018 Daun\" width=\"1024\" height=\"684\" srcset=\"https:\/\/jf-landkreis-vulkaneifel.de\/wp-content\/uploads\/2018\/02\/Voelkerballturnier-JF-LK-Vulkaneifel-2018-Daun-Waldkoenigen084.jpg 1024w, https:\/\/jf-landkreis-vulkaneifel.de\/wp-content\/uploads\/2018\/02\/Voelkerballturnier-JF-LK-Vulkaneifel-2018-Daun-Waldkoenigen084-550x367.jpg 550w, https:\/\/jf-landkreis-vulkaneifel.de\/wp-content\/uploads\/2018\/02\/Voelkerballturnier-JF-LK-Vulkaneifel-2018-Daun-Waldkoenigen084-768x513.jpg 768w, https:\/\/jf-landkreis-vulkaneifel.de\/wp-content\/uploads\/2018\/02\/Voelkerballturnier-JF-LK-Vulkaneifel-2018-Daun-Waldkoenigen084-624x417.jpg 624w\" sizes=\"auto, (max-width: 1024px) 100vw, 1024px\" \/><\/a><p id=\"caption-attachment-1703\" class=\"wp-caption-text\">Wehrleitung Daun und G\u00e4ste<\/p><\/div>\n<div id=\"attachment_1702\" style=\"width: 1034px\" class=\"wp-caption alignleft\"><a href=\"https:\/\/jf-landkreis-vulkaneifel.de\/wp-content\/uploads\/2018\/02\/Voelkerballturnier-JF-LK-Vulkaneifel-2018-Daun-Waldkoenigen072.jpg\"><img loading=\"lazy\" decoding=\"async\" aria-describedby=\"caption-attachment-1702\" class=\"size-full wp-image-1702\" src=\"https:\/\/jf-landkreis-vulkaneifel.de\/wp-content\/uploads\/2018\/02\/Voelkerballturnier-JF-LK-Vulkaneifel-2018-Daun-Waldkoenigen072.jpg\" alt=\"Voelkerballturnier 2018 Daun\" width=\"1024\" height=\"684\" srcset=\"https:\/\/jf-landkreis-vulkaneifel.de\/wp-content\/uploads\/2018\/02\/Voelkerballturnier-JF-LK-Vulkaneifel-2018-Daun-Waldkoenigen072.jpg 1024w, https:\/\/jf-landkreis-vulkaneifel.de\/wp-content\/uploads\/2018\/02\/Voelkerballturnier-JF-LK-Vulkaneifel-2018-Daun-Waldkoenigen072-550x367.jpg 550w, https:\/\/jf-landkreis-vulkaneifel.de\/wp-content\/uploads\/2018\/02\/Voelkerballturnier-JF-LK-Vulkaneifel-2018-Daun-Waldkoenigen072-768x513.jpg 768w, https:\/\/jf-landkreis-vulkaneifel.de\/wp-content\/uploads\/2018\/02\/Voelkerballturnier-JF-LK-Vulkaneifel-2018-Daun-Waldkoenigen072-624x417.jpg 624w\" sizes=\"auto, (max-width: 1024px) 100vw, 1024px\" \/><\/a><p id=\"caption-attachment-1702\" class=\"wp-caption-text\">Voelkerballturnier 2018 Daun<\/p><\/div>\n<div id=\"attachment_1701\" style=\"width: 1034px\" class=\"wp-caption alignleft\"><a href=\"https:\/\/jf-landkreis-vulkaneifel.de\/wp-content\/uploads\/2018\/02\/Voelkerballturnier-JF-LK-Vulkaneifel-2018-Daun-Waldkoenigen071.jpg\"><img loading=\"lazy\" decoding=\"async\" aria-describedby=\"caption-attachment-1701\" class=\"size-full wp-image-1701\" src=\"https:\/\/jf-landkreis-vulkaneifel.de\/wp-content\/uploads\/2018\/02\/Voelkerballturnier-JF-LK-Vulkaneifel-2018-Daun-Waldkoenigen071.jpg\" alt=\"Voelkerballturnier 2018 Daun\" width=\"1024\" height=\"684\" srcset=\"https:\/\/jf-landkreis-vulkaneifel.de\/wp-content\/uploads\/2018\/02\/Voelkerballturnier-JF-LK-Vulkaneifel-2018-Daun-Waldkoenigen071.jpg 1024w, https:\/\/jf-landkreis-vulkaneifel.de\/wp-content\/uploads\/2018\/02\/Voelkerballturnier-JF-LK-Vulkaneifel-2018-Daun-Waldkoenigen071-550x367.jpg 550w, https:\/\/jf-landkreis-vulkaneifel.de\/wp-content\/uploads\/2018\/02\/Voelkerballturnier-JF-LK-Vulkaneifel-2018-Daun-Waldkoenigen071-768x513.jpg 768w, https:\/\/jf-landkreis-vulkaneifel.de\/wp-content\/uploads\/2018\/02\/Voelkerballturnier-JF-LK-Vulkaneifel-2018-Daun-Waldkoenigen071-624x417.jpg 624w\" sizes=\"auto, (max-width: 1024px) 100vw, 1024px\" \/><\/a><p id=\"caption-attachment-1701\" class=\"wp-caption-text\">Besprechung Wertungsrichter<\/p><\/div>\n<div id=\"attachment_1700\" style=\"width: 1034px\" class=\"wp-caption alignleft\"><a href=\"https:\/\/jf-landkreis-vulkaneifel.de\/wp-content\/uploads\/2018\/02\/Voelkerballturnier-JF-LK-Vulkaneifel-2018-Daun-Waldkoenigen069.jpg\"><img loading=\"lazy\" decoding=\"async\" aria-describedby=\"caption-attachment-1700\" class=\"size-full wp-image-1700\" src=\"https:\/\/jf-landkreis-vulkaneifel.de\/wp-content\/uploads\/2018\/02\/Voelkerballturnier-JF-LK-Vulkaneifel-2018-Daun-Waldkoenigen069.jpg\" alt=\"Voelkerballturnier 2018 Daun\" width=\"1024\" height=\"684\" srcset=\"https:\/\/jf-landkreis-vulkaneifel.de\/wp-content\/uploads\/2018\/02\/Voelkerballturnier-JF-LK-Vulkaneifel-2018-Daun-Waldkoenigen069.jpg 1024w, https:\/\/jf-landkreis-vulkaneifel.de\/wp-content\/uploads\/2018\/02\/Voelkerballturnier-JF-LK-Vulkaneifel-2018-Daun-Waldkoenigen069-550x367.jpg 550w, https:\/\/jf-landkreis-vulkaneifel.de\/wp-content\/uploads\/2018\/02\/Voelkerballturnier-JF-LK-Vulkaneifel-2018-Daun-Waldkoenigen069-768x513.jpg 768w, https:\/\/jf-landkreis-vulkaneifel.de\/wp-content\/uploads\/2018\/02\/Voelkerballturnier-JF-LK-Vulkaneifel-2018-Daun-Waldkoenigen069-624x417.jpg 624w\" sizes=\"auto, (max-width: 1024px) 100vw, 1024px\" \/><\/a><p id=\"caption-attachment-1700\" class=\"wp-caption-text\">Besprechung Wertungsrichter<\/p><\/div>\n<div id=\"attachment_1699\" style=\"width: 1034px\" class=\"wp-caption alignleft\"><a href=\"https:\/\/jf-landkreis-vulkaneifel.de\/wp-content\/uploads\/2018\/02\/Voelkerballturnier-JF-LK-Vulkaneifel-2018-Daun-Waldkoenigen068.jpg\"><img loading=\"lazy\" decoding=\"async\" aria-describedby=\"caption-attachment-1699\" class=\"size-full wp-image-1699\" src=\"https:\/\/jf-landkreis-vulkaneifel.de\/wp-content\/uploads\/2018\/02\/Voelkerballturnier-JF-LK-Vulkaneifel-2018-Daun-Waldkoenigen068.jpg\" alt=\"Voelkerballturnier 2018 Daun\" width=\"1024\" height=\"684\" srcset=\"https:\/\/jf-landkreis-vulkaneifel.de\/wp-content\/uploads\/2018\/02\/Voelkerballturnier-JF-LK-Vulkaneifel-2018-Daun-Waldkoenigen068.jpg 1024w, https:\/\/jf-landkreis-vulkaneifel.de\/wp-content\/uploads\/2018\/02\/Voelkerballturnier-JF-LK-Vulkaneifel-2018-Daun-Waldkoenigen068-550x367.jpg 550w, https:\/\/jf-landkreis-vulkaneifel.de\/wp-content\/uploads\/2018\/02\/Voelkerballturnier-JF-LK-Vulkaneifel-2018-Daun-Waldkoenigen068-768x513.jpg 768w, https:\/\/jf-landkreis-vulkaneifel.de\/wp-content\/uploads\/2018\/02\/Voelkerballturnier-JF-LK-Vulkaneifel-2018-Daun-Waldkoenigen068-624x417.jpg 624w\" sizes=\"auto, (max-width: 1024px) 100vw, 1024px\" \/><\/a><p id=\"caption-attachment-1699\" class=\"wp-caption-text\">Voelkerballturnier 2018 Daun<\/p><\/div>\n<div id=\"attachment_1705\" style=\"width: 1034px\" class=\"wp-caption alignleft\"><a href=\"https:\/\/jf-landkreis-vulkaneifel.de\/wp-content\/uploads\/2018\/02\/Voelkerballturnier-JF-LK-Vulkaneifel-2018-Daun-Waldkoenigen099.jpg\"><img loading=\"lazy\" decoding=\"async\" aria-describedby=\"caption-attachment-1705\" class=\"size-full wp-image-1705\" src=\"https:\/\/jf-landkreis-vulkaneifel.de\/wp-content\/uploads\/2018\/02\/Voelkerballturnier-JF-LK-Vulkaneifel-2018-Daun-Waldkoenigen099.jpg\" alt=\"Voelkerballturnier 2018 Daun\" width=\"1024\" height=\"684\" srcset=\"https:\/\/jf-landkreis-vulkaneifel.de\/wp-content\/uploads\/2018\/02\/Voelkerballturnier-JF-LK-Vulkaneifel-2018-Daun-Waldkoenigen099.jpg 1024w, https:\/\/jf-landkreis-vulkaneifel.de\/wp-content\/uploads\/2018\/02\/Voelkerballturnier-JF-LK-Vulkaneifel-2018-Daun-Waldkoenigen099-550x367.jpg 550w, https:\/\/jf-landkreis-vulkaneifel.de\/wp-content\/uploads\/2018\/02\/Voelkerballturnier-JF-LK-Vulkaneifel-2018-Daun-Waldkoenigen099-768x513.jpg 768w, https:\/\/jf-landkreis-vulkaneifel.de\/wp-content\/uploads\/2018\/02\/Voelkerballturnier-JF-LK-Vulkaneifel-2018-Daun-Waldkoenigen099-624x417.jpg 624w\" sizes=\"auto, (max-width: 1024px) 100vw, 1024px\" \/><\/a><p id=\"caption-attachment-1705\" class=\"wp-caption-text\">Voelkerballturnier 2018 Daun<\/p><\/div>\n<div id=\"attachment_1711\" style=\"width: 1034px\" class=\"wp-caption alignleft\"><a href=\"https:\/\/jf-landkreis-vulkaneifel.de\/wp-content\/uploads\/2018\/02\/Voelkerballturnier-JF-LK-Vulkaneifel-2018-Daun-Waldkoenigen142.jpg\"><img loading=\"lazy\" decoding=\"async\" aria-describedby=\"caption-attachment-1711\" class=\"size-full wp-image-1711\" src=\"https:\/\/jf-landkreis-vulkaneifel.de\/wp-content\/uploads\/2018\/02\/Voelkerballturnier-JF-LK-Vulkaneifel-2018-Daun-Waldkoenigen142.jpg\" alt=\"Voelkerballturnier 2018 Daun\" width=\"1024\" height=\"684\" srcset=\"https:\/\/jf-landkreis-vulkaneifel.de\/wp-content\/uploads\/2018\/02\/Voelkerballturnier-JF-LK-Vulkaneifel-2018-Daun-Waldkoenigen142.jpg 1024w, https:\/\/jf-landkreis-vulkaneifel.de\/wp-content\/uploads\/2018\/02\/Voelkerballturnier-JF-LK-Vulkaneifel-2018-Daun-Waldkoenigen142-550x367.jpg 550w, https:\/\/jf-landkreis-vulkaneifel.de\/wp-content\/uploads\/2018\/02\/Voelkerballturnier-JF-LK-Vulkaneifel-2018-Daun-Waldkoenigen142-768x513.jpg 768w, https:\/\/jf-landkreis-vulkaneifel.de\/wp-content\/uploads\/2018\/02\/Voelkerballturnier-JF-LK-Vulkaneifel-2018-Daun-Waldkoenigen142-624x417.jpg 624w\" sizes=\"auto, (max-width: 1024px) 100vw, 1024px\" \/><\/a><p id=\"caption-attachment-1711\" class=\"wp-caption-text\">Es wird Zeit!<\/p><\/div>\n<div id=\"attachment_1710\" style=\"width: 694px\" class=\"wp-caption alignleft\"><a href=\"https:\/\/jf-landkreis-vulkaneifel.de\/wp-content\/uploads\/2018\/02\/Voelkerballturnier-JF-LK-Vulkaneifel-2018-Daun-Waldkoenigen135.jpg\"><img loading=\"lazy\" decoding=\"async\" aria-describedby=\"caption-attachment-1710\" class=\"size-full wp-image-1710\" src=\"https:\/\/jf-landkreis-vulkaneifel.de\/wp-content\/uploads\/2018\/02\/Voelkerballturnier-JF-LK-Vulkaneifel-2018-Daun-Waldkoenigen135.jpg\" alt=\"Voelkerballturnier 2018 Daun\" width=\"684\" height=\"1024\" srcset=\"https:\/\/jf-landkreis-vulkaneifel.de\/wp-content\/uploads\/2018\/02\/Voelkerballturnier-JF-LK-Vulkaneifel-2018-Daun-Waldkoenigen135.jpg 684w, https:\/\/jf-landkreis-vulkaneifel.de\/wp-content\/uploads\/2018\/02\/Voelkerballturnier-JF-LK-Vulkaneifel-2018-Daun-Waldkoenigen135-367x550.jpg 367w, https:\/\/jf-landkreis-vulkaneifel.de\/wp-content\/uploads\/2018\/02\/Voelkerballturnier-JF-LK-Vulkaneifel-2018-Daun-Waldkoenigen135-624x934.jpg 624w\" sizes=\"auto, (max-width: 684px) 100vw, 684px\" \/><\/a><p id=\"caption-attachment-1710\" class=\"wp-caption-text\">First Responder<\/p><\/div>\n<div id=\"attachment_1709\" style=\"width: 1034px\" class=\"wp-caption alignleft\"><a href=\"https:\/\/jf-landkreis-vulkaneifel.de\/wp-content\/uploads\/2018\/02\/Voelkerballturnier-JF-LK-Vulkaneifel-2018-Daun-Waldkoenigen129.jpg\"><img loading=\"lazy\" decoding=\"async\" aria-describedby=\"caption-attachment-1709\" class=\"size-full wp-image-1709\" src=\"https:\/\/jf-landkreis-vulkaneifel.de\/wp-content\/uploads\/2018\/02\/Voelkerballturnier-JF-LK-Vulkaneifel-2018-Daun-Waldkoenigen129.jpg\" alt=\"Voelkerballturnier 2018 Daun\" width=\"1024\" height=\"684\" srcset=\"https:\/\/jf-landkreis-vulkaneifel.de\/wp-content\/uploads\/2018\/02\/Voelkerballturnier-JF-LK-Vulkaneifel-2018-Daun-Waldkoenigen129.jpg 1024w, https:\/\/jf-landkreis-vulkaneifel.de\/wp-content\/uploads\/2018\/02\/Voelkerballturnier-JF-LK-Vulkaneifel-2018-Daun-Waldkoenigen129-550x367.jpg 550w, https:\/\/jf-landkreis-vulkaneifel.de\/wp-content\/uploads\/2018\/02\/Voelkerballturnier-JF-LK-Vulkaneifel-2018-Daun-Waldkoenigen129-768x513.jpg 768w, https:\/\/jf-landkreis-vulkaneifel.de\/wp-content\/uploads\/2018\/02\/Voelkerballturnier-JF-LK-Vulkaneifel-2018-Daun-Waldkoenigen129-624x417.jpg 624w\" sizes=\"auto, (max-width: 1024px) 100vw, 1024px\" \/><\/a><p id=\"caption-attachment-1709\" class=\"wp-caption-text\">Voelkerballturnier 2018 Daun<\/p><\/div>\n<div id=\"attachment_1708\" style=\"width: 694px\" class=\"wp-caption alignleft\"><a href=\"https:\/\/jf-landkreis-vulkaneifel.de\/wp-content\/uploads\/2018\/02\/Voelkerballturnier-JF-LK-Vulkaneifel-2018-Daun-Waldkoenigen127.jpg\"><img loading=\"lazy\" decoding=\"async\" aria-describedby=\"caption-attachment-1708\" class=\"size-full wp-image-1708\" src=\"https:\/\/jf-landkreis-vulkaneifel.de\/wp-content\/uploads\/2018\/02\/Voelkerballturnier-JF-LK-Vulkaneifel-2018-Daun-Waldkoenigen127.jpg\" alt=\"Voelkerballturnier 2018 Daun\" width=\"684\" height=\"1024\" srcset=\"https:\/\/jf-landkreis-vulkaneifel.de\/wp-content\/uploads\/2018\/02\/Voelkerballturnier-JF-LK-Vulkaneifel-2018-Daun-Waldkoenigen127.jpg 684w, https:\/\/jf-landkreis-vulkaneifel.de\/wp-content\/uploads\/2018\/02\/Voelkerballturnier-JF-LK-Vulkaneifel-2018-Daun-Waldkoenigen127-367x550.jpg 367w, https:\/\/jf-landkreis-vulkaneifel.de\/wp-content\/uploads\/2018\/02\/Voelkerballturnier-JF-LK-Vulkaneifel-2018-Daun-Waldkoenigen127-624x934.jpg 624w\" sizes=\"auto, (max-width: 684px) 100vw, 684px\" \/><\/a><p id=\"caption-attachment-1708\" class=\"wp-caption-text\">Voelkerballturnier 2018 Daun<\/p><\/div>\n<div id=\"attachment_1707\" style=\"width: 1034px\" class=\"wp-caption alignleft\"><a href=\"https:\/\/jf-landkreis-vulkaneifel.de\/wp-content\/uploads\/2018\/02\/Voelkerballturnier-JF-LK-Vulkaneifel-2018-Daun-Waldkoenigen111.jpg\"><img loading=\"lazy\" decoding=\"async\" aria-describedby=\"caption-attachment-1707\" class=\"size-full wp-image-1707\" src=\"https:\/\/jf-landkreis-vulkaneifel.de\/wp-content\/uploads\/2018\/02\/Voelkerballturnier-JF-LK-Vulkaneifel-2018-Daun-Waldkoenigen111.jpg\" alt=\"Voelkerballturnier 2018 Daun\" width=\"1024\" height=\"684\" srcset=\"https:\/\/jf-landkreis-vulkaneifel.de\/wp-content\/uploads\/2018\/02\/Voelkerballturnier-JF-LK-Vulkaneifel-2018-Daun-Waldkoenigen111.jpg 1024w, https:\/\/jf-landkreis-vulkaneifel.de\/wp-content\/uploads\/2018\/02\/Voelkerballturnier-JF-LK-Vulkaneifel-2018-Daun-Waldkoenigen111-550x367.jpg 550w, https:\/\/jf-landkreis-vulkaneifel.de\/wp-content\/uploads\/2018\/02\/Voelkerballturnier-JF-LK-Vulkaneifel-2018-Daun-Waldkoenigen111-768x513.jpg 768w, https:\/\/jf-landkreis-vulkaneifel.de\/wp-content\/uploads\/2018\/02\/Voelkerballturnier-JF-LK-Vulkaneifel-2018-Daun-Waldkoenigen111-624x417.jpg 624w\" sizes=\"auto, (max-width: 1024px) 100vw, 1024px\" \/><\/a><p id=\"caption-attachment-1707\" class=\"wp-caption-text\">Voelkerballturnier 2018 Daun<\/p><\/div>\n<div id=\"attachment_1706\" style=\"width: 1034px\" class=\"wp-caption alignleft\"><a href=\"https:\/\/jf-landkreis-vulkaneifel.de\/wp-content\/uploads\/2018\/02\/Voelkerballturnier-JF-LK-Vulkaneifel-2018-Daun-Waldkoenigen109.jpg\"><img loading=\"lazy\" decoding=\"async\" aria-describedby=\"caption-attachment-1706\" class=\"size-full wp-image-1706\" src=\"https:\/\/jf-landkreis-vulkaneifel.de\/wp-content\/uploads\/2018\/02\/Voelkerballturnier-JF-LK-Vulkaneifel-2018-Daun-Waldkoenigen109.jpg\" alt=\"Voelkerballturnier 2018 Daun\" width=\"1024\" height=\"684\" srcset=\"https:\/\/jf-landkreis-vulkaneifel.de\/wp-content\/uploads\/2018\/02\/Voelkerballturnier-JF-LK-Vulkaneifel-2018-Daun-Waldkoenigen109.jpg 1024w, https:\/\/jf-landkreis-vulkaneifel.de\/wp-content\/uploads\/2018\/02\/Voelkerballturnier-JF-LK-Vulkaneifel-2018-Daun-Waldkoenigen109-550x367.jpg 550w, https:\/\/jf-landkreis-vulkaneifel.de\/wp-content\/uploads\/2018\/02\/Voelkerballturnier-JF-LK-Vulkaneifel-2018-Daun-Waldkoenigen109-768x513.jpg 768w, https:\/\/jf-landkreis-vulkaneifel.de\/wp-content\/uploads\/2018\/02\/Voelkerballturnier-JF-LK-Vulkaneifel-2018-Daun-Waldkoenigen109-624x417.jpg 624w\" sizes=\"auto, (max-width: 1024px) 100vw, 1024px\" \/><\/a><p id=\"caption-attachment-1706\" class=\"wp-caption-text\">Voelkerballturnier 2018 Daun<\/p><\/div>\n<div id=\"attachment_1718\" style=\"width: 1034px\" class=\"wp-caption alignleft\"><a href=\"https:\/\/jf-landkreis-vulkaneifel.de\/wp-content\/uploads\/2018\/02\/Voelkerballturnier-JF-LK-Vulkaneifel-2018-Daun-Waldkoenigen224.jpg\"><img loading=\"lazy\" decoding=\"async\" aria-describedby=\"caption-attachment-1718\" class=\"size-full wp-image-1718\" src=\"https:\/\/jf-landkreis-vulkaneifel.de\/wp-content\/uploads\/2018\/02\/Voelkerballturnier-JF-LK-Vulkaneifel-2018-Daun-Waldkoenigen224.jpg\" alt=\"Voelkerballturnier 2018 Daun\" width=\"1024\" height=\"684\" srcset=\"https:\/\/jf-landkreis-vulkaneifel.de\/wp-content\/uploads\/2018\/02\/Voelkerballturnier-JF-LK-Vulkaneifel-2018-Daun-Waldkoenigen224.jpg 1024w, https:\/\/jf-landkreis-vulkaneifel.de\/wp-content\/uploads\/2018\/02\/Voelkerballturnier-JF-LK-Vulkaneifel-2018-Daun-Waldkoenigen224-550x367.jpg 550w, https:\/\/jf-landkreis-vulkaneifel.de\/wp-content\/uploads\/2018\/02\/Voelkerballturnier-JF-LK-Vulkaneifel-2018-Daun-Waldkoenigen224-768x513.jpg 768w, https:\/\/jf-landkreis-vulkaneifel.de\/wp-content\/uploads\/2018\/02\/Voelkerballturnier-JF-LK-Vulkaneifel-2018-Daun-Waldkoenigen224-624x417.jpg 624w\" sizes=\"auto, (max-width: 1024px) 100vw, 1024px\" \/><\/a><p id=\"caption-attachment-1718\" class=\"wp-caption-text\">Betreuerspiel<\/p><\/div>\n<div id=\"attachment_1717\" style=\"width: 1034px\" class=\"wp-caption alignleft\"><a href=\"https:\/\/jf-landkreis-vulkaneifel.de\/wp-content\/uploads\/2018\/02\/Voelkerballturnier-JF-LK-Vulkaneifel-2018-Daun-Waldkoenigen215.jpg\"><img loading=\"lazy\" decoding=\"async\" aria-describedby=\"caption-attachment-1717\" class=\"size-full wp-image-1717\" src=\"https:\/\/jf-landkreis-vulkaneifel.de\/wp-content\/uploads\/2018\/02\/Voelkerballturnier-JF-LK-Vulkaneifel-2018-Daun-Waldkoenigen215.jpg\" alt=\"Voelkerballturnier 2018 Daun\" width=\"1024\" height=\"684\" srcset=\"https:\/\/jf-landkreis-vulkaneifel.de\/wp-content\/uploads\/2018\/02\/Voelkerballturnier-JF-LK-Vulkaneifel-2018-Daun-Waldkoenigen215.jpg 1024w, https:\/\/jf-landkreis-vulkaneifel.de\/wp-content\/uploads\/2018\/02\/Voelkerballturnier-JF-LK-Vulkaneifel-2018-Daun-Waldkoenigen215-550x367.jpg 550w, https:\/\/jf-landkreis-vulkaneifel.de\/wp-content\/uploads\/2018\/02\/Voelkerballturnier-JF-LK-Vulkaneifel-2018-Daun-Waldkoenigen215-768x513.jpg 768w, https:\/\/jf-landkreis-vulkaneifel.de\/wp-content\/uploads\/2018\/02\/Voelkerballturnier-JF-LK-Vulkaneifel-2018-Daun-Waldkoenigen215-624x417.jpg 624w\" sizes=\"auto, (max-width: 1024px) 100vw, 1024px\" \/><\/a><p id=\"caption-attachment-1717\" class=\"wp-caption-text\">Betreuerspiel!<\/p><\/div>\n<div id=\"attachment_1716\" style=\"width: 1034px\" class=\"wp-caption alignleft\"><a href=\"https:\/\/jf-landkreis-vulkaneifel.de\/wp-content\/uploads\/2018\/02\/Voelkerballturnier-JF-LK-Vulkaneifel-2018-Daun-Waldkoenigen174.jpg\"><img loading=\"lazy\" decoding=\"async\" aria-describedby=\"caption-attachment-1716\" class=\"size-full wp-image-1716\" src=\"https:\/\/jf-landkreis-vulkaneifel.de\/wp-content\/uploads\/2018\/02\/Voelkerballturnier-JF-LK-Vulkaneifel-2018-Daun-Waldkoenigen174.jpg\" alt=\"Voelkerballturnier 2018 Daun\" width=\"1024\" height=\"684\" srcset=\"https:\/\/jf-landkreis-vulkaneifel.de\/wp-content\/uploads\/2018\/02\/Voelkerballturnier-JF-LK-Vulkaneifel-2018-Daun-Waldkoenigen174.jpg 1024w, https:\/\/jf-landkreis-vulkaneifel.de\/wp-content\/uploads\/2018\/02\/Voelkerballturnier-JF-LK-Vulkaneifel-2018-Daun-Waldkoenigen174-550x367.jpg 550w, https:\/\/jf-landkreis-vulkaneifel.de\/wp-content\/uploads\/2018\/02\/Voelkerballturnier-JF-LK-Vulkaneifel-2018-Daun-Waldkoenigen174-768x513.jpg 768w, https:\/\/jf-landkreis-vulkaneifel.de\/wp-content\/uploads\/2018\/02\/Voelkerballturnier-JF-LK-Vulkaneifel-2018-Daun-Waldkoenigen174-624x417.jpg 624w\" sizes=\"auto, (max-width: 1024px) 100vw, 1024px\" \/><\/a><p id=\"caption-attachment-1716\" class=\"wp-caption-text\">Voelkerballturnier 2018 Daun<\/p><\/div>\n<div id=\"attachment_1715\" style=\"width: 1034px\" class=\"wp-caption alignleft\"><a href=\"https:\/\/jf-landkreis-vulkaneifel.de\/wp-content\/uploads\/2018\/02\/Voelkerballturnier-JF-LK-Vulkaneifel-2018-Daun-Waldkoenigen160.jpg\"><img loading=\"lazy\" decoding=\"async\" aria-describedby=\"caption-attachment-1715\" class=\"size-full wp-image-1715\" src=\"https:\/\/jf-landkreis-vulkaneifel.de\/wp-content\/uploads\/2018\/02\/Voelkerballturnier-JF-LK-Vulkaneifel-2018-Daun-Waldkoenigen160.jpg\" alt=\"Voelkerballturnier 2018 Daun\" width=\"1024\" height=\"684\" srcset=\"https:\/\/jf-landkreis-vulkaneifel.de\/wp-content\/uploads\/2018\/02\/Voelkerballturnier-JF-LK-Vulkaneifel-2018-Daun-Waldkoenigen160.jpg 1024w, https:\/\/jf-landkreis-vulkaneifel.de\/wp-content\/uploads\/2018\/02\/Voelkerballturnier-JF-LK-Vulkaneifel-2018-Daun-Waldkoenigen160-550x367.jpg 550w, https:\/\/jf-landkreis-vulkaneifel.de\/wp-content\/uploads\/2018\/02\/Voelkerballturnier-JF-LK-Vulkaneifel-2018-Daun-Waldkoenigen160-768x513.jpg 768w, https:\/\/jf-landkreis-vulkaneifel.de\/wp-content\/uploads\/2018\/02\/Voelkerballturnier-JF-LK-Vulkaneifel-2018-Daun-Waldkoenigen160-624x417.jpg 624w\" sizes=\"auto, (max-width: 1024px) 100vw, 1024px\" \/><\/a><p id=\"caption-attachment-1715\" class=\"wp-caption-text\">Voelkerballturnier 2018 Daun<\/p><\/div>\n<div id=\"attachment_1714\" style=\"width: 1034px\" class=\"wp-caption alignleft\"><a href=\"https:\/\/jf-landkreis-vulkaneifel.de\/wp-content\/uploads\/2018\/02\/Voelkerballturnier-JF-LK-Vulkaneifel-2018-Daun-Waldkoenigen152.jpg\"><img loading=\"lazy\" decoding=\"async\" aria-describedby=\"caption-attachment-1714\" class=\"size-full wp-image-1714\" src=\"https:\/\/jf-landkreis-vulkaneifel.de\/wp-content\/uploads\/2018\/02\/Voelkerballturnier-JF-LK-Vulkaneifel-2018-Daun-Waldkoenigen152.jpg\" alt=\"Voelkerballturnier 2018 Daun\" width=\"1024\" height=\"684\" srcset=\"https:\/\/jf-landkreis-vulkaneifel.de\/wp-content\/uploads\/2018\/02\/Voelkerballturnier-JF-LK-Vulkaneifel-2018-Daun-Waldkoenigen152.jpg 1024w, https:\/\/jf-landkreis-vulkaneifel.de\/wp-content\/uploads\/2018\/02\/Voelkerballturnier-JF-LK-Vulkaneifel-2018-Daun-Waldkoenigen152-550x367.jpg 550w, https:\/\/jf-landkreis-vulkaneifel.de\/wp-content\/uploads\/2018\/02\/Voelkerballturnier-JF-LK-Vulkaneifel-2018-Daun-Waldkoenigen152-768x513.jpg 768w, https:\/\/jf-landkreis-vulkaneifel.de\/wp-content\/uploads\/2018\/02\/Voelkerballturnier-JF-LK-Vulkaneifel-2018-Daun-Waldkoenigen152-624x417.jpg 624w\" sizes=\"auto, (max-width: 1024px) 100vw, 1024px\" \/><\/a><p id=\"caption-attachment-1714\" class=\"wp-caption-text\">Eine lustige Truppe<\/p><\/div>\n<div id=\"attachment_1713\" style=\"width: 1034px\" class=\"wp-caption alignleft\"><a href=\"https:\/\/jf-landkreis-vulkaneifel.de\/wp-content\/uploads\/2018\/02\/Voelkerballturnier-JF-LK-Vulkaneifel-2018-Daun-Waldkoenigen144.jpg\"><img loading=\"lazy\" decoding=\"async\" aria-describedby=\"caption-attachment-1713\" class=\"size-full wp-image-1713\" src=\"https:\/\/jf-landkreis-vulkaneifel.de\/wp-content\/uploads\/2018\/02\/Voelkerballturnier-JF-LK-Vulkaneifel-2018-Daun-Waldkoenigen144.jpg\" alt=\"Voelkerballturnier 2018 Daun\" width=\"1024\" height=\"684\" srcset=\"https:\/\/jf-landkreis-vulkaneifel.de\/wp-content\/uploads\/2018\/02\/Voelkerballturnier-JF-LK-Vulkaneifel-2018-Daun-Waldkoenigen144.jpg 1024w, https:\/\/jf-landkreis-vulkaneifel.de\/wp-content\/uploads\/2018\/02\/Voelkerballturnier-JF-LK-Vulkaneifel-2018-Daun-Waldkoenigen144-550x367.jpg 550w, https:\/\/jf-landkreis-vulkaneifel.de\/wp-content\/uploads\/2018\/02\/Voelkerballturnier-JF-LK-Vulkaneifel-2018-Daun-Waldkoenigen144-768x513.jpg 768w, https:\/\/jf-landkreis-vulkaneifel.de\/wp-content\/uploads\/2018\/02\/Voelkerballturnier-JF-LK-Vulkaneifel-2018-Daun-Waldkoenigen144-624x417.jpg 624w\" sizes=\"auto, (max-width: 1024px) 100vw, 1024px\" \/><\/a><p id=\"caption-attachment-1713\" class=\"wp-caption-text\">Der Chef und sein Stellvertreter<\/p><\/div>\n<div id=\"attachment_1712\" style=\"width: 694px\" class=\"wp-caption alignleft\"><a href=\"https:\/\/jf-landkreis-vulkaneifel.de\/wp-content\/uploads\/2018\/02\/Voelkerballturnier-JF-LK-Vulkaneifel-2018-Daun-Waldkoenigen143.jpg\"><img loading=\"lazy\" decoding=\"async\" aria-describedby=\"caption-attachment-1712\" class=\"size-full wp-image-1712\" src=\"https:\/\/jf-landkreis-vulkaneifel.de\/wp-content\/uploads\/2018\/02\/Voelkerballturnier-JF-LK-Vulkaneifel-2018-Daun-Waldkoenigen143.jpg\" alt=\"Voelkerballturnier 2018 Daun\" width=\"684\" height=\"1024\" srcset=\"https:\/\/jf-landkreis-vulkaneifel.de\/wp-content\/uploads\/2018\/02\/Voelkerballturnier-JF-LK-Vulkaneifel-2018-Daun-Waldkoenigen143.jpg 684w, https:\/\/jf-landkreis-vulkaneifel.de\/wp-content\/uploads\/2018\/02\/Voelkerballturnier-JF-LK-Vulkaneifel-2018-Daun-Waldkoenigen143-367x550.jpg 367w, https:\/\/jf-landkreis-vulkaneifel.de\/wp-content\/uploads\/2018\/02\/Voelkerballturnier-JF-LK-Vulkaneifel-2018-Daun-Waldkoenigen143-624x934.jpg 624w\" sizes=\"auto, (max-width: 684px) 100vw, 684px\" \/><\/a><p id=\"caption-attachment-1712\" class=\"wp-caption-text\">Der Chef vom ganzen!<\/p><\/div>\n<div id=\"attachment_1725\" style=\"width: 1034px\" class=\"wp-caption alignleft\"><a href=\"https:\/\/jf-landkreis-vulkaneifel.de\/wp-content\/uploads\/2018\/02\/Voelkerballturnier-JF-LK-Vulkaneifel-2018-Daun-Waldkoenigen308.jpg\"><img loading=\"lazy\" decoding=\"async\" aria-describedby=\"caption-attachment-1725\" class=\"size-full wp-image-1725\" src=\"https:\/\/jf-landkreis-vulkaneifel.de\/wp-content\/uploads\/2018\/02\/Voelkerballturnier-JF-LK-Vulkaneifel-2018-Daun-Waldkoenigen308.jpg\" alt=\"Voelkerballturnier 2018 Daun\" width=\"1024\" height=\"684\" srcset=\"https:\/\/jf-landkreis-vulkaneifel.de\/wp-content\/uploads\/2018\/02\/Voelkerballturnier-JF-LK-Vulkaneifel-2018-Daun-Waldkoenigen308.jpg 1024w, https:\/\/jf-landkreis-vulkaneifel.de\/wp-content\/uploads\/2018\/02\/Voelkerballturnier-JF-LK-Vulkaneifel-2018-Daun-Waldkoenigen308-550x367.jpg 550w, https:\/\/jf-landkreis-vulkaneifel.de\/wp-content\/uploads\/2018\/02\/Voelkerballturnier-JF-LK-Vulkaneifel-2018-Daun-Waldkoenigen308-768x513.jpg 768w, https:\/\/jf-landkreis-vulkaneifel.de\/wp-content\/uploads\/2018\/02\/Voelkerballturnier-JF-LK-Vulkaneifel-2018-Daun-Waldkoenigen308-624x417.jpg 624w\" sizes=\"auto, (max-width: 1024px) 100vw, 1024px\" \/><\/a><p id=\"caption-attachment-1725\" class=\"wp-caption-text\">Voelkerballturnier 2018 Daun<\/p><\/div>\n<div id=\"attachment_1724\" style=\"width: 1034px\" class=\"wp-caption alignleft\"><a href=\"https:\/\/jf-landkreis-vulkaneifel.de\/wp-content\/uploads\/2018\/02\/Voelkerballturnier-JF-LK-Vulkaneifel-2018-Daun-Waldkoenigen295.jpg\"><img loading=\"lazy\" decoding=\"async\" aria-describedby=\"caption-attachment-1724\" class=\"size-full wp-image-1724\" src=\"https:\/\/jf-landkreis-vulkaneifel.de\/wp-content\/uploads\/2018\/02\/Voelkerballturnier-JF-LK-Vulkaneifel-2018-Daun-Waldkoenigen295.jpg\" alt=\"Voelkerballturnier 2018 Daun\" width=\"1024\" height=\"684\" srcset=\"https:\/\/jf-landkreis-vulkaneifel.de\/wp-content\/uploads\/2018\/02\/Voelkerballturnier-JF-LK-Vulkaneifel-2018-Daun-Waldkoenigen295.jpg 1024w, https:\/\/jf-landkreis-vulkaneifel.de\/wp-content\/uploads\/2018\/02\/Voelkerballturnier-JF-LK-Vulkaneifel-2018-Daun-Waldkoenigen295-550x367.jpg 550w, https:\/\/jf-landkreis-vulkaneifel.de\/wp-content\/uploads\/2018\/02\/Voelkerballturnier-JF-LK-Vulkaneifel-2018-Daun-Waldkoenigen295-768x513.jpg 768w, https:\/\/jf-landkreis-vulkaneifel.de\/wp-content\/uploads\/2018\/02\/Voelkerballturnier-JF-LK-Vulkaneifel-2018-Daun-Waldkoenigen295-624x417.jpg 624w\" sizes=\"auto, (max-width: 1024px) 100vw, 1024px\" \/><\/a><p id=\"caption-attachment-1724\" class=\"wp-caption-text\">Prinzen kommen weiter&#8230;<br \/>&#8230; und Prinzessinen erst recht!<\/p><\/div>\n<div id=\"attachment_1723\" style=\"width: 1034px\" class=\"wp-caption alignleft\"><a href=\"https:\/\/jf-landkreis-vulkaneifel.de\/wp-content\/uploads\/2018\/02\/Voelkerballturnier-JF-LK-Vulkaneifel-2018-Daun-Waldkoenigen284.jpg\"><img loading=\"lazy\" decoding=\"async\" aria-describedby=\"caption-attachment-1723\" class=\"size-full wp-image-1723\" src=\"https:\/\/jf-landkreis-vulkaneifel.de\/wp-content\/uploads\/2018\/02\/Voelkerballturnier-JF-LK-Vulkaneifel-2018-Daun-Waldkoenigen284.jpg\" alt=\"Voelkerballturnier 2018 Daun\" width=\"1024\" height=\"684\" srcset=\"https:\/\/jf-landkreis-vulkaneifel.de\/wp-content\/uploads\/2018\/02\/Voelkerballturnier-JF-LK-Vulkaneifel-2018-Daun-Waldkoenigen284.jpg 1024w, https:\/\/jf-landkreis-vulkaneifel.de\/wp-content\/uploads\/2018\/02\/Voelkerballturnier-JF-LK-Vulkaneifel-2018-Daun-Waldkoenigen284-550x367.jpg 550w, https:\/\/jf-landkreis-vulkaneifel.de\/wp-content\/uploads\/2018\/02\/Voelkerballturnier-JF-LK-Vulkaneifel-2018-Daun-Waldkoenigen284-768x513.jpg 768w, https:\/\/jf-landkreis-vulkaneifel.de\/wp-content\/uploads\/2018\/02\/Voelkerballturnier-JF-LK-Vulkaneifel-2018-Daun-Waldkoenigen284-624x417.jpg 624w\" sizes=\"auto, (max-width: 1024px) 100vw, 1024px\" \/><\/a><p id=\"caption-attachment-1723\" class=\"wp-caption-text\">Voelkerballturnier 2018 Daun<\/p><\/div>\n<div id=\"attachment_1722\" style=\"width: 1034px\" class=\"wp-caption alignleft\"><a href=\"https:\/\/jf-landkreis-vulkaneifel.de\/wp-content\/uploads\/2018\/02\/Voelkerballturnier-JF-LK-Vulkaneifel-2018-Daun-Waldkoenigen275.jpg\"><img loading=\"lazy\" decoding=\"async\" aria-describedby=\"caption-attachment-1722\" class=\"size-full wp-image-1722\" src=\"https:\/\/jf-landkreis-vulkaneifel.de\/wp-content\/uploads\/2018\/02\/Voelkerballturnier-JF-LK-Vulkaneifel-2018-Daun-Waldkoenigen275.jpg\" alt=\"Voelkerballturnier 2018 Daun\" width=\"1024\" height=\"684\" srcset=\"https:\/\/jf-landkreis-vulkaneifel.de\/wp-content\/uploads\/2018\/02\/Voelkerballturnier-JF-LK-Vulkaneifel-2018-Daun-Waldkoenigen275.jpg 1024w, https:\/\/jf-landkreis-vulkaneifel.de\/wp-content\/uploads\/2018\/02\/Voelkerballturnier-JF-LK-Vulkaneifel-2018-Daun-Waldkoenigen275-550x367.jpg 550w, https:\/\/jf-landkreis-vulkaneifel.de\/wp-content\/uploads\/2018\/02\/Voelkerballturnier-JF-LK-Vulkaneifel-2018-Daun-Waldkoenigen275-768x513.jpg 768w, https:\/\/jf-landkreis-vulkaneifel.de\/wp-content\/uploads\/2018\/02\/Voelkerballturnier-JF-LK-Vulkaneifel-2018-Daun-Waldkoenigen275-624x417.jpg 624w\" sizes=\"auto, (max-width: 1024px) 100vw, 1024px\" \/><\/a><p id=\"caption-attachment-1722\" class=\"wp-caption-text\">Voelkerballturnier 2018 Daun<\/p><\/div>\n<div id=\"attachment_1721\" style=\"width: 1034px\" class=\"wp-caption alignleft\"><a href=\"https:\/\/jf-landkreis-vulkaneifel.de\/wp-content\/uploads\/2018\/02\/Voelkerballturnier-JF-LK-Vulkaneifel-2018-Daun-Waldkoenigen258.jpg\"><img loading=\"lazy\" decoding=\"async\" aria-describedby=\"caption-attachment-1721\" class=\"size-full wp-image-1721\" src=\"https:\/\/jf-landkreis-vulkaneifel.de\/wp-content\/uploads\/2018\/02\/Voelkerballturnier-JF-LK-Vulkaneifel-2018-Daun-Waldkoenigen258.jpg\" alt=\"Voelkerballturnier 2018 Daun\" width=\"1024\" height=\"684\" srcset=\"https:\/\/jf-landkreis-vulkaneifel.de\/wp-content\/uploads\/2018\/02\/Voelkerballturnier-JF-LK-Vulkaneifel-2018-Daun-Waldkoenigen258.jpg 1024w, https:\/\/jf-landkreis-vulkaneifel.de\/wp-content\/uploads\/2018\/02\/Voelkerballturnier-JF-LK-Vulkaneifel-2018-Daun-Waldkoenigen258-550x367.jpg 550w, https:\/\/jf-landkreis-vulkaneifel.de\/wp-content\/uploads\/2018\/02\/Voelkerballturnier-JF-LK-Vulkaneifel-2018-Daun-Waldkoenigen258-768x513.jpg 768w, https:\/\/jf-landkreis-vulkaneifel.de\/wp-content\/uploads\/2018\/02\/Voelkerballturnier-JF-LK-Vulkaneifel-2018-Daun-Waldkoenigen258-624x417.jpg 624w\" sizes=\"auto, (max-width: 1024px) 100vw, 1024px\" \/><\/a><p id=\"caption-attachment-1721\" class=\"wp-caption-text\">Betreuerspiel<\/p><\/div>\n<div id=\"attachment_1720\" style=\"width: 1034px\" class=\"wp-caption alignleft\"><a href=\"https:\/\/jf-landkreis-vulkaneifel.de\/wp-content\/uploads\/2018\/02\/Voelkerballturnier-JF-LK-Vulkaneifel-2018-Daun-Waldkoenigen256.jpg\"><img loading=\"lazy\" decoding=\"async\" aria-describedby=\"caption-attachment-1720\" class=\"size-full wp-image-1720\" src=\"https:\/\/jf-landkreis-vulkaneifel.de\/wp-content\/uploads\/2018\/02\/Voelkerballturnier-JF-LK-Vulkaneifel-2018-Daun-Waldkoenigen256.jpg\" alt=\"Voelkerballturnier 2018 Daun\" width=\"1024\" height=\"684\" srcset=\"https:\/\/jf-landkreis-vulkaneifel.de\/wp-content\/uploads\/2018\/02\/Voelkerballturnier-JF-LK-Vulkaneifel-2018-Daun-Waldkoenigen256.jpg 1024w, https:\/\/jf-landkreis-vulkaneifel.de\/wp-content\/uploads\/2018\/02\/Voelkerballturnier-JF-LK-Vulkaneifel-2018-Daun-Waldkoenigen256-550x367.jpg 550w, https:\/\/jf-landkreis-vulkaneifel.de\/wp-content\/uploads\/2018\/02\/Voelkerballturnier-JF-LK-Vulkaneifel-2018-Daun-Waldkoenigen256-768x513.jpg 768w, https:\/\/jf-landkreis-vulkaneifel.de\/wp-content\/uploads\/2018\/02\/Voelkerballturnier-JF-LK-Vulkaneifel-2018-Daun-Waldkoenigen256-624x417.jpg 624w\" sizes=\"auto, (max-width: 1024px) 100vw, 1024px\" \/><\/a><p id=\"caption-attachment-1720\" class=\"wp-caption-text\">Betreuerspiel<\/p><\/div>\n<div id=\"attachment_1719\" style=\"width: 1034px\" class=\"wp-caption alignleft\"><a href=\"https:\/\/jf-landkreis-vulkaneifel.de\/wp-content\/uploads\/2018\/02\/Voelkerballturnier-JF-LK-Vulkaneifel-2018-Daun-Waldkoenigen239.jpg\"><img loading=\"lazy\" decoding=\"async\" aria-describedby=\"caption-attachment-1719\" class=\"size-full wp-image-1719\" src=\"https:\/\/jf-landkreis-vulkaneifel.de\/wp-content\/uploads\/2018\/02\/Voelkerballturnier-JF-LK-Vulkaneifel-2018-Daun-Waldkoenigen239.jpg\" alt=\"Voelkerballturnier 2018 Daun\" width=\"1024\" height=\"684\" srcset=\"https:\/\/jf-landkreis-vulkaneifel.de\/wp-content\/uploads\/2018\/02\/Voelkerballturnier-JF-LK-Vulkaneifel-2018-Daun-Waldkoenigen239.jpg 1024w, https:\/\/jf-landkreis-vulkaneifel.de\/wp-content\/uploads\/2018\/02\/Voelkerballturnier-JF-LK-Vulkaneifel-2018-Daun-Waldkoenigen239-550x367.jpg 550w, https:\/\/jf-landkreis-vulkaneifel.de\/wp-content\/uploads\/2018\/02\/Voelkerballturnier-JF-LK-Vulkaneifel-2018-Daun-Waldkoenigen239-768x513.jpg 768w, https:\/\/jf-landkreis-vulkaneifel.de\/wp-content\/uploads\/2018\/02\/Voelkerballturnier-JF-LK-Vulkaneifel-2018-Daun-Waldkoenigen239-624x417.jpg 624w\" sizes=\"auto, (max-width: 1024px) 100vw, 1024px\" \/><\/a><p id=\"caption-attachment-1719\" class=\"wp-caption-text\">Betreuerspiel<\/p><\/div>\n<div id=\"attachment_1726\" style=\"width: 1034px\" class=\"wp-caption alignleft\"><a href=\"https:\/\/jf-landkreis-vulkaneifel.de\/wp-content\/uploads\/2018\/02\/Voelkerballturnier-JF-LK-Vulkaneifel-2018-Daun-Waldkoenigen313.jpg\"><img loading=\"lazy\" decoding=\"async\" aria-describedby=\"caption-attachment-1726\" class=\"size-full wp-image-1726\" src=\"https:\/\/jf-landkreis-vulkaneifel.de\/wp-content\/uploads\/2018\/02\/Voelkerballturnier-JF-LK-Vulkaneifel-2018-Daun-Waldkoenigen313.jpg\" alt=\"Voelkerballturnier 2018 Daun\" width=\"1024\" height=\"684\" srcset=\"https:\/\/jf-landkreis-vulkaneifel.de\/wp-content\/uploads\/2018\/02\/Voelkerballturnier-JF-LK-Vulkaneifel-2018-Daun-Waldkoenigen313.jpg 1024w, https:\/\/jf-landkreis-vulkaneifel.de\/wp-content\/uploads\/2018\/02\/Voelkerballturnier-JF-LK-Vulkaneifel-2018-Daun-Waldkoenigen313-550x367.jpg 550w, https:\/\/jf-landkreis-vulkaneifel.de\/wp-content\/uploads\/2018\/02\/Voelkerballturnier-JF-LK-Vulkaneifel-2018-Daun-Waldkoenigen313-768x513.jpg 768w, https:\/\/jf-landkreis-vulkaneifel.de\/wp-content\/uploads\/2018\/02\/Voelkerballturnier-JF-LK-Vulkaneifel-2018-Daun-Waldkoenigen313-624x417.jpg 624w\" sizes=\"auto, (max-width: 1024px) 100vw, 1024px\" \/><\/a><p id=\"caption-attachment-1726\" class=\"wp-caption-text\">Voelkerballturnier 2018 Daun<\/p><\/div>\n<div id=\"attachment_1726\" style=\"width: 1034px\" class=\"wp-caption alignleft\"><a href=\"https:\/\/jf-landkreis-vulkaneifel.de\/wp-content\/uploads\/2018\/02\/Voelkerballturnier-JF-LK-Vulkaneifel-2018-Daun-Waldkoenigen313.jpg\"><img loading=\"lazy\" decoding=\"async\" aria-describedby=\"caption-attachment-1726\" class=\"size-full wp-image-1726\" src=\"https:\/\/jf-landkreis-vulkaneifel.de\/wp-content\/uploads\/2018\/02\/Voelkerballturnier-JF-LK-Vulkaneifel-2018-Daun-Waldkoenigen313.jpg\" alt=\"Voelkerballturnier 2018 Daun\" width=\"1024\" height=\"684\" srcset=\"https:\/\/jf-landkreis-vulkaneifel.de\/wp-content\/uploads\/2018\/02\/Voelkerballturnier-JF-LK-Vulkaneifel-2018-Daun-Waldkoenigen313.jpg 1024w, https:\/\/jf-landkreis-vulkaneifel.de\/wp-content\/uploads\/2018\/02\/Voelkerballturnier-JF-LK-Vulkaneifel-2018-Daun-Waldkoenigen313-550x367.jpg 550w, https:\/\/jf-landkreis-vulkaneifel.de\/wp-content\/uploads\/2018\/02\/Voelkerballturnier-JF-LK-Vulkaneifel-2018-Daun-Waldkoenigen313-768x513.jpg 768w, https:\/\/jf-landkreis-vulkaneifel.de\/wp-content\/uploads\/2018\/02\/Voelkerballturnier-JF-LK-Vulkaneifel-2018-Daun-Waldkoenigen313-624x417.jpg 624w\" sizes=\"auto, (max-width: 1024px) 100vw, 1024px\" \/><\/a><p id=\"caption-attachment-1726\" class=\"wp-caption-text\">Voelkerballturnier 2018 Daun<\/p><\/div>\n<div id=\"attachment_1727\" style=\"width: 1034px\" class=\"wp-caption alignleft\"><a href=\"https:\/\/jf-landkreis-vulkaneifel.de\/wp-content\/uploads\/2018\/02\/Voelkerballturnier-JF-LK-Vulkaneifel-2018-Daun-Waldkoenigen315.jpg\"><img loading=\"lazy\" decoding=\"async\" aria-describedby=\"caption-attachment-1727\" class=\"size-full wp-image-1727\" src=\"https:\/\/jf-landkreis-vulkaneifel.de\/wp-content\/uploads\/2018\/02\/Voelkerballturnier-JF-LK-Vulkaneifel-2018-Daun-Waldkoenigen315.jpg\" alt=\"Voelkerballturnier 2018 Daun\" width=\"1024\" height=\"684\" srcset=\"https:\/\/jf-landkreis-vulkaneifel.de\/wp-content\/uploads\/2018\/02\/Voelkerballturnier-JF-LK-Vulkaneifel-2018-Daun-Waldkoenigen315.jpg 1024w, https:\/\/jf-landkreis-vulkaneifel.de\/wp-content\/uploads\/2018\/02\/Voelkerballturnier-JF-LK-Vulkaneifel-2018-Daun-Waldkoenigen315-550x367.jpg 550w, https:\/\/jf-landkreis-vulkaneifel.de\/wp-content\/uploads\/2018\/02\/Voelkerballturnier-JF-LK-Vulkaneifel-2018-Daun-Waldkoenigen315-768x513.jpg 768w, https:\/\/jf-landkreis-vulkaneifel.de\/wp-content\/uploads\/2018\/02\/Voelkerballturnier-JF-LK-Vulkaneifel-2018-Daun-Waldkoenigen315-624x417.jpg 624w\" sizes=\"auto, (max-width: 1024px) 100vw, 1024px\" \/><\/a><p id=\"caption-attachment-1727\" class=\"wp-caption-text\">Sieger &#8211; Jugendfeuerwehr Kelberg<\/p><\/div>\n<div id=\"attachment_1728\" style=\"width: 1034px\" class=\"wp-caption alignleft\"><a href=\"https:\/\/jf-landkreis-vulkaneifel.de\/wp-content\/uploads\/2018\/02\/Voelkerballturnier-JF-LK-Vulkaneifel-2018-Daun-Waldkoenigen322.jpg\"><img loading=\"lazy\" decoding=\"async\" aria-describedby=\"caption-attachment-1728\" class=\"size-full wp-image-1728\" src=\"https:\/\/jf-landkreis-vulkaneifel.de\/wp-content\/uploads\/2018\/02\/Voelkerballturnier-JF-LK-Vulkaneifel-2018-Daun-Waldkoenigen322.jpg\" alt=\"Voelkerballturnier 2018 Daun\" width=\"1024\" height=\"684\" srcset=\"https:\/\/jf-landkreis-vulkaneifel.de\/wp-content\/uploads\/2018\/02\/Voelkerballturnier-JF-LK-Vulkaneifel-2018-Daun-Waldkoenigen322.jpg 1024w, https:\/\/jf-landkreis-vulkaneifel.de\/wp-content\/uploads\/2018\/02\/Voelkerballturnier-JF-LK-Vulkaneifel-2018-Daun-Waldkoenigen322-550x367.jpg 550w, https:\/\/jf-landkreis-vulkaneifel.de\/wp-content\/uploads\/2018\/02\/Voelkerballturnier-JF-LK-Vulkaneifel-2018-Daun-Waldkoenigen322-768x513.jpg 768w, https:\/\/jf-landkreis-vulkaneifel.de\/wp-content\/uploads\/2018\/02\/Voelkerballturnier-JF-LK-Vulkaneifel-2018-Daun-Waldkoenigen322-624x417.jpg 624w\" sizes=\"auto, (max-width: 1024px) 100vw, 1024px\" \/><\/a><p id=\"caption-attachment-1728\" class=\"wp-caption-text\">Siegerehrung<\/p><\/div>\n<div id=\"attachment_1730\" style=\"width: 1034px\" class=\"wp-caption alignleft\"><a href=\"https:\/\/jf-landkreis-vulkaneifel.de\/wp-content\/uploads\/2018\/02\/Voelkerballturnier-JF-LK-Vulkaneifel-2018-Daun-Waldkoenigen332.jpg\"><img loading=\"lazy\" decoding=\"async\" aria-describedby=\"caption-attachment-1730\" class=\"size-full wp-image-1730\" src=\"https:\/\/jf-landkreis-vulkaneifel.de\/wp-content\/uploads\/2018\/02\/Voelkerballturnier-JF-LK-Vulkaneifel-2018-Daun-Waldkoenigen332.jpg\" alt=\"Voelkerballturnier 2018 Daun\" width=\"1024\" height=\"684\" srcset=\"https:\/\/jf-landkreis-vulkaneifel.de\/wp-content\/uploads\/2018\/02\/Voelkerballturnier-JF-LK-Vulkaneifel-2018-Daun-Waldkoenigen332.jpg 1024w, https:\/\/jf-landkreis-vulkaneifel.de\/wp-content\/uploads\/2018\/02\/Voelkerballturnier-JF-LK-Vulkaneifel-2018-Daun-Waldkoenigen332-550x367.jpg 550w, https:\/\/jf-landkreis-vulkaneifel.de\/wp-content\/uploads\/2018\/02\/Voelkerballturnier-JF-LK-Vulkaneifel-2018-Daun-Waldkoenigen332-768x513.jpg 768w, https:\/\/jf-landkreis-vulkaneifel.de\/wp-content\/uploads\/2018\/02\/Voelkerballturnier-JF-LK-Vulkaneifel-2018-Daun-Waldkoenigen332-624x417.jpg 624w\" sizes=\"auto, (max-width: 1024px) 100vw, 1024px\" \/><\/a><p id=\"caption-attachment-1730\" class=\"wp-caption-text\">Siegerehrung<\/p><\/div>\n<div id=\"attachment_1729\" style=\"width: 1034px\" class=\"wp-caption alignleft\"><a href=\"https:\/\/jf-landkreis-vulkaneifel.de\/wp-content\/uploads\/2018\/02\/Voelkerballturnier-JF-LK-Vulkaneifel-2018-Daun-Waldkoenigen324.jpg\"><img loading=\"lazy\" decoding=\"async\" aria-describedby=\"caption-attachment-1729\" class=\"size-full wp-image-1729\" src=\"https:\/\/jf-landkreis-vulkaneifel.de\/wp-content\/uploads\/2018\/02\/Voelkerballturnier-JF-LK-Vulkaneifel-2018-Daun-Waldkoenigen324.jpg\" alt=\"Voelkerballturnier 2018 Daun\" width=\"1024\" height=\"684\" srcset=\"https:\/\/jf-landkreis-vulkaneifel.de\/wp-content\/uploads\/2018\/02\/Voelkerballturnier-JF-LK-Vulkaneifel-2018-Daun-Waldkoenigen324.jpg 1024w, https:\/\/jf-landkreis-vulkaneifel.de\/wp-content\/uploads\/2018\/02\/Voelkerballturnier-JF-LK-Vulkaneifel-2018-Daun-Waldkoenigen324-550x367.jpg 550w, https:\/\/jf-landkreis-vulkaneifel.de\/wp-content\/uploads\/2018\/02\/Voelkerballturnier-JF-LK-Vulkaneifel-2018-Daun-Waldkoenigen324-768x513.jpg 768w, https:\/\/jf-landkreis-vulkaneifel.de\/wp-content\/uploads\/2018\/02\/Voelkerballturnier-JF-LK-Vulkaneifel-2018-Daun-Waldkoenigen324-624x417.jpg 624w\" sizes=\"auto, (max-width: 1024px) 100vw, 1024px\" \/><\/a><p id=\"caption-attachment-1729\" class=\"wp-caption-text\">Siegerehrung<\/p><\/div>\n<div id=\"attachment_1731\" style=\"width: 1034px\" class=\"wp-caption alignleft\"><a href=\"https:\/\/jf-landkreis-vulkaneifel.de\/wp-content\/uploads\/2018\/02\/Voelkerballturnier-JF-LK-Vulkaneifel-2018-Daun-Waldkoenigen334.jpg\"><img loading=\"lazy\" decoding=\"async\" aria-describedby=\"caption-attachment-1731\" class=\"size-full wp-image-1731\" src=\"https:\/\/jf-landkreis-vulkaneifel.de\/wp-content\/uploads\/2018\/02\/Voelkerballturnier-JF-LK-Vulkaneifel-2018-Daun-Waldkoenigen334.jpg\" alt=\"Voelkerballturnier 2018 Daun\" width=\"1024\" height=\"684\" srcset=\"https:\/\/jf-landkreis-vulkaneifel.de\/wp-content\/uploads\/2018\/02\/Voelkerballturnier-JF-LK-Vulkaneifel-2018-Daun-Waldkoenigen334.jpg 1024w, https:\/\/jf-landkreis-vulkaneifel.de\/wp-content\/uploads\/2018\/02\/Voelkerballturnier-JF-LK-Vulkaneifel-2018-Daun-Waldkoenigen334-550x367.jpg 550w, https:\/\/jf-landkreis-vulkaneifel.de\/wp-content\/uploads\/2018\/02\/Voelkerballturnier-JF-LK-Vulkaneifel-2018-Daun-Waldkoenigen334-768x513.jpg 768w, https:\/\/jf-landkreis-vulkaneifel.de\/wp-content\/uploads\/2018\/02\/Voelkerballturnier-JF-LK-Vulkaneifel-2018-Daun-Waldkoenigen334-624x417.jpg 624w\" sizes=\"auto, (max-width: 1024px) 100vw, 1024px\" \/><\/a><p id=\"caption-attachment-1731\" class=\"wp-caption-text\">Siegerehrung<\/p><\/div>\n<div id=\"attachment_1732\" style=\"width: 1034px\" class=\"wp-caption alignleft\"><a href=\"https:\/\/jf-landkreis-vulkaneifel.de\/wp-content\/uploads\/2018\/02\/Voelkerballturnier-JF-LK-Vulkaneifel-2018-Daun-Waldkoenigen336.jpg\"><img loading=\"lazy\" decoding=\"async\" aria-describedby=\"caption-attachment-1732\" class=\"size-full wp-image-1732\" src=\"https:\/\/jf-landkreis-vulkaneifel.de\/wp-content\/uploads\/2018\/02\/Voelkerballturnier-JF-LK-Vulkaneifel-2018-Daun-Waldkoenigen336.jpg\" alt=\"Voelkerballturnier 2018 Daun\" width=\"1024\" height=\"684\" srcset=\"https:\/\/jf-landkreis-vulkaneifel.de\/wp-content\/uploads\/2018\/02\/Voelkerballturnier-JF-LK-Vulkaneifel-2018-Daun-Waldkoenigen336.jpg 1024w, https:\/\/jf-landkreis-vulkaneifel.de\/wp-content\/uploads\/2018\/02\/Voelkerballturnier-JF-LK-Vulkaneifel-2018-Daun-Waldkoenigen336-550x367.jpg 550w, https:\/\/jf-landkreis-vulkaneifel.de\/wp-content\/uploads\/2018\/02\/Voelkerballturnier-JF-LK-Vulkaneifel-2018-Daun-Waldkoenigen336-768x513.jpg 768w, https:\/\/jf-landkreis-vulkaneifel.de\/wp-content\/uploads\/2018\/02\/Voelkerballturnier-JF-LK-Vulkaneifel-2018-Daun-Waldkoenigen336-624x417.jpg 624w\" sizes=\"auto, (max-width: 1024px) 100vw, 1024px\" \/><\/a><p id=\"caption-attachment-1732\" class=\"wp-caption-text\">Sieger &#8211; Jugendfeuerwehr Kelberg<\/p><\/div>\n","protected":false},"excerpt":{"rendered":"<p>[zum Bericht] V\u00f6lkerballturnier der Jugendfeueren des Landkreis Vulkaneifel am 24.02.2018 in Daun. Ausrichter ist die Jugendfeuerwehr Waldk\u00f6nigen. Platz 1: JF Kelberg Platz 2: Spielgemeinschaft JF Alfbachtal (JF Udler, JF Ellscheid, JF Gillenfeld, JF Strotzb\u00fcsch) Platz 3: JF Kalenborn Platz 4: Spielgemeinschaft JF B\u00fcscheich \/ JF Demerath \/ JF Gerolstein<\/p>\n","protected":false},"author":5,"featured_media":1707,"parent":119,"menu_order":0,"comment_status":"closed","ping_status":"closed","template":"","meta":{"footnotes":""},"class_list":["post-1733","page","type-page","status-publish","has-post-thumbnail","hentry"],"_links":{"self":[{"href":"https:\/\/jf-landkreis-vulkaneifel.de\/index.php?rest_route=\/wp\/v2\/pages\/1733","targetHints":{"allow":["GET"]}}],"collection":[{"href":"https:\/\/jf-landkreis-vulkaneifel.de\/index.php?rest_route=\/wp\/v2\/pages"}],"about":[{"href":"https:\/\/jf-landkreis-vulkaneifel.de\/index.php?rest_route=\/wp\/v2\/types\/page"}],"author":[{"embeddable":true,"href":"https:\/\/jf-landkreis-vulkaneifel.de\/index.php?rest_route=\/wp\/v2\/users\/5"}],"replies":[{"embeddable":true,"href":"https:\/\/jf-landkreis-vulkaneifel.de\/index.php?rest_route=%2Fwp%2Fv2%2Fcomments&post=1733"}],"version-history":[{"count":3,"href":"https:\/\/jf-landkreis-vulkaneifel.de\/index.php?rest_route=\/wp\/v2\/pages\/1733\/revisions"}],"predecessor-version":[{"id":1739,"href":"https:\/\/jf-landkreis-vulkaneifel.de\/index.php?rest_route=\/wp\/v2\/pages\/1733\/revisions\/1739"}],"up":[{"embeddable":true,"href":"https:\/\/jf-landkreis-vulkaneifel.de\/index.php?rest_route=\/wp\/v2\/pages\/119"}],"wp:featuredmedia":[{"embeddable":true,"href":"https:\/\/jf-landkreis-vulkaneifel.de\/index.php?rest_route=\/wp\/v2\/media\/1707"}],"wp:attachment":[{"href":"https:\/\/jf-landkreis-vulkaneifel.de\/index.php?rest_route=%2Fwp%2Fv2%2Fmedia&parent=1733"}],"curies":[{"name":"wp","href":"https:\/\/api.w.org\/{rel}","templated":true}]}}